[{"id":22710,"date":"2026-08-28T07:25:07","date_gmt":"2026-08-28T14:25:07","guid":{"rendered":"https:\/\/childcareawarewa.org\/event\/mas-alla-del-lo-siento-como-cultivar-la-conciencia-a-traves-de-la-orientacion-y-cuatro-pasos-para-una-disculpa-sincera-zoom\/"},"modified":"2026-08-28T07:25:07","modified_gmt":"2026-08-28T14:25:07","slug":"mas-alla-del-lo-siento-como-cultivar-la-conciencia-a-traves-de-la-orientacion-y-cuatro-pasos-para-una-disculpa-sincera-zoom","status":"publish","type":"tribe_events","link":"https:\/\/childcareawarewa.org\/es-mx\/event\/mas-alla-del-lo-siento-como-cultivar-la-conciencia-a-traves-de-la-orientacion-y-cuatro-pasos-para-una-disculpa-sincera-zoom\/","title":{"rendered":"M\u00e1s all\u00e1 del \u00ablo siento\u00bb: c\u00f3mo cultivar la conciencia a trav\u00e9s de la orientaci\u00f3n y cuatro pasos para una disculpa sincera (ZOOM)"},"content":{"rendered":"<p>\u00bfDeber\u00edamos animar a los ni\u00f1os a decir \u00ablo siento\u00bb aunque no lo sientan de verdad? En esta formaci\u00f3n interactiva por Zoom, los participantes explorar\u00e1n c\u00f3mo se desarrolla la conciencia en los ni\u00f1os peque\u00f1os y aprender\u00e1n estrategias para fomentar la empat\u00eda genuina y la responsabilidad.<span class=\"a_GcMg font-feature-liga-off font-feature-clig-off font-feature-calt-off text-decoration-none text-strikethrough-none\">Juntos, repasaremos los cuatro pasos para una disculpa sincera y, a trav\u00e9s<\/span>del debate y<span class=\"a_GcMg font-feature-liga-off font-feature-clig-off font-feature-calt-off text-decoration-none text-strikethrough-none\">de<\/span>ejemplos pr\u00e1cticos, los participantes obtendr\u00e1n herramientas para ense\u00f1ar a pedir perd\u00f3n de verdad y ayudar a los ni\u00f1os a arreglar las relaciones despu\u00e9s de un conflicto.<\/p>\n<ul>\n<li><strong>Fecha\/Hora:<\/strong> 18:00 \u2013 20:00<\/li>\n<li><strong>Duraci\u00f3n:<\/strong> 2 horas STARS | Competencia clave: Interacciones, nivel 2-3<\/li>\n<li><strong>Formato:<\/strong> (Zoom). Te mandaremos el enlace 1 o 2 d\u00edas antes de la formaci\u00f3n a la direcci\u00f3n de correo que usaste para inscribirte.<\/li>\n<li><strong>Precio:<\/strong> 20,00 $ por participante<\/li>\n<\/ul>\n<h4>Entrenadora: Leah Zickler<\/h4>\n<p><em>Nos gustar\u00eda que todos los que asistan a nuestras formaciones tengan la oportunidad de sacar provecho de lo que aprenden. Si necesitas alguna adaptaci\u00f3n para poder participar plenamente, ponte en contacto con <a href=\"mailto:professionaldevelopment@community-minded.org\">professionaldevelopment@community-minded.org<\/a> al menos una semana antes de la formaci\u00f3n.<\/em><\/p>\n<p>@P\u00fablico<\/p>\n<p>&nbsp;<\/p>\n","protected":false},"excerpt":{"rendered":"<p>\u00bfDeber\u00edamos animar a los ni\u00f1os a decir \u00ablo siento\u00bb aunque no lo sientan de verdad? En esta formaci\u00f3n interactiva por Zoom, los participantes explorar\u00e1n c\u00f3mo se desarrolla la conciencia en<\/p>\n","protected":false},"author":41,"featured_media":0,"template":"","meta":{"_acf_changed":false,"_tec_requires_first_save":false,"protect_children":false,"inline_featured_image":false,"_EventAllDay":false,"_EventTimezone":"America\/Los_Angeles","_EventStartDate":"2026-09-16 18:00:00","_EventEndDate":"2026-09-16 20:00:00","_EventStartDateUTC":"2026-09-17 01:00:00","_EventEndDateUTC":"2026-09-17 03:00:00","_EventShowMap":false,"_EventShowMapLink":false,"_EventURL":"https:\/\/community-minded.org\/event\/beyond-sorry-nurturing-a-conscience-through-guidance-and-4-steps-to-heartfelt-apology-zoom\/","_EventCost":"20","_EventCostDescription":"","_EventCurrencySymbol":"","_EventCurrencyCode":"","_EventCurrencyPosition":"","_EventDateTimeSeparator":"","_EventTimeRangeSeparator":"","_EventOrganizerID":[22020],"_EventVenueID":[],"_OrganizerEmail":"","_OrganizerPhone":"","_OrganizerWebsite":"","_VenueAddress":"","_VenueCity":"","_VenueCountry":"","_VenueProvince":"","_VenueState":"","_VenueZip":"","_VenuePhone":"","_VenueURL":"","_VenueStateProvince":"","_VenueLat":"","_VenueLng":"","_VenueShowMap":false,"_VenueShowMapLink":false,"_tribe_blocks_recurrence_rules":"","_tribe_blocks_recurrence_description":"","_tribe_blocks_recurrence_exclusions":"","_tribe_events_status":"","_tribe_events_status_reason":"","_tribe_events_is_hybrid":"","_tribe_events_is_virtual":"","_tribe_events_virtual_video_source":"","_tribe_events_virtual_embed_video":"","_tribe_events_virtual_linked_button_text":"","_tribe_events_virtual_linked_button":"","_tribe_events_virtual_show_embed_at":"","_tribe_events_virtual_show_embed_to":[],"_tribe_events_virtual_show_on_event":"","_tribe_events_virtual_show_on_views":"","_tribe_events_virtual_url":"","footnotes":""},"tags":[],"tribe_events_cat":[173,338,203],"class_list":["post-22710","tribe_events","type-tribe_events","status-publish","hentry","tribe_events_cat-public-es-mx","tribe_events_cat-academia-de-desarrollo-profesional","tribe_events_cat-aprendizaje-temprano-online","cat_public-es-mx","cat_academia-de-desarrollo-profesional","cat_aprendizaje-temprano-online"],"acf":[],"_links":{"self":[{"href":"https:\/\/childcareawarewa.org\/es-mx\/wp-json\/wp\/v2\/tribe_events\/22710","targetHints":{"allow":["GET"]}}],"collection":[{"href":"https:\/\/childcareawarewa.org\/es-mx\/wp-json\/wp\/v2\/tribe_events"}],"about":[{"href":"https:\/\/childcareawarewa.org\/es-mx\/wp-json\/wp\/v2\/types\/tribe_events"}],"author":[{"embeddable":true,"href":"https:\/\/childcareawarewa.org\/es-mx\/wp-json\/wp\/v2\/users\/41"}],"version-history":[{"count":0,"href":"https:\/\/childcareawarewa.org\/es-mx\/wp-json\/wp\/v2\/tribe_events\/22710\/revisions"}],"wp:attachment":[{"href":"https:\/\/childcareawarewa.org\/es-mx\/wp-json\/wp\/v2\/media?parent=22710"}],"wp:term":[{"taxonomy":"post_tag","embeddable":true,"href":"https:\/\/childcareawarewa.org\/es-mx\/wp-json\/wp\/v2\/tags?post=22710"},{"taxonomy":"tribe_events_cat","embeddable":true,"href":"https:\/\/childcareawarewa.org\/es-mx\/wp-json\/wp\/v2\/tribe_events_cat?post=22710"}],"curies":[{"name":"wp","href":"https:\/\/api.w.org\/{rel}","templated":true}]}},{"id":22598,"date":"2026-08-24T10:18:34","date_gmt":"2026-08-24T17:18:34","guid":{"rendered":"https:\/\/childcareawarewa.org\/event\/make-a-circle-una-carta-de-amor-a-los-educadores-de-la-primera-infancia-y-un-grito-de-guerra-a-favor-de-un-sistema-de-cuidado-infantil-en-crisis-pelicula-pdi-2026\/"},"modified":"2026-08-31T13:40:30","modified_gmt":"2026-08-31T20:40:30","slug":"make-a-circle-una-carta-de-amor-a-los-educadores-de-la-primera-infancia-y-un-grito-de-guerra-a-favor-de-un-sistema-de-cuidado-infantil-en-crisis-pelicula-pdi-2026","status":"publish","type":"tribe_events","link":"https:\/\/childcareawarewa.org\/es-mx\/event\/make-a-circle-una-carta-de-amor-a-los-educadores-de-la-primera-infancia-y-un-grito-de-guerra-a-favor-de-un-sistema-de-cuidado-infantil-en-crisis-pelicula-pdi-2026\/","title":{"rendered":"\u00abMake a Circle\u00bb: una carta de amor a los educadores de la primera infancia y un grito de guerra a favor de un sistema de cuidado infantil en crisis. Pel\u00edcula (PDI 2026)"},"content":{"rendered":"<div  class=\"tribe-events-schedule tribe-clearfix\" >\n\t<p class=\"tribe-events-schedule__datetime\">\n\t\t<span class=\"tribe-events-schedule__date tribe-events-schedule__date--start\">\n\t\t\tseptiembre 17\t\t<\/span>\n\n\t\t\t\t\t<span class=\"tribe-events-schedule__separator tribe-events-schedule__separator--date\">\n\t\t\t\t @ \t\t\t<\/span>\n\t\t\t<span class=\"tribe-events-schedule__time tribe-events-schedule__time--start\">\n\t\t\t\t8:00 am\t\t\t<\/span>\n\t\t\n\t\t\t<\/p>\n<\/div>\n<p>Fecha: 17 de septiembre de 2026<\/p>\n<p>Hora: de 18:30 a 20:30<\/p>\n<p>STARS: 2 horas<\/p>\n<p>Precio: 10 $<\/p>\n<\/p>\n<p>@P\u00fablico<\/p>\n\t<div  class=\"tribe-block tribe-block__events-link\" >\n\t\t<div class=\"tribe-events tribe-common\">\n\t\t\t<div class=\"tribe-events-c-subscribe-dropdown__container\">\n\t\t\t\t<div class=\"tribe-events-c-subscribe-dropdown\">\n\t\t\t\t\t<div class=\"tribe-common-c-btn-border tribe-events-c-subscribe-dropdown__button\">\n\t\t\t\t\t\t<svg\n\t class=\"tribe-common-c-svgicon tribe-common-c-svgicon--cal-export tribe-events-c-subscribe-dropdown__export-icon\" \taria-hidden=\"true\"\n\tviewBox=\"0 0 23 17\"\n\txmlns=\"http:\/\/www.w3.org\/2000\/svg\"\n>\n\t<path fill-rule=\"evenodd\" clip-rule=\"evenodd\" d=\"M.128.896V16.13c0 .211.145.383.323.383h15.354c.179 0 .323-.172.323-.383V.896c0-.212-.144-.383-.323-.383H.451C.273.513.128.684.128.896Zm16 6.742h-.901V4.679H1.009v10.729h14.218v-3.336h.901V7.638ZM1.01 1.614h14.218v2.058H1.009V1.614Z\" \/>\n\t<path d=\"M20.5 9.846H8.312M18.524 6.953l2.89 2.909-2.855 2.855\" stroke-width=\"1.2\" stroke-linecap=\"round\" stroke-linejoin=\"round\"\/>\n<\/svg>\n\t\t\t\t\t\t<button\n\t\t\t\t\t\t\tclass=\"tribe-events-c-subscribe-dropdown__button-text\"\n\t\t\t\t\t\t\taria-expanded=\"false\"\n\t\t\t\t\t\t\taria-controls=\"tribe-events-subscribe-dropdown-content\"\n\t\t\t\t\t\t\taria-label=\"View links to add events to your calendar\"\n\t\t\t\t\t\t>\n\t\t\t\t\t\t\tAgregar al calendario\t\t\t\t\t\t<\/button>\n\t\t\t\t\t\t<svg\n\t class=\"tribe-common-c-svgicon tribe-common-c-svgicon--caret-down tribe-events-c-subscribe-dropdown__button-icon\" \taria-hidden=\"true\"\n\tviewBox=\"0 0 10 7\"\n\txmlns=\"http:\/\/www.w3.org\/2000\/svg\"\n>\n\t<path fill-rule=\"evenodd\" clip-rule=\"evenodd\" d=\"M1.008.609L5 4.6 8.992.61l.958.958L5 6.517.05 1.566l.958-.958z\" class=\"tribe-common-c-svgicon__svg-fill\"\/>\n<\/svg>\n\t\t\t\t\t<\/div>\n\t\t\t\t\t<div id=\"tribe-events-subscribe-dropdown-content\" class=\"tribe-events-c-subscribe-dropdown__content\">\n\t\t\t\t\t\t<ul class=\"tribe-events-c-subscribe-dropdown__list\">\n\t\t\t\t\t\t\t\t\t\t\t\t\t\t\t<li class=\"tribe-events-c-subscribe-dropdown__list-item tribe-events-c-subscribe-dropdown__list-item--gcal\">\n\t\t\t\t\t\t\t\t\t<a\n\t\t\t\t\t\t\t\t\t\thref=\"https:\/\/www.google.com\/calendar\/event?action=TEMPLATE&#038;dates=20260917T080000\/20260917T080000&#038;text=%C2%ABMake%20a%20Circle%C2%BB%3A%20una%20carta%20de%20amor%20a%20los%20educadores%20de%20la%20primera%20infancia%20y%20un%20grito%20de%20guerra%20a%20favor%20de%20un%20sistema%20de%20cuidado%20infantil%20en%20crisis.%20Pel%C3%ADcula%20%28PDI%202026%29&#038;details=%3Cp%3EFecha%3A+17+de+septiembre+de+2026%3C%2Fp%3E+%3Cp%3EHora%3A+de+18%3A30+a+20%3A30%3C%2Fp%3E+%3Cp%3ESTARS%3A+2+horas%3C%2Fp%3E+%3Cp%3EPrecio%3A+10+%24%3C%2Fp%3E+%3C%2Fp%3E+%3Cp%3E%40P%C3%BAblico%3C%2Fp%3E+&#038;location=Virtual%20a%20trav\u00e9s%20de%20ZOOM&#038;trp=false&#038;ctz=America\/Los_Angeles&#038;sprop=website:https:\/\/childcareawarewa.org\/es-mx\/\"\n\t\t\t\t\t\t\t\t\t\tclass=\"tribe-events-c-subscribe-dropdown__list-item-link\"\n\t\t\t\t\t\t\t\t\t\ttarget=\"_blank\"\n\t\t\t\t\t\t\t\t\t\trel=\"noopener noreferrer nofollow noindex\"\n\t\t\t\t\t\t\t\t\t>\n\t\t\t\t\t\t\t\t\t\tGoogle Calendar\t\t\t\t\t\t\t\t\t<\/a>\n\t\t\t\t\t\t\t\t<\/li>\n\t\t\t\t\t\t\t\t\t\t\t\t\t\t\t<li class=\"tribe-events-c-subscribe-dropdown__list-item tribe-events-c-subscribe-dropdown__list-item--ical\">\n\t\t\t\t\t\t\t\t\t<a\n\t\t\t\t\t\t\t\t\t\thref=\"\"\n\t\t\t\t\t\t\t\t\t\tclass=\"tribe-events-c-subscribe-dropdown__list-item-link\"\n\t\t\t\t\t\t\t\t\t\ttarget=\"_blank\"\n\t\t\t\t\t\t\t\t\t\trel=\"noopener noreferrer nofollow noindex\"\n\t\t\t\t\t\t\t\t\t>\n\t\t\t\t\t\t\t\t\t\tiCalendar\t\t\t\t\t\t\t\t\t<\/a>\n\t\t\t\t\t\t\t\t<\/li>\n\t\t\t\t\t\t\t\t\t\t\t\t\t\t\t<li class=\"tribe-events-c-subscribe-dropdown__list-item tribe-events-c-subscribe-dropdown__list-item--outlook-365\">\n\t\t\t\t\t\t\t\t\t<a\n\t\t\t\t\t\t\t\t\t\thref=\"\"\n\t\t\t\t\t\t\t\t\t\tclass=\"tribe-events-c-subscribe-dropdown__list-item-link\"\n\t\t\t\t\t\t\t\t\t\ttarget=\"_blank\"\n\t\t\t\t\t\t\t\t\t\trel=\"noopener noreferrer nofollow noindex\"\n\t\t\t\t\t\t\t\t\t>\n\t\t\t\t\t\t\t\t\t\tOutlook 365\t\t\t\t\t\t\t\t\t<\/a>\n\t\t\t\t\t\t\t\t<\/li>\n\t\t\t\t\t\t\t\t\t\t\t\t\t\t\t<li class=\"tribe-events-c-subscribe-dropdown__list-item tribe-events-c-subscribe-dropdown__list-item--outlook-live\">\n\t\t\t\t\t\t\t\t\t<a\n\t\t\t\t\t\t\t\t\t\thref=\"\"\n\t\t\t\t\t\t\t\t\t\tclass=\"tribe-events-c-subscribe-dropdown__list-item-link\"\n\t\t\t\t\t\t\t\t\t\ttarget=\"_blank\"\n\t\t\t\t\t\t\t\t\t\trel=\"noopener noreferrer nofollow noindex\"\n\t\t\t\t\t\t\t\t\t>\n\t\t\t\t\t\t\t\t\t\tOutlook Live\t\t\t\t\t\t\t\t\t<\/a>\n\t\t\t\t\t\t\t\t<\/li>\n\t\t\t\t\t\t\t\t\t\t\t\t\t<\/ul>\n\t\t\t\t\t<\/div>\n\t\t\t\t<\/div>\n\t\t\t<\/div>\n\t\t<\/div>\n\t<\/div>\n\n<div  class=\"tribe-events-single-section tribe-events-event-meta primary tribe-clearfix\" >\n\t\n\t\n<div class=\"tribe-events-meta-group tribe-events-meta-group-details\">\n\t<h3 class=\"tribe-events-single-section-title\">\n\t\t\t\t\tDetalles\t\t\n\t<\/h3>\n\t<ul class=\"tribe-events-meta-list\">\n\n\t\t\n\t\t\t<li class=\"tribe-events-meta-item\">\n\t\t\t\t<span class=\"tribe-events-meta-label\">Fecha:<\/span>\n\t\t\t\t<span class=\"tribe-events-meta-value\">\n\t\t\t\t\t<abbr class=\"tribe-events-abbr tribe-events-start-date published dtstart\" title=\"2026-09-17\"> septiembre 17 <\/abbr>\n\t\t\t\t<\/span>\n\t\t\t<\/li>\n\n\t\t\t<li class=\"tribe-events-meta-item\">\n\t\t\t\t<span class=\"tribe-events-meta-label\">Hora:<\/span>\n\t\t\t\t<span class=\"tribe-events-meta-value\">\n\t\t\t\t\t<div class=\"tribe-events-abbr tribe-events-start-time published dtstart\" title=\"2026-09-17\">\n\t\t\t\t\t\t8:00 am\t\t\t\t\t\t\t\t\t\t\t<\/div>\n\t\t\t\t<\/span>\n\t\t\t<\/li>\n\n\t\t\n\t\t\n\t\t\n\t\t<li class=\"tribe-events-meta-item\"><span class=\"tribe-events-event-categories-label tribe-events-meta-label\">Categor\u00eda del Evento:<\/span> <span class=\"tribe-events-event-categories tribe-events-meta-value\"><a href=\"https:\/\/childcareawarewa.org\/es-mx\/events\/category\/desarrollo-profesional\/\" rel=\"tag\">Desarrollo profesional<\/a><\/span><\/li>\n\t\t\n\t\t\n\t\t\t<li class=\"tribe-events-meta-item\">\n\t\t\t\t<span class=\"tribe-events-meta-label\">P\u00e1gina Web:<\/span>\n\t\t\t\t<span class=\"tribe-events-event-url tribe-events-meta-value\"> <a href=\"https:\/\/www.brightspark.org\/product-category\/summer-classes\/\" target=\"_self\" rel=\"external\">https:\/\/www.brightspark.org\/product-category\/summer-classes\/<\/a> <\/span>\n\t\t\t<\/li>\n\t\t\n\t\t\t<\/ul>\n<\/div>\n\t\n<div class=\"tribe-events-meta-group tribe-events-meta-group-organizer\">\n\t<h3 class=\"tribe-events-single-section-title\">\n\t\t\t\t\tOrganizador\t\t\t<\/h3>\n\t<ul class=\"tribe-events-meta-list tribe-events-meta-list-organizer\">\n\t\t\t\t\t<li class=\"tribe-events-meta-item\">\n\t\t\t\t<span class=\"tribe-organizer tribe-events-meta-value\">\n\t\t\t\t\t<a href=\"https:\/\/childcareawarewa.org\/es-mx\/organizador\/departamento-de-desarrollo-profesional\/\" title=\"Departamento de Desarrollo Profesional\" target=\"_self\" rel=\"\">Departamento de Desarrollo Profesional<\/a>\t\t\t\t<\/span>\n\t\t\t<\/li>\n\t\t\t\t\t\t\t<li class=\"tribe-events-meta-item\">\n\t\t\t\t\t<span class=\"tribe-organizer-email-label tribe-events-meta-label\">\n\t\t\t\t\t\tCorreo electr\u00f3nico\t\t\t\t\t<\/span>\n\t\t\t\t\t<span class=\"tribe-organizer-email tribe-events-meta-value\">\n\t\t\t\t\t\t&#112;&#114;ovi&#100;e&#114;&#064;c&#104;i&#108;&#100;ca&#114;e.&#111;&#114;g\t\t\t\t\t<\/span>\n\t\t\t\t<\/li>\n\t\t\t\t\t\t\t\t<li class=\"tribe-events-meta-item\">\n\t\t\t\t\t<span class=\"tribe-organizer-url-label tribe-events-meta-label\">\n\t\t\t\t\t\tWebsite\t\t\t\t\t<\/span>\n\t\t\t\t\t<span class=\"tribe-organizer-url tribe-events-meta-value\">\n\t\t\t\t\t\t<a href=\"https:\/\/www.childcare.org\/\" target=\"_blank\" rel=\"noopener noreferrer\">View Organizador Website<\/a>\t\t\t\t\t<\/span>\n\t\t\t\t<\/li>\n\t\t\t\t\t<\/ul>\n<\/div>\n\n\t<\/div>\n<div  class=\"tribe-block tribe-block__venue tribe-clearfix\" >\n\t\n\t\n<div class=\"tribe-block__venue__meta\">\n\t<div class=\"tribe-block__venue__name\">\n\t\t<h3><a href=\"https:\/\/childcareawarewa.org\/es-mx\/lugar\/virtual-a-traves-de-zoom\/\" title=\"Virtual a trav\u00e9s de ZOOM\">Virtual a trav\u00e9s de ZOOM<\/a><\/h3>\n\t<\/div>\n\n\t\n\t\t\t\n\t\t\n\t\t\t\t\t<span class=\"tribe-block__venue__website\"><a href=\"https:\/\/www.brightspark.org\/venue\/virtual-via-zoom\/\" target=\"_self\" rel=\"external\">View Lugar Website<\/a><\/span><br \/>\n\t\t\t\n\t<\/div>\n\t\n\t<\/div>\n<h2 class=\"tribe-block__related-events__title\">Related Events<\/h2>\n\n<ul  class=\"tribe-related-events tribe-clearfix\" >\n\t\t\t<li>\n\t\n<div class=\"tribe-related-events-thumbnail\">\n\t<a href=\"https:\/\/childcareawarewa.org\/es-mx\/event\/orientacion-conductual-como-guiar-el-comportamiento-de-los-ninos-a-traves-de-un-entorno-de-aprendizaje-temprano-receptivo-pdi-2026\/\" class=\"url\" rel=\"bookmark\" tabindex=\"-1\" aria-hidden=\"true\"><img decoding=\"async\" src=\"http:\/\/childcareawarewa.org\/wp-content\/plugins\/events-calendar-pro\/src\/resources\/images\/tribe-related-events-placeholder.png\" alt=\"Orientaci\u00f3n conductual: C\u00f3mo guiar el comportamiento de los ni\u00f1os a trav\u00e9s de un entorno de aprendizaje temprano receptivo (PDI 2026)\" \/><\/a>\n<\/div>\n\t<div class=\"tribe-related-event-info\">\n\t<h3 class=\"tribe-related-events-title\">\n\t\t<a href=\"https:\/\/childcareawarewa.org\/es-mx\/event\/orientacion-conductual-como-guiar-el-comportamiento-de-los-ninos-a-traves-de-un-entorno-de-aprendizaje-temprano-receptivo-pdi-2026\/\" class=\"tribe-event-url\" rel=\"bookmark\">\n\t\t\tOrientaci\u00f3n conductual: C\u00f3mo guiar el comportamiento de los ni\u00f1os a trav\u00e9s de un entorno de aprendizaje temprano receptivo (PDI 2026)\t\t<\/a>\n\t<\/h3>\n\t<span class=\"tribe-event-date-start\">septiembre 15 @ 1:00 pm<\/span> &#8211; <span class=\"tribe-event-time\">3:00 pm<\/span><\/div>\n<\/li>\n\t\t\t<li>\n\t\n<div class=\"tribe-related-events-thumbnail\">\n\t<a href=\"https:\/\/childcareawarewa.org\/es-mx\/event\/como-crear-una-comunidad-en-el-aula-pdi-2026\/\" class=\"url\" rel=\"bookmark\" tabindex=\"-1\" aria-hidden=\"true\"><img decoding=\"async\" src=\"http:\/\/childcareawarewa.org\/wp-content\/plugins\/events-calendar-pro\/src\/resources\/images\/tribe-related-events-placeholder.png\" alt=\"C\u00f3mo crear una comunidad en el aula (PDI 2026)\" \/><\/a>\n<\/div>\n\t<div class=\"tribe-related-event-info\">\n\t<h3 class=\"tribe-related-events-title\">\n\t\t<a href=\"https:\/\/childcareawarewa.org\/es-mx\/event\/como-crear-una-comunidad-en-el-aula-pdi-2026\/\" class=\"tribe-event-url\" rel=\"bookmark\">\n\t\t\tC\u00f3mo crear una comunidad en el aula (PDI 2026)\t\t<\/a>\n\t<\/h3>\n\t<span class=\"tribe-event-date-start\">septiembre 15 @ 5:30 pm<\/span> &#8211; <span class=\"tribe-event-time\">7:30 pm<\/span><\/div>\n<\/li>\n\t\t\t<li>\n\t\n<div class=\"tribe-related-events-thumbnail\">\n\t<a href=\"https:\/\/childcareawarewa.org\/es-mx\/event\/alumnos-multilingues-en-el-aula-en-somali-pdi-2026\/\" class=\"url\" rel=\"bookmark\" tabindex=\"-1\" aria-hidden=\"true\"><img decoding=\"async\" src=\"http:\/\/childcareawarewa.org\/wp-content\/plugins\/events-calendar-pro\/src\/resources\/images\/tribe-related-events-placeholder.png\" alt=\"Alumnos multiling\u00fces en el aula (en somal\u00ed) (PDI 2026)\" \/><\/a>\n<\/div>\n\t<div class=\"tribe-related-event-info\">\n\t<h3 class=\"tribe-related-events-title\">\n\t\t<a href=\"https:\/\/childcareawarewa.org\/es-mx\/event\/alumnos-multilingues-en-el-aula-en-somali-pdi-2026\/\" class=\"tribe-event-url\" rel=\"bookmark\">\n\t\t\tAlumnos multiling\u00fces en el aula (en somal\u00ed) (PDI 2026)\t\t<\/a>\n\t<\/h3>\n\t<span class=\"tribe-event-date-start\">septiembre 15 @ 6:00 pm<\/span> &#8211; <span class=\"tribe-event-time\">8:00 pm<\/span><\/div>\n<\/li>\n\t<\/ul>\n","protected":false},"excerpt":{"rendered":"<p>Fecha: 17 de septiembre de 2026 Hora: de 18:30 a 20:30 STARS: 2 horas Precio: 10 $ @P\u00fablico<\/p>\n","protected":false},"author":41,"featured_media":0,"template":"","meta":{"_acf_changed":false,"_tec_requires_first_save":false,"protect_children":false,"inline_featured_image":false,"_EventAllDay":false,"_EventTimezone":"America\/Los_Angeles","_EventStartDate":"2026-09-17 08:00:00","_EventEndDate":"2026-09-17 08:00:00","_EventStartDateUTC":"2026-09-17 15:00:00","_EventEndDateUTC":"2026-09-17 15:00:00","_EventShowMap":false,"_EventShowMapLink":false,"_EventURL":"https:\/\/www.brightspark.org\/product-category\/summer-classes\/","_EventCost":"","_EventCostDescription":"","_EventCurrencySymbol":"","_EventCurrencyCode":"","_EventCurrencyPosition":"","_EventDateTimeSeparator":"","_EventTimeRangeSeparator":"","_EventOrganizerID":[10909],"_EventVenueID":[10983],"_OrganizerEmail":"","_OrganizerPhone":"","_OrganizerWebsite":"","_VenueAddress":"","_VenueCity":"","_VenueCountry":"","_VenueProvince":"","_VenueState":"","_VenueZip":"","_VenuePhone":"","_VenueURL":"","_VenueStateProvince":"","_VenueLat":"","_VenueLng":"","_VenueShowMap":false,"_VenueShowMapLink":false,"_tribe_blocks_recurrence_rules":"","_tribe_blocks_recurrence_description":"","_tribe_blocks_recurrence_exclusions":"","_tribe_events_status":"","_tribe_events_status_reason":"","_tribe_events_is_hybrid":"","_tribe_events_is_virtual":"","_tribe_events_virtual_video_source":"","_tribe_events_virtual_embed_video":"","_tribe_events_virtual_linked_button_text":"","_tribe_events_virtual_linked_button":"","_tribe_events_virtual_show_embed_at":"","_tribe_events_virtual_show_embed_to":[],"_tribe_events_virtual_show_on_event":"","_tribe_events_virtual_show_on_views":"","_tribe_events_virtual_url":"","footnotes":""},"tags":[],"tribe_events_cat":[250],"class_list":["post-22598","tribe_events","type-tribe_events","status-publish","hentry","tribe_events_cat-desarrollo-profesional","cat_desarrollo-profesional"],"acf":[],"_links":{"self":[{"href":"https:\/\/childcareawarewa.org\/es-mx\/wp-json\/wp\/v2\/tribe_events\/22598","targetHints":{"allow":["GET"]}}],"collection":[{"href":"https:\/\/childcareawarewa.org\/es-mx\/wp-json\/wp\/v2\/tribe_events"}],"about":[{"href":"https:\/\/childcareawarewa.org\/es-mx\/wp-json\/wp\/v2\/types\/tribe_events"}],"author":[{"embeddable":true,"href":"https:\/\/childcareawarewa.org\/es-mx\/wp-json\/wp\/v2\/users\/41"}],"version-history":[{"count":1,"href":"https:\/\/childcareawarewa.org\/es-mx\/wp-json\/wp\/v2\/tribe_events\/22598\/revisions"}],"predecessor-version":[{"id":22599,"href":"https:\/\/childcareawarewa.org\/es-mx\/wp-json\/wp\/v2\/tribe_events\/22598\/revisions\/22599"}],"wp:attachment":[{"href":"https:\/\/childcareawarewa.org\/es-mx\/wp-json\/wp\/v2\/media?parent=22598"}],"wp:term":[{"taxonomy":"post_tag","embeddable":true,"href":"https:\/\/childcareawarewa.org\/es-mx\/wp-json\/wp\/v2\/tags?post=22598"},{"taxonomy":"tribe_events_cat","embeddable":true,"href":"https:\/\/childcareawarewa.org\/es-mx\/wp-json\/wp\/v2\/tribe_events_cat?post=22598"}],"curies":[{"name":"wp","href":"https:\/\/api.w.org\/{rel}","templated":true}]}},{"id":22586,"date":"2026-08-24T10:12:38","date_gmt":"2026-08-24T17:12:38","guid":{"rendered":"https:\/\/childcareawarewa.org\/event\/fomentar-la-colaboracion-con-las-familias\/"},"modified":"2026-08-31T15:40:09","modified_gmt":"2026-08-31T22:40:09","slug":"fomentar-la-colaboracion-con-las-familias","status":"publish","type":"tribe_events","link":"https:\/\/childcareawarewa.org\/es-mx\/event\/fomentar-la-colaboracion-con-las-familias\/","title":{"rendered":"Fomentar la colaboraci\u00f3n con las familias"},"content":{"rendered":"<div  class=\"tribe-events-schedule tribe-clearfix\" >\n\t<p class=\"tribe-events-schedule__datetime\">\n\t\t<span class=\"tribe-events-schedule__date tribe-events-schedule__date--start\">\n\t\t\tseptiembre 16\t\t<\/span>\n\n\t\t\t\t\t<span class=\"tribe-events-schedule__separator tribe-events-schedule__separator--date\">\n\t\t\t\t @ \t\t\t<\/span>\n\t\t\t<span class=\"tribe-events-schedule__time tribe-events-schedule__time--start\">\n\t\t\t\t6:00 pm\t\t\t<\/span>\n\t\t\n\t\t\t\t\t\t\t\t\t<span class=\"tribe-events-schedule__separator tribe-events-schedule__separator--time\">\n\t\t\t\t\t &#8211; \t\t\t\t<\/span>\n\t\t\t\n\t\t\t\t\t\t\t<span class=\"tribe-events-schedule__time tribe-events-schedule__time--end\">\n\t\t\t\t\t8:30 pm\t\t\t\t<\/span>\n\t\t\t\n\t\t\t\t\t\t<\/p>\n<\/div>\n\n\n<p>Los estudios lo dejan claro: la implicaci\u00f3n de los padres es fundamental para el \u00e9xito educativo de los ni\u00f1os. Descubre estrategias para manejar conversaciones dif\u00edciles, comprender las influencias culturales y sociales que afectan a las familias y c\u00f3mo apoyarlas, as\u00ed como para mejorar la comunicaci\u00f3n en general y fortalecer las relaciones. Los participantes realizar\u00e1n actividades en grupo, debates en grupos peque\u00f1os y grandes, y obtendr\u00e1n recursos valiosos para aumentar la implicaci\u00f3n de los padres, fomentar relaciones m\u00e1s s\u00f3lidas y mejorar la colaboraci\u00f3n en beneficio de los ni\u00f1os a su cargo. Se trata de una formaci\u00f3n virtual, a trav\u00e9s de Zoom.<\/p>\n<p>Formadora: Allie Bishop<\/p>\n<p>Horas STARS: 2,5<\/p>\n<p><span style=\"color: #ffffff\">@public<\/span><\/p>\n\n\t<div  class=\"tribe-block tribe-block__events-link\" >\n\t\t<div class=\"tribe-events tribe-common\">\n\t\t\t<div class=\"tribe-events-c-subscribe-dropdown__container\">\n\t\t\t\t<div class=\"tribe-events-c-subscribe-dropdown\">\n\t\t\t\t\t<div class=\"tribe-common-c-btn-border tribe-events-c-subscribe-dropdown__button\">\n\t\t\t\t\t\t<svg\n\t class=\"tribe-common-c-svgicon tribe-common-c-svgicon--cal-export tribe-events-c-subscribe-dropdown__export-icon\" \taria-hidden=\"true\"\n\tviewBox=\"0 0 23 17\"\n\txmlns=\"http:\/\/www.w3.org\/2000\/svg\"\n>\n\t<path fill-rule=\"evenodd\" clip-rule=\"evenodd\" d=\"M.128.896V16.13c0 .211.145.383.323.383h15.354c.179 0 .323-.172.323-.383V.896c0-.212-.144-.383-.323-.383H.451C.273.513.128.684.128.896Zm16 6.742h-.901V4.679H1.009v10.729h14.218v-3.336h.901V7.638ZM1.01 1.614h14.218v2.058H1.009V1.614Z\" \/>\n\t<path d=\"M20.5 9.846H8.312M18.524 6.953l2.89 2.909-2.855 2.855\" stroke-width=\"1.2\" stroke-linecap=\"round\" stroke-linejoin=\"round\"\/>\n<\/svg>\n\t\t\t\t\t\t<button\n\t\t\t\t\t\t\tclass=\"tribe-events-c-subscribe-dropdown__button-text\"\n\t\t\t\t\t\t\taria-expanded=\"false\"\n\t\t\t\t\t\t\taria-controls=\"tribe-events-subscribe-dropdown-content\"\n\t\t\t\t\t\t\taria-label=\"View links to add events to your calendar\"\n\t\t\t\t\t\t>\n\t\t\t\t\t\t\tAgregar al calendario\t\t\t\t\t\t<\/button>\n\t\t\t\t\t\t<svg\n\t class=\"tribe-common-c-svgicon tribe-common-c-svgicon--caret-down tribe-events-c-subscribe-dropdown__button-icon\" \taria-hidden=\"true\"\n\tviewBox=\"0 0 10 7\"\n\txmlns=\"http:\/\/www.w3.org\/2000\/svg\"\n>\n\t<path fill-rule=\"evenodd\" clip-rule=\"evenodd\" d=\"M1.008.609L5 4.6 8.992.61l.958.958L5 6.517.05 1.566l.958-.958z\" class=\"tribe-common-c-svgicon__svg-fill\"\/>\n<\/svg>\n\t\t\t\t\t<\/div>\n\t\t\t\t\t<div id=\"tribe-events-subscribe-dropdown-content\" class=\"tribe-events-c-subscribe-dropdown__content\">\n\t\t\t\t\t\t<ul class=\"tribe-events-c-subscribe-dropdown__list\">\n\t\t\t\t\t\t\t\t\t\t\t\t\t\t\t<li class=\"tribe-events-c-subscribe-dropdown__list-item tribe-events-c-subscribe-dropdown__list-item--gcal\">\n\t\t\t\t\t\t\t\t\t<a\n\t\t\t\t\t\t\t\t\t\thref=\"https:\/\/www.google.com\/calendar\/event?action=TEMPLATE&#038;dates=20260916T180000\/20260916T203000&#038;text=Fomentar%20la%20colaboraci%C3%B3n%20con%20las%20familias&#038;details=%3Cp%3ELos+estudios+lo+dejan+claro%3A+la+implicaci%C3%B3n+de+los+padres+es+fundamental+para+el+%C3%A9xito+educativo+de+los+ni%C3%B1os.+Descubre+estrategias+para+manejar+conversaciones+dif%C3%ADciles%2C+comprender+las+influencias+culturales+y+sociales+que+afectan+a+las+familias+y+c%C3%B3mo+apoyarlas%2C+as%C3%AD+como+para+mejorar+la+comunicaci%C3%B3n+en+general+y+fortalecer+las+relaciones.+Los+participantes+realizar%C3%A1n+actividades+en+grupo%2C+debates+en+grupos+peque%C3%B1os+y+grandes%2C+y+obtendr%C3%A1n+recursos+valiosos+para+aumentar+la+implicaci%C3%B3n+de+los+padres%2C+fomentar+relaciones+m%C3%A1s+s%C3%B3lidas+y+mejorar+la+colaboraci%C3%B3n+en+beneficio+de+los+ni%C3%B1os+a+su+cargo.+Se+trata+de+una+formaci%C3%B3n+virtual%2C+a+trav%C3%A9s+de+Zoom.%3C%2Fp%3E+%3Cp%3EFormadora%3A+Allie+Bishop%3C%2Fp%3E+%3Cp%3EHoras+STARS%3A+2%2C5%3C%2Fp%3E+%3Cp%3E%3Cspan+style%3D%22color%3A+%23ffffff%22%3E%40public%3C%2Fspan%3E%3C%2Fp%3E+&#038;trp=false&#038;ctz=America\/Los_Angeles&#038;sprop=website:https:\/\/childcareawarewa.org\/es-mx\/\"\n\t\t\t\t\t\t\t\t\t\tclass=\"tribe-events-c-subscribe-dropdown__list-item-link\"\n\t\t\t\t\t\t\t\t\t\ttarget=\"_blank\"\n\t\t\t\t\t\t\t\t\t\trel=\"noopener noreferrer nofollow noindex\"\n\t\t\t\t\t\t\t\t\t>\n\t\t\t\t\t\t\t\t\t\tGoogle Calendar\t\t\t\t\t\t\t\t\t<\/a>\n\t\t\t\t\t\t\t\t<\/li>\n\t\t\t\t\t\t\t\t\t\t\t\t\t\t\t<li class=\"tribe-events-c-subscribe-dropdown__list-item tribe-events-c-subscribe-dropdown__list-item--ical\">\n\t\t\t\t\t\t\t\t\t<a\n\t\t\t\t\t\t\t\t\t\thref=\"\"\n\t\t\t\t\t\t\t\t\t\tclass=\"tribe-events-c-subscribe-dropdown__list-item-link\"\n\t\t\t\t\t\t\t\t\t\ttarget=\"_blank\"\n\t\t\t\t\t\t\t\t\t\trel=\"noopener noreferrer nofollow noindex\"\n\t\t\t\t\t\t\t\t\t>\n\t\t\t\t\t\t\t\t\t\tiCalendar\t\t\t\t\t\t\t\t\t<\/a>\n\t\t\t\t\t\t\t\t<\/li>\n\t\t\t\t\t\t\t\t\t\t\t\t\t\t\t<li class=\"tribe-events-c-subscribe-dropdown__list-item tribe-events-c-subscribe-dropdown__list-item--outlook-365\">\n\t\t\t\t\t\t\t\t\t<a\n\t\t\t\t\t\t\t\t\t\thref=\"\"\n\t\t\t\t\t\t\t\t\t\tclass=\"tribe-events-c-subscribe-dropdown__list-item-link\"\n\t\t\t\t\t\t\t\t\t\ttarget=\"_blank\"\n\t\t\t\t\t\t\t\t\t\trel=\"noopener noreferrer nofollow noindex\"\n\t\t\t\t\t\t\t\t\t>\n\t\t\t\t\t\t\t\t\t\tOutlook 365\t\t\t\t\t\t\t\t\t<\/a>\n\t\t\t\t\t\t\t\t<\/li>\n\t\t\t\t\t\t\t\t\t\t\t\t\t\t\t<li class=\"tribe-events-c-subscribe-dropdown__list-item tribe-events-c-subscribe-dropdown__list-item--outlook-live\">\n\t\t\t\t\t\t\t\t\t<a\n\t\t\t\t\t\t\t\t\t\thref=\"\"\n\t\t\t\t\t\t\t\t\t\tclass=\"tribe-events-c-subscribe-dropdown__list-item-link\"\n\t\t\t\t\t\t\t\t\t\ttarget=\"_blank\"\n\t\t\t\t\t\t\t\t\t\trel=\"noopener noreferrer nofollow noindex\"\n\t\t\t\t\t\t\t\t\t>\n\t\t\t\t\t\t\t\t\t\tOutlook Live\t\t\t\t\t\t\t\t\t<\/a>\n\t\t\t\t\t\t\t\t<\/li>\n\t\t\t\t\t\t\t\t\t\t\t\t\t<\/ul>\n\t\t\t\t\t<\/div>\n\t\t\t\t<\/div>\n\t\t\t<\/div>\n\t\t<\/div>\n\t<\/div>\n\n<div  class=\"tribe-events-single-section tribe-events-event-meta primary tribe-clearfix\" >\n\t\n\t\n<div class=\"tribe-events-meta-group tribe-events-meta-group-details\">\n\t<h3 class=\"tribe-events-single-section-title\">\n\t\t\t\t\tDetalles\t\t\n\t<\/h3>\n\t<ul class=\"tribe-events-meta-list\">\n\n\t\t\n\t\t\t<li class=\"tribe-events-meta-item\">\n\t\t\t\t<span class=\"tribe-events-meta-label\">Fecha:<\/span>\n\t\t\t\t<span class=\"tribe-events-meta-value\">\n\t\t\t\t\t<abbr class=\"tribe-events-abbr tribe-events-start-date published dtstart\" title=\"2026-09-16\"> septiembre 16 <\/abbr>\n\t\t\t\t<\/span>\n\t\t\t<\/li>\n\n\t\t\t<li class=\"tribe-events-meta-item\">\n\t\t\t\t<span class=\"tribe-events-meta-label\">Hora:<\/span>\n\t\t\t\t<span class=\"tribe-events-meta-value\">\n\t\t\t\t\t<div class=\"tribe-events-abbr tribe-events-start-time published dtstart\" title=\"2026-09-16\">\n\t\t\t\t\t\t6:00 pm &#8211; 8:30 pm\t\t\t\t\t\t\t\t\t\t\t<\/div>\n\t\t\t\t<\/span>\n\t\t\t<\/li>\n\n\t\t\n\t\t\t\t\t<li class=\"tribe-events-meta-item\">\n\t\t\t\t<span class=\"tribe-events-meta-label\">Precio:<\/span>\n\t\t\t\t<span class=\"tribe-events-event-cost tribe-events-meta-value\"> $10 <\/span>\n\t\t\t<\/li>\n\t\t\n\t\t\n\t\t\n\t\t\n\t\t\n\t\t\t<li class=\"tribe-events-meta-item\">\n\t\t\t\t<span class=\"tribe-events-meta-label\">P\u00e1gina Web:<\/span>\n\t\t\t\t<span class=\"tribe-events-event-url tribe-events-meta-value\"> <a href=\"https:\/\/www.ccanorthwest.org\/training2\/enhancing-family-partnerships-3\/\" target=\"_self\" rel=\"external\">https:\/\/www.ccanorthwest.org\/training2\/enhancing-family-partnerships-3\/<\/a> <\/span>\n\t\t\t<\/li>\n\t\t\n\t\t\t<\/ul>\n<\/div>\n\t\n<div class=\"tribe-events-meta-group tribe-events-meta-group-organizer\">\n\t<h3 class=\"tribe-events-single-section-title\">\n\t\t\t\t\tOrganizador\t\t\t<\/h3>\n\t<ul class=\"tribe-events-meta-list tribe-events-meta-list-organizer\">\n\t\t\t\t\t<li class=\"tribe-events-meta-item\">\n\t\t\t\t<span class=\"tribe-organizer tribe-events-meta-value\">\n\t\t\t\t\t<a href=\"https:\/\/childcareawarewa.org\/es-mx\/organizador\/child-care-aware-del-noroeste-de-washington\/\" title=\"Child Care Aware del Noroeste de Washington\" target=\"_self\" rel=\"\">Child Care Aware del Noroeste de Washington<\/a>\t\t\t\t<\/span>\n\t\t\t<\/li>\n\t\t\t\t\t\t\t<li class=\"tribe-events-meta-item\">\n\t\t\t\t\t<span class=\"tribe-organizer-email-label tribe-events-meta-label\">\n\t\t\t\t\t\tCorreo electr\u00f3nico\t\t\t\t\t<\/span>\n\t\t\t\t\t<span class=\"tribe-organizer-email tribe-events-meta-value\">\n\t\t\t\t\t\tchi&#108;dcare&#064;&#111;p&#112;&#099;&#111;.o&#114;g\t\t\t\t\t<\/span>\n\t\t\t\t<\/li>\n\t\t\t\t\t\t\t\t<li class=\"tribe-events-meta-item\">\n\t\t\t\t\t<span class=\"tribe-organizer-url-label tribe-events-meta-label\">\n\t\t\t\t\t\tWebsite\t\t\t\t\t<\/span>\n\t\t\t\t\t<span class=\"tribe-organizer-url tribe-events-meta-value\">\n\t\t\t\t\t\t<a href=\"https:\/\/www.ccanorthwest.org\/organizer\/child-care-aware-of-northwest-washington\/\" target=\"_blank\" rel=\"noopener noreferrer\">View Organizador Website<\/a>\t\t\t\t\t<\/span>\n\t\t\t\t<\/li>\n\t\t\t\t\t<\/ul>\n<\/div>\n\n\t<\/div>\n<div  class=\"tribe-block tribe-block__venue tribe-clearfix\" >\n\t\n\t\t\n\t<\/div>\n","protected":false},"excerpt":{"rendered":"<p>Los estudios lo dejan claro: la implicaci\u00f3n de los padres es fundamental para el \u00e9xito educativo de los ni\u00f1os. Descubre estrategias para manejar conversaciones dif\u00edciles, comprender las influencias culturales y<\/p>\n","protected":false},"author":41,"featured_media":0,"template":"","meta":{"_acf_changed":false,"_tec_requires_first_save":false,"protect_children":false,"inline_featured_image":false,"_EventAllDay":false,"_EventTimezone":"America\/Los_Angeles","_EventStartDate":"2026-09-16 18:00:00","_EventEndDate":"2026-09-16 20:30:00","_EventStartDateUTC":"2026-09-17 01:00:00","_EventEndDateUTC":"2026-09-17 03:30:00","_EventShowMap":false,"_EventShowMapLink":false,"_EventURL":"https:\/\/www.ccanorthwest.org\/training2\/enhancing-family-partnerships-3\/","_EventCost":"10","_EventCostDescription":"","_EventCurrencySymbol":"","_EventCurrencyCode":"","_EventCurrencyPosition":"","_EventDateTimeSeparator":"","_EventTimeRangeSeparator":"","_EventOrganizerID":[10817],"_EventVenueID":[],"_OrganizerEmail":"","_OrganizerPhone":"","_OrganizerWebsite":"","_VenueAddress":"","_VenueCity":"","_VenueCountry":"","_VenueProvince":"","_VenueState":"","_VenueZip":"","_VenuePhone":"","_VenueURL":"","_VenueStateProvince":"","_VenueLat":"","_VenueLng":"","_VenueShowMap":false,"_VenueShowMapLink":false,"_tribe_blocks_recurrence_rules":"","_tribe_blocks_recurrence_description":"","_tribe_blocks_recurrence_exclusions":"","_tribe_events_status":"","_tribe_events_status_reason":"","_tribe_events_is_hybrid":"","_tribe_events_is_virtual":"","_tribe_events_virtual_video_source":"","_tribe_events_virtual_embed_video":"","_tribe_events_virtual_linked_button_text":"","_tribe_events_virtual_linked_button":"","_tribe_events_virtual_show_embed_at":"","_tribe_events_virtual_show_embed_to":[],"_tribe_events_virtual_show_on_event":"","_tribe_events_virtual_show_on_views":"","_tribe_events_virtual_url":"","footnotes":""},"tags":[],"tribe_events_cat":[],"class_list":["post-22586","tribe_events","type-tribe_events","status-publish","hentry"],"acf":[],"_links":{"self":[{"href":"https:\/\/childcareawarewa.org\/es-mx\/wp-json\/wp\/v2\/tribe_events\/22586","targetHints":{"allow":["GET"]}}],"collection":[{"href":"https:\/\/childcareawarewa.org\/es-mx\/wp-json\/wp\/v2\/tribe_events"}],"about":[{"href":"https:\/\/childcareawarewa.org\/es-mx\/wp-json\/wp\/v2\/types\/tribe_events"}],"author":[{"embeddable":true,"href":"https:\/\/childcareawarewa.org\/es-mx\/wp-json\/wp\/v2\/users\/41"}],"version-history":[{"count":1,"href":"https:\/\/childcareawarewa.org\/es-mx\/wp-json\/wp\/v2\/tribe_events\/22586\/revisions"}],"predecessor-version":[{"id":22587,"href":"https:\/\/childcareawarewa.org\/es-mx\/wp-json\/wp\/v2\/tribe_events\/22586\/revisions\/22587"}],"wp:attachment":[{"href":"https:\/\/childcareawarewa.org\/es-mx\/wp-json\/wp\/v2\/media?parent=22586"}],"wp:term":[{"taxonomy":"post_tag","embeddable":true,"href":"https:\/\/childcareawarewa.org\/es-mx\/wp-json\/wp\/v2\/tags?post=22586"},{"taxonomy":"tribe_events_cat","embeddable":true,"href":"https:\/\/childcareawarewa.org\/es-mx\/wp-json\/wp\/v2\/tribe_events_cat?post=22586"}],"curies":[{"name":"wp","href":"https:\/\/api.w.org\/{rel}","templated":true}]}},{"id":22573,"date":"2026-08-24T09:58:39","date_gmt":"2026-08-24T16:58:39","guid":{"rendered":"https:\/\/childcareawarewa.org\/event\/serie-jugar-observar-crecer-como-recopilar-y-utilizar-datos-en-la-educacion-infantil\/"},"modified":"2026-09-01T04:55:13","modified_gmt":"2026-09-01T11:55:13","slug":"serie-jugar-observar-crecer-como-recopilar-y-utilizar-datos-en-la-educacion-infantil","status":"publish","type":"tribe_events","link":"https:\/\/childcareawarewa.org\/es-mx\/event\/serie-jugar-observar-crecer-como-recopilar-y-utilizar-datos-en-la-educacion-infantil\/","title":{"rendered":"SERIE: Jugar, observar, crecer: c\u00f3mo recopilar y utilizar datos en la educaci\u00f3n infantil"},"content":{"rendered":"<div  class=\"tribe-events-schedule tribe-clearfix\" >\n\t<p class=\"tribe-events-schedule__datetime\">\n\t\t<span class=\"tribe-events-schedule__date tribe-events-schedule__date--start\">\n\t\t\tseptiembre 23\t\t<\/span>\n\n\t\t\t\t\t<span class=\"tribe-events-schedule__separator tribe-events-schedule__separator--date\">\n\t\t\t\t @ \t\t\t<\/span>\n\t\t\t<span class=\"tribe-events-schedule__time tribe-events-schedule__time--start\">\n\t\t\t\t6:15 pm\t\t\t<\/span>\n\t\t\n\t\t\t\t\t\t\t\t\t<span class=\"tribe-events-schedule__separator tribe-events-schedule__separator--time\">\n\t\t\t\t\t &#8211; \t\t\t\t<\/span>\n\t\t\t\n\t\t\t\t\t\t\t<span class=\"tribe-events-schedule__date tribe-events-schedule__date--end\">\n\t\t\t\t\tnoviembre 18\t\t\t\t<\/span>\n\n\t\t\t\t\t\t\t\t\t<span class=\"tribe-events-schedule__separator tribe-events-schedule__separator--date\">\n\t\t\t\t\t\t @ \t\t\t\t\t<\/span>\n\t\t\t\t\t<span class=\"tribe-events-schedule__time tribe-events-schedule__time--end\">\n\t\t\t\t\t\t8:15 pm\t\t\t\t\t<\/span>\n\t\t\t\t\n\t\t\t\n\t\t\t\t\t\t<\/p>\n<\/div>\n\n\n<p data-pasted=\"true\"><strong>\ud83d\udcda<\/strong><strong> SERIE:<\/strong><em>*Hay que asistir a<\/em><em>todas <\/em><em>las sesiones para obtener los cr\u00e9ditos*<\/em><\/p>\n<p><strong>\ud83d\udcc5<\/strong><strong> Mi\u00e9rcoles, 23 de septiembre de 2026<\/strong><\/p>\n<p data-pasted=\"true\"><strong>\ud83d\udcc5<\/strong><strong> Mi\u00e9rcoles, 21 de octubre de 2026 <\/strong> <\/p>\n<p data-pasted=\"true\"><strong>\ud83d\udcc5<\/strong><strong> Mi\u00e9rcoles, 18 de noviembre de 2026 <\/strong> <strong> <\/strong><\/p>\n<p><strong>\u23f0<\/strong><strong> De 18:15 a 20:15<\/strong><\/p>\n<p><strong>\ud83d\udccd<\/strong><strong> Zoom: <\/strong>te mandaremos<strong> el enlace <\/strong>1 o 2 d\u00edas antes de la formaci\u00f3n a la direcci\u00f3n de correo que usaste para inscribirte.<\/p>\n<p><strong>\ud83d\udc64<\/strong><strong> Ponente(s): Jesi <\/strong>Sucku<\/p>\n<p><strong>\ud83d\udcb2<\/strong><strong> Precio: 30 <\/strong>,00<strong> $ <\/strong>(+ IVA del estado de Washington)<\/p>\n<p><strong>\u2b50<\/strong><strong> STARS Horario: 6 <\/strong><\/p>\n<p><strong>\ud83d\udcd6 Descripci\u00f3n: Dise\u00f1ado <\/strong>para educadores de la primera infancia, este curso se centra en ense\u00f1ar a los participantes a recopilar y evaluar datos de forma eficaz, utilizando herramientas como la observaci\u00f3n, la documentaci\u00f3n y las evaluaciones. Los educadores aprender\u00e1n a recopilar y analizar datos, y a aplicar lo aprendido para mejorar sus pr\u00e1cticas docentes y su plan de estudios.<\/p>\n<p>\ud83c\udfaf <strong>Inscr\u00edbete aqu\u00ed: <a href=\"https:\/\/www.pdenroller.org\/esd112\/catalog\/205610\">https:\/\/www.pdenroller.org\/esd112\/catalog\/205610<\/a><\/strong><\/p>\n<p>&nbsp;<\/p>\n<p>@p\u00fablico<\/p>\n\n\t<div  class=\"tribe-block tribe-block__events-link\" >\n\t\t<div class=\"tribe-events tribe-common\">\n\t\t\t<div class=\"tribe-events-c-subscribe-dropdown__container\">\n\t\t\t\t<div class=\"tribe-events-c-subscribe-dropdown\">\n\t\t\t\t\t<div class=\"tribe-common-c-btn-border tribe-events-c-subscribe-dropdown__button\">\n\t\t\t\t\t\t<svg\n\t class=\"tribe-common-c-svgicon tribe-common-c-svgicon--cal-export tribe-events-c-subscribe-dropdown__export-icon\" \taria-hidden=\"true\"\n\tviewBox=\"0 0 23 17\"\n\txmlns=\"http:\/\/www.w3.org\/2000\/svg\"\n>\n\t<path fill-rule=\"evenodd\" clip-rule=\"evenodd\" d=\"M.128.896V16.13c0 .211.145.383.323.383h15.354c.179 0 .323-.172.323-.383V.896c0-.212-.144-.383-.323-.383H.451C.273.513.128.684.128.896Zm16 6.742h-.901V4.679H1.009v10.729h14.218v-3.336h.901V7.638ZM1.01 1.614h14.218v2.058H1.009V1.614Z\" \/>\n\t<path d=\"M20.5 9.846H8.312M18.524 6.953l2.89 2.909-2.855 2.855\" stroke-width=\"1.2\" stroke-linecap=\"round\" stroke-linejoin=\"round\"\/>\n<\/svg>\n\t\t\t\t\t\t<button\n\t\t\t\t\t\t\tclass=\"tribe-events-c-subscribe-dropdown__button-text\"\n\t\t\t\t\t\t\taria-expanded=\"false\"\n\t\t\t\t\t\t\taria-controls=\"tribe-events-subscribe-dropdown-content\"\n\t\t\t\t\t\t\taria-label=\"View links to add events to your calendar\"\n\t\t\t\t\t\t>\n\t\t\t\t\t\t\tAgregar al calendario\t\t\t\t\t\t<\/button>\n\t\t\t\t\t\t<svg\n\t class=\"tribe-common-c-svgicon tribe-common-c-svgicon--caret-down tribe-events-c-subscribe-dropdown__button-icon\" \taria-hidden=\"true\"\n\tviewBox=\"0 0 10 7\"\n\txmlns=\"http:\/\/www.w3.org\/2000\/svg\"\n>\n\t<path fill-rule=\"evenodd\" clip-rule=\"evenodd\" d=\"M1.008.609L5 4.6 8.992.61l.958.958L5 6.517.05 1.566l.958-.958z\" class=\"tribe-common-c-svgicon__svg-fill\"\/>\n<\/svg>\n\t\t\t\t\t<\/div>\n\t\t\t\t\t<div id=\"tribe-events-subscribe-dropdown-content\" class=\"tribe-events-c-subscribe-dropdown__content\">\n\t\t\t\t\t\t<ul class=\"tribe-events-c-subscribe-dropdown__list\">\n\t\t\t\t\t\t\t\t\t\t\t\t\t\t\t<li class=\"tribe-events-c-subscribe-dropdown__list-item tribe-events-c-subscribe-dropdown__list-item--gcal\">\n\t\t\t\t\t\t\t\t\t<a\n\t\t\t\t\t\t\t\t\t\thref=\"https:\/\/www.google.com\/calendar\/event?action=TEMPLATE&#038;dates=20260923T181500\/20261118T201500&#038;text=SERIE%3A%20Jugar%2C%20observar%2C%20crecer%3A%20c%C3%B3mo%20recopilar%20y%20utilizar%20datos%20en%20la%20educaci%C3%B3n%20infantil&#038;details=%3Cp+data-pasted%3D%22true%22%3E%3Cstrong%3E%F0%9F%93%9A%3C%2Fstrong%3E%3Cstrong%3E+SERIE%3A%3C%2Fstrong%3E%3Cem%3E%2AHay+que+asistir+a%3C%2Fem%3E%3Cem%3Etodas+%3C%2Fem%3E%3Cem%3Elas+sesiones+para+obtener+los+cr%C3%A9ditos%2A%3C%2Fem%3E%3C%2Fp%3E+%3Cp%3E%3Cstrong%3E%F0%9F%93%85%3C%2Fstrong%3E%3Cstrong%3E+Mi%C3%A9rcoles%2C+23+de+septiembre+de+2026%3C%2Fstrong%3E%3C%2Fp%3E+%3Cp+data-pasted%3D%22true%22%3E%3Cstrong%3E%F0%9F%93%85%3C%2Fstrong%3E%3Cstrong%3E+Mi%C3%A9rcoles%2C+21+de+octubre+de+2026+%3C%2Fstrong%3E+%3C%2Fp%3E+%3Cp+data-pasted%3D%22true%22%3E%3Cstrong%3E%F0%9F%93%85%3C%2Fstrong%3E%3Cstrong%3E+Mi%C3%A9rcoles%2C+18+de+noviembre+de+2026+%3C%2Fstrong%3E+%3Cstrong%3E+%3C%2Fstrong%3E%3C%2Fp%3E+%3Cp%3E%3Cstrong%3E%E2%8F%B0%3C%2Fstrong%3E%3Cstrong%3E+De+18%3A15+a+20%3A15%3C%2Fstrong%3E%3C%2Fp%3E+%3Cp%3E%3Cstrong%3E%F0%9F%93%8D%3C%2Fstrong%3E%3Cstrong%3E+Zoom%3A+%3C%2Fstrong%3Ete+mandaremos%3Cstrong%3E+el+enlace+%3C%2Fstrong%3E1+o+2+d%C3%ADas+antes+de+la+formaci%C3%B3n+a+la+direcci%C3%B3n+de+correo+que+usaste+para+inscribirte.%3C%2Fp%3E+%3Cp%3E%3Cstrong%3E%F0%9F%91%A4%3C%2Fstrong%3E%3Cstrong%3E+Ponente%28s%29%3A+Jesi+%3C%2Fstrong%3ESucku%3C%2Fp%3E+%3Cp%3E%3Cstrong%3E%F0%9F%92%B2%3C%2Fstrong%3E%3Cstrong%3E+Precio%3A+30+%3C%2Fstrong%3E%2C00%3Cstrong%3E+%24+%3C%2Fstrong%3E%28%2B+IVA+del+estado+de+Washington%29%3C%2Fp%3E+%3Cp%3E%3Cstrong%3E%E2%AD%90%3C%2Fstrong%3E%3Cstrong%3E+STARS+Horario%3A+6+%3C%2Fstrong%3E%3C%2Fp%3E+%3Cp%3E%3Cstrong%3E%F0%9F%93%96+Descripci%C3%B3%3C%2Fstrong%3E%3C%2Fp%3E+%28View+Full+evento+Description+Here%3A+https%3A%2F%2Fchildcareawarewa.org%2Fes-mx%2Fevent%2Fserie-jugar-observar-crecer-como-recopilar-y-utilizar-datos-en-la-educacion-infantil%2F%29&#038;location=Zoom&#038;trp=false&#038;ctz=America\/Los_Angeles&#038;sprop=website:https:\/\/childcareawarewa.org\/es-mx\/\"\n\t\t\t\t\t\t\t\t\t\tclass=\"tribe-events-c-subscribe-dropdown__list-item-link\"\n\t\t\t\t\t\t\t\t\t\ttarget=\"_blank\"\n\t\t\t\t\t\t\t\t\t\trel=\"noopener noreferrer nofollow noindex\"\n\t\t\t\t\t\t\t\t\t>\n\t\t\t\t\t\t\t\t\t\tGoogle Calendar\t\t\t\t\t\t\t\t\t<\/a>\n\t\t\t\t\t\t\t\t<\/li>\n\t\t\t\t\t\t\t\t\t\t\t\t\t\t\t<li class=\"tribe-events-c-subscribe-dropdown__list-item tribe-events-c-subscribe-dropdown__list-item--ical\">\n\t\t\t\t\t\t\t\t\t<a\n\t\t\t\t\t\t\t\t\t\thref=\"\"\n\t\t\t\t\t\t\t\t\t\tclass=\"tribe-events-c-subscribe-dropdown__list-item-link\"\n\t\t\t\t\t\t\t\t\t\ttarget=\"_blank\"\n\t\t\t\t\t\t\t\t\t\trel=\"noopener noreferrer nofollow noindex\"\n\t\t\t\t\t\t\t\t\t>\n\t\t\t\t\t\t\t\t\t\tiCalendar\t\t\t\t\t\t\t\t\t<\/a>\n\t\t\t\t\t\t\t\t<\/li>\n\t\t\t\t\t\t\t\t\t\t\t\t\t\t\t<li class=\"tribe-events-c-subscribe-dropdown__list-item tribe-events-c-subscribe-dropdown__list-item--outlook-365\">\n\t\t\t\t\t\t\t\t\t<a\n\t\t\t\t\t\t\t\t\t\thref=\"\"\n\t\t\t\t\t\t\t\t\t\tclass=\"tribe-events-c-subscribe-dropdown__list-item-link\"\n\t\t\t\t\t\t\t\t\t\ttarget=\"_blank\"\n\t\t\t\t\t\t\t\t\t\trel=\"noopener noreferrer nofollow noindex\"\n\t\t\t\t\t\t\t\t\t>\n\t\t\t\t\t\t\t\t\t\tOutlook 365\t\t\t\t\t\t\t\t\t<\/a>\n\t\t\t\t\t\t\t\t<\/li>\n\t\t\t\t\t\t\t\t\t\t\t\t\t\t\t<li class=\"tribe-events-c-subscribe-dropdown__list-item tribe-events-c-subscribe-dropdown__list-item--outlook-live\">\n\t\t\t\t\t\t\t\t\t<a\n\t\t\t\t\t\t\t\t\t\thref=\"\"\n\t\t\t\t\t\t\t\t\t\tclass=\"tribe-events-c-subscribe-dropdown__list-item-link\"\n\t\t\t\t\t\t\t\t\t\ttarget=\"_blank\"\n\t\t\t\t\t\t\t\t\t\trel=\"noopener noreferrer nofollow noindex\"\n\t\t\t\t\t\t\t\t\t>\n\t\t\t\t\t\t\t\t\t\tOutlook Live\t\t\t\t\t\t\t\t\t<\/a>\n\t\t\t\t\t\t\t\t<\/li>\n\t\t\t\t\t\t\t\t\t\t\t\t\t<\/ul>\n\t\t\t\t\t<\/div>\n\t\t\t\t<\/div>\n\t\t\t<\/div>\n\t\t<\/div>\n\t<\/div>\n\n<div  class=\"tribe-events-single-section tribe-events-event-meta primary tribe-clearfix\" >\n\t\n\t\n<div class=\"tribe-events-meta-group tribe-events-meta-group-details\">\n\t<h3 class=\"tribe-events-single-section-title\">\n\t\t\t\t\tDetalles\t\t\n\t<\/h3>\n\t<ul class=\"tribe-events-meta-list\">\n\n\t\t\n\t\t\t<li class=\"tribe-events-meta-item\">\n\t\t\t\t<span class=\"tribe-events-meta-label\">Comienza:<\/span>\n\t\t\t\t<span class=\"tribe-events-meta-value\">\n\t\t\t\t\t<abbr class=\"tribe-events-abbr updated published dtstart\" title=\"2026-09-23\"> septiembre 23 @ 6:15 pm <\/abbr>\n\t\t\t\t\t\t\t\t\t<\/span>\n\t\t\t<\/li>\n\n\t\t\t<li class=\"tribe-events-meta-item\">\n\t\t\t\t<span class=\"tribe-events-meta-label\">Finaliza:<\/span>\n\t\t\t\t<span class=\"tribe-events-meta-value\">\n\t\t\t\t\t<abbr class=\"tribe-events-abbr dtend\" title=\"2026-11-18\"> noviembre 18 @ 8:15 pm <\/abbr>\n\t\t\t\t\t\t\t\t\t<\/span>\n\t\t\t<\/li>\n\n\t\t\n\t\t\n\t\t\n\t\t<li class=\"tribe-events-meta-item\"><span class=\"tribe-events-event-categories-label tribe-events-meta-label\">Categor\u00eda del Evento:<\/span> <span class=\"tribe-events-event-categories tribe-events-meta-value\"><a href=\"https:\/\/childcareawarewa.org\/es-mx\/events\/category\/public-es-mx\/\" rel=\"tag\">#public<\/a><\/span><\/li>\n\t\t\n\t\t\n\t\t\t<li class=\"tribe-events-meta-item\">\n\t\t\t\t<span class=\"tribe-events-meta-label\">P\u00e1gina Web:<\/span>\n\t\t\t\t<span class=\"tribe-events-event-url tribe-events-meta-value\"> <a href=\"https:\/\/www.pdenroller.org\/esd112\/catalog\/205610\" target=\"_self\" rel=\"external\">https:\/\/www.pdenroller.org\/esd112\/catalog\/205610<\/a> <\/span>\n\t\t\t<\/li>\n\t\t\n\t\t\t<\/ul>\n<\/div>\n\t\n\t<\/div>\n<div  class=\"tribe-block tribe-block__venue tribe-clearfix\" >\n\t\n\t\n<div class=\"tribe-block__venue__meta\">\n\t<div class=\"tribe-block__venue__name\">\n\t\t<h3><a href=\"https:\/\/childcareawarewa.org\/es-mx\/lugar\/zoom\/\" title=\"Zoom\">Zoom<\/a><\/h3>\n\t<\/div>\n\n\t\n\t\t\t\n\t\t\n\t\t\t\t\t<span class=\"tribe-block__venue__website\"><a href=\"https:\/\/www.ccanorthwest.org\/venue\/zoom\/\" target=\"_self\" rel=\"external\">View Lugar Website<\/a><\/span><br \/>\n\t\t\t\n\t<\/div>\n\t\n\t<\/div>\n<h2 class=\"tribe-block__related-events__title\">Related Events<\/h2>\n\n<ul  class=\"tribe-related-events tribe-clearfix\" >\n\t\t\t<li>\n\t\n<div class=\"tribe-related-events-thumbnail\">\n\t<a href=\"https:\/\/childcareawarewa.org\/es-mx\/event\/creando-oportunidades-de-aprendizaje\/\" class=\"url\" rel=\"bookmark\" tabindex=\"-1\" aria-hidden=\"true\"><img decoding=\"async\" src=\"http:\/\/childcareawarewa.org\/wp-content\/plugins\/events-calendar-pro\/src\/resources\/images\/tribe-related-events-placeholder.png\" alt=\"Creando oportunidades de aprendizaje\" \/><\/a>\n<\/div>\n\t<div class=\"tribe-related-event-info\">\n\t<h3 class=\"tribe-related-events-title\">\n\t\t<a href=\"https:\/\/childcareawarewa.org\/es-mx\/event\/creando-oportunidades-de-aprendizaje\/\" class=\"tribe-event-url\" rel=\"bookmark\">\n\t\t\tCreando oportunidades de aprendizaje\t\t<\/a>\n\t<\/h3>\n\t<span class=\"tribe-event-date-start\">septiembre 2 @ 4:30 pm<\/span> &#8211; <span class=\"tribe-event-time\">6:30 pm<\/span><\/div>\n<\/li>\n\t\t\t<li>\n\t\n<div class=\"tribe-related-events-thumbnail\">\n\t<a href=\"https:\/\/childcareawarewa.org\/es-mx\/event\/musica-y-movimiento-en-el-aula-de-educacion-infantil\/\" class=\"url\" rel=\"bookmark\" tabindex=\"-1\" aria-hidden=\"true\"><img decoding=\"async\" src=\"http:\/\/childcareawarewa.org\/wp-content\/plugins\/events-calendar-pro\/src\/resources\/images\/tribe-related-events-placeholder.png\" alt=\"M\u00fasica y movimiento en el aula de educaci\u00f3n infantil\" \/><\/a>\n<\/div>\n\t<div class=\"tribe-related-event-info\">\n\t<h3 class=\"tribe-related-events-title\">\n\t\t<a href=\"https:\/\/childcareawarewa.org\/es-mx\/event\/musica-y-movimiento-en-el-aula-de-educacion-infantil\/\" class=\"tribe-event-url\" rel=\"bookmark\">\n\t\t\tM\u00fasica y movimiento en el aula de educaci\u00f3n infantil\t\t<\/a>\n\t<\/h3>\n\t<span class=\"tribe-event-date-start\">septiembre 2 @ 6:15 pm<\/span> &#8211; <span class=\"tribe-event-time\">8:15 pm<\/span><\/div>\n<\/li>\n\t\t\t<li>\n\t\n<div class=\"tribe-related-events-thumbnail\">\n\t<a href=\"https:\/\/childcareawarewa.org\/es-mx\/event\/mas-alla-del-lo-siento-como-cultivar-la-conciencia-a-traves-de-la-orientacion-y-cuatro-pasos-para-una-disculpa-sincera-zoom\/\" class=\"url\" rel=\"bookmark\" tabindex=\"-1\" aria-hidden=\"true\"><img decoding=\"async\" src=\"http:\/\/childcareawarewa.org\/wp-content\/plugins\/events-calendar-pro\/src\/resources\/images\/tribe-related-events-placeholder.png\" alt=\"M\u00e1s all\u00e1 del \u00ablo siento\u00bb: c\u00f3mo cultivar la conciencia a trav\u00e9s de la orientaci\u00f3n y cuatro pasos para una disculpa sincera (ZOOM)\" \/><\/a>\n<\/div>\n\t<div class=\"tribe-related-event-info\">\n\t<h3 class=\"tribe-related-events-title\">\n\t\t<a href=\"https:\/\/childcareawarewa.org\/es-mx\/event\/mas-alla-del-lo-siento-como-cultivar-la-conciencia-a-traves-de-la-orientacion-y-cuatro-pasos-para-una-disculpa-sincera-zoom\/\" class=\"tribe-event-url\" rel=\"bookmark\">\n\t\t\tM\u00e1s all\u00e1 del \u00ablo siento\u00bb: c\u00f3mo cultivar la conciencia a trav\u00e9s de la orientaci\u00f3n y cuatro pasos para una disculpa sincera (ZOOM)\t\t<\/a>\n\t<\/h3>\n\t<span class=\"tribe-event-date-start\">septiembre 16 @ 6:00 pm<\/span> &#8211; <span class=\"tribe-event-time\">8:00 pm<\/span><\/div>\n<\/li>\n\t<\/ul>\n","protected":false},"excerpt":{"rendered":"<p>\ud83d\udcda SERIE:*Hay que asistir atodas las sesiones para obtener los cr\u00e9ditos* \ud83d\udcc5 Mi\u00e9rcoles, 23 de septiembre de 2026 \ud83d\udcc5 Mi\u00e9rcoles, 21 de octubre de 2026 \ud83d\udcc5 Mi\u00e9rcoles, 18 de noviembre<\/p>\n","protected":false},"author":41,"featured_media":0,"template":"","meta":{"_acf_changed":false,"_tec_requires_first_save":false,"protect_children":false,"inline_featured_image":false,"_EventAllDay":false,"_EventTimezone":"America\/Los_Angeles","_EventStartDate":"2026-09-23 18:15:00","_EventEndDate":"2026-11-18 20:15:00","_EventStartDateUTC":"2026-09-24 01:15:00","_EventEndDateUTC":"2026-11-19 04:15:00","_EventShowMap":false,"_EventShowMapLink":false,"_EventURL":"https:\/\/www.pdenroller.org\/esd112\/catalog\/205610","_EventCost":"","_EventCostDescription":"","_EventCurrencySymbol":"$","_EventCurrencyCode":"","_EventCurrencyPosition":"","_EventDateTimeSeparator":"","_EventTimeRangeSeparator":"","_EventOrganizerID":[],"_EventVenueID":[9429],"_OrganizerEmail":"","_OrganizerPhone":"","_OrganizerWebsite":"","_VenueAddress":"","_VenueCity":"","_VenueCountry":"","_VenueProvince":"","_VenueState":"","_VenueZip":"","_VenuePhone":"","_VenueURL":"","_VenueStateProvince":"","_VenueLat":"","_VenueLng":"","_VenueShowMap":false,"_VenueShowMapLink":false,"_tribe_blocks_recurrence_rules":"","_tribe_blocks_recurrence_description":"","_tribe_blocks_recurrence_exclusions":"","_tribe_events_status":"","_tribe_events_status_reason":"","_tribe_events_is_hybrid":"","_tribe_events_is_virtual":"","_tribe_events_virtual_video_source":"","_tribe_events_virtual_embed_video":"","_tribe_events_virtual_linked_button_text":"","_tribe_events_virtual_linked_button":"","_tribe_events_virtual_show_embed_at":"","_tribe_events_virtual_show_embed_to":[],"_tribe_events_virtual_show_on_event":"","_tribe_events_virtual_show_on_views":"","_tribe_events_virtual_url":"","footnotes":""},"tags":[],"tribe_events_cat":[173],"class_list":["post-22573","tribe_events","type-tribe_events","status-publish","hentry","tribe_events_cat-public-es-mx","cat_public-es-mx"],"acf":[],"_links":{"self":[{"href":"https:\/\/childcareawarewa.org\/es-mx\/wp-json\/wp\/v2\/tribe_events\/22573","targetHints":{"allow":["GET"]}}],"collection":[{"href":"https:\/\/childcareawarewa.org\/es-mx\/wp-json\/wp\/v2\/tribe_events"}],"about":[{"href":"https:\/\/childcareawarewa.org\/es-mx\/wp-json\/wp\/v2\/types\/tribe_events"}],"author":[{"embeddable":true,"href":"https:\/\/childcareawarewa.org\/es-mx\/wp-json\/wp\/v2\/users\/41"}],"version-history":[{"count":1,"href":"https:\/\/childcareawarewa.org\/es-mx\/wp-json\/wp\/v2\/tribe_events\/22573\/revisions"}],"predecessor-version":[{"id":22574,"href":"https:\/\/childcareawarewa.org\/es-mx\/wp-json\/wp\/v2\/tribe_events\/22573\/revisions\/22574"}],"wp:attachment":[{"href":"https:\/\/childcareawarewa.org\/es-mx\/wp-json\/wp\/v2\/media?parent=22573"}],"wp:term":[{"taxonomy":"post_tag","embeddable":true,"href":"https:\/\/childcareawarewa.org\/es-mx\/wp-json\/wp\/v2\/tags?post=22573"},{"taxonomy":"tribe_events_cat","embeddable":true,"href":"https:\/\/childcareawarewa.org\/es-mx\/wp-json\/wp\/v2\/tribe_events_cat?post=22573"}],"curies":[{"name":"wp","href":"https:\/\/api.w.org\/{rel}","templated":true}]}},{"id":21976,"date":"2026-07-27T11:38:37","date_gmt":"2026-07-27T18:38:37","guid":{"rendered":"https:\/\/childcareawarewa.org\/event\/orientacion-conductual-como-guiar-el-comportamiento-de-los-ninos-a-traves-de-un-entorno-de-aprendizaje-temprano-receptivo-pdi-2026\/"},"modified":"2026-08-31T13:40:16","modified_gmt":"2026-08-31T20:40:16","slug":"orientacion-conductual-como-guiar-el-comportamiento-de-los-ninos-a-traves-de-un-entorno-de-aprendizaje-temprano-receptivo-pdi-2026","status":"publish","type":"tribe_events","link":"https:\/\/childcareawarewa.org\/es-mx\/event\/orientacion-conductual-como-guiar-el-comportamiento-de-los-ninos-a-traves-de-un-entorno-de-aprendizaje-temprano-receptivo-pdi-2026\/","title":{"rendered":"Orientaci\u00f3n conductual: C\u00f3mo guiar el comportamiento de los ni\u00f1os a trav\u00e9s de un entorno de aprendizaje temprano receptivo (PDI 2026)"},"content":{"rendered":"<div  class=\"tribe-events-schedule tribe-clearfix\" >\n\t<p class=\"tribe-events-schedule__datetime\">\n\t\t<span class=\"tribe-events-schedule__date tribe-events-schedule__date--start\">\n\t\t\tseptiembre 15\t\t<\/span>\n\n\t\t\t\t\t<span class=\"tribe-events-schedule__separator tribe-events-schedule__separator--date\">\n\t\t\t\t @ \t\t\t<\/span>\n\t\t\t<span class=\"tribe-events-schedule__time tribe-events-schedule__time--start\">\n\t\t\t\t1:00 pm\t\t\t<\/span>\n\t\t\n\t\t\t\t\t\t\t\t\t<span class=\"tribe-events-schedule__separator tribe-events-schedule__separator--time\">\n\t\t\t\t\t &#8211; \t\t\t\t<\/span>\n\t\t\t\n\t\t\t\t\t\t\t<span class=\"tribe-events-schedule__time tribe-events-schedule__time--end\">\n\t\t\t\t\t3:00 pm\t\t\t\t<\/span>\n\t\t\t\n\t\t\t\t\t\t<\/p>\n<\/div>\n<p>Guiar el comportamiento y, al mismo tiempo, mantener un entorno de aprendizaje temprano receptivo puede ser todo un reto. Muchos profesionales de la educaci\u00f3n infantil quieren entender mejor c\u00f3mo es un \u00abentorno de aprendizaje temprano receptivo\u00bb y c\u00f3mo se puede mantener en un espacio donde hay comportamientos complejos y desafiantes. En esta formaci\u00f3n, usaremos el marco de \u00abLiberaci\u00f3n gradual de la instrucci\u00f3n\u00bb para asegurarnos de que los ni\u00f1os desarrollen sus habilidades socioemocionales y establezcamos objetivos para mejorar tu propia orientaci\u00f3n conductual.  <\/p>\n<p>Fecha: 15 de septiembre de 2026<\/p>\n<p>Hora: de 13:00 a 15:00<\/p>\n<p>DURACI\u00d3N: 2 horas<\/p>\n<p>Precio: 10 d\u00f3lares<\/p>\n<p>&nbsp;<\/p>\n<p>@P\u00fablico<\/p>\n\t<div  class=\"tribe-block tribe-block__events-link\" >\n\t\t<div class=\"tribe-events tribe-common\">\n\t\t\t<div class=\"tribe-events-c-subscribe-dropdown__container\">\n\t\t\t\t<div class=\"tribe-events-c-subscribe-dropdown\">\n\t\t\t\t\t<div class=\"tribe-common-c-btn-border tribe-events-c-subscribe-dropdown__button\">\n\t\t\t\t\t\t<svg\n\t class=\"tribe-common-c-svgicon tribe-common-c-svgicon--cal-export tribe-events-c-subscribe-dropdown__export-icon\" \taria-hidden=\"true\"\n\tviewBox=\"0 0 23 17\"\n\txmlns=\"http:\/\/www.w3.org\/2000\/svg\"\n>\n\t<path fill-rule=\"evenodd\" clip-rule=\"evenodd\" d=\"M.128.896V16.13c0 .211.145.383.323.383h15.354c.179 0 .323-.172.323-.383V.896c0-.212-.144-.383-.323-.383H.451C.273.513.128.684.128.896Zm16 6.742h-.901V4.679H1.009v10.729h14.218v-3.336h.901V7.638ZM1.01 1.614h14.218v2.058H1.009V1.614Z\" \/>\n\t<path d=\"M20.5 9.846H8.312M18.524 6.953l2.89 2.909-2.855 2.855\" stroke-width=\"1.2\" stroke-linecap=\"round\" stroke-linejoin=\"round\"\/>\n<\/svg>\n\t\t\t\t\t\t<button\n\t\t\t\t\t\t\tclass=\"tribe-events-c-subscribe-dropdown__button-text\"\n\t\t\t\t\t\t\taria-expanded=\"false\"\n\t\t\t\t\t\t\taria-controls=\"tribe-events-subscribe-dropdown-content\"\n\t\t\t\t\t\t\taria-label=\"View links to add events to your calendar\"\n\t\t\t\t\t\t>\n\t\t\t\t\t\t\tAgregar al calendario\t\t\t\t\t\t<\/button>\n\t\t\t\t\t\t<svg\n\t class=\"tribe-common-c-svgicon tribe-common-c-svgicon--caret-down tribe-events-c-subscribe-dropdown__button-icon\" \taria-hidden=\"true\"\n\tviewBox=\"0 0 10 7\"\n\txmlns=\"http:\/\/www.w3.org\/2000\/svg\"\n>\n\t<path fill-rule=\"evenodd\" clip-rule=\"evenodd\" d=\"M1.008.609L5 4.6 8.992.61l.958.958L5 6.517.05 1.566l.958-.958z\" class=\"tribe-common-c-svgicon__svg-fill\"\/>\n<\/svg>\n\t\t\t\t\t<\/div>\n\t\t\t\t\t<div id=\"tribe-events-subscribe-dropdown-content\" class=\"tribe-events-c-subscribe-dropdown__content\">\n\t\t\t\t\t\t<ul class=\"tribe-events-c-subscribe-dropdown__list\">\n\t\t\t\t\t\t\t\t\t\t\t\t\t\t\t<li class=\"tribe-events-c-subscribe-dropdown__list-item tribe-events-c-subscribe-dropdown__list-item--gcal\">\n\t\t\t\t\t\t\t\t\t<a\n\t\t\t\t\t\t\t\t\t\thref=\"https:\/\/www.google.com\/calendar\/event?action=TEMPLATE&#038;dates=20260915T130000\/20260915T150000&#038;text=Orientaci%C3%B3n%20conductual%3A%20C%C3%B3mo%20guiar%20el%20comportamiento%20de%20los%20ni%C3%B1os%20a%20trav%C3%A9s%20de%20un%20entorno%20de%20aprendizaje%20temprano%20receptivo%20%28PDI%202026%29&#038;details=%3Cp%3EGuiar+el+comportamiento+y%2C+al+mismo+tiempo%2C+mantener+un+entorno+de+aprendizaje+temprano+receptivo+puede+ser+todo+un+reto.+Muchos+profesionales+de+la+educaci%C3%B3n+infantil+quieren+entender+mejor+c%C3%B3mo+es+un+%C2%ABentorno+de+aprendizaje+temprano+receptivo%C2%BB+y+c%C3%B3mo+se+puede+mantener+en+un+espacio+donde+hay+comportamientos+complejos+y+desafiantes.+En+esta+formaci%C3%B3n%2C+usaremos+el+marco+de+%C2%ABLiberaci%C3%B3n+gradual+de+la+instrucci%C3%B3n%C2%BB+para+asegurarnos+de+que+los+ni%C3%B1os+desarrollen+sus+habilidades+socioemocionales+y+establezcamos+objetivos+para+mejorar+tu+propia+orientaci%C3%B3n+conductual.++%3C%2Fp%3E+%3Cp%3EFecha%3A+15+de+septiembre+de+2026%3C%2Fp%3E+%3Cp%3EHora%3A+de+13%3A00+a+15%3A00%3C%2Fp%3E+%3Cp%3EDURACI%C3%93N%3A+2+horas%3C%2Fp%3E+%3Cp%3EPrecio%3A+10+d%C3%B3lares%3C%2Fp%3E+%3Cp%3E%26nbsp%3B%3C%2Fp%3E+%3Cp%3E%40P%C3%BAblico%3C%2Fp%3E+&#038;location=Virtual%20a%20trav\u00e9s%20de%20ZOOM&#038;trp=false&#038;ctz=America\/Los_Angeles&#038;sprop=website:https:\/\/childcareawarewa.org\/es-mx\/\"\n\t\t\t\t\t\t\t\t\t\tclass=\"tribe-events-c-subscribe-dropdown__list-item-link\"\n\t\t\t\t\t\t\t\t\t\ttarget=\"_blank\"\n\t\t\t\t\t\t\t\t\t\trel=\"noopener noreferrer nofollow noindex\"\n\t\t\t\t\t\t\t\t\t>\n\t\t\t\t\t\t\t\t\t\tGoogle Calendar\t\t\t\t\t\t\t\t\t<\/a>\n\t\t\t\t\t\t\t\t<\/li>\n\t\t\t\t\t\t\t\t\t\t\t\t\t\t\t<li class=\"tribe-events-c-subscribe-dropdown__list-item tribe-events-c-subscribe-dropdown__list-item--ical\">\n\t\t\t\t\t\t\t\t\t<a\n\t\t\t\t\t\t\t\t\t\thref=\"\"\n\t\t\t\t\t\t\t\t\t\tclass=\"tribe-events-c-subscribe-dropdown__list-item-link\"\n\t\t\t\t\t\t\t\t\t\ttarget=\"_blank\"\n\t\t\t\t\t\t\t\t\t\trel=\"noopener noreferrer nofollow noindex\"\n\t\t\t\t\t\t\t\t\t>\n\t\t\t\t\t\t\t\t\t\tiCalendar\t\t\t\t\t\t\t\t\t<\/a>\n\t\t\t\t\t\t\t\t<\/li>\n\t\t\t\t\t\t\t\t\t\t\t\t\t\t\t<li class=\"tribe-events-c-subscribe-dropdown__list-item tribe-events-c-subscribe-dropdown__list-item--outlook-365\">\n\t\t\t\t\t\t\t\t\t<a\n\t\t\t\t\t\t\t\t\t\thref=\"\"\n\t\t\t\t\t\t\t\t\t\tclass=\"tribe-events-c-subscribe-dropdown__list-item-link\"\n\t\t\t\t\t\t\t\t\t\ttarget=\"_blank\"\n\t\t\t\t\t\t\t\t\t\trel=\"noopener noreferrer nofollow noindex\"\n\t\t\t\t\t\t\t\t\t>\n\t\t\t\t\t\t\t\t\t\tOutlook 365\t\t\t\t\t\t\t\t\t<\/a>\n\t\t\t\t\t\t\t\t<\/li>\n\t\t\t\t\t\t\t\t\t\t\t\t\t\t\t<li class=\"tribe-events-c-subscribe-dropdown__list-item tribe-events-c-subscribe-dropdown__list-item--outlook-live\">\n\t\t\t\t\t\t\t\t\t<a\n\t\t\t\t\t\t\t\t\t\thref=\"\"\n\t\t\t\t\t\t\t\t\t\tclass=\"tribe-events-c-subscribe-dropdown__list-item-link\"\n\t\t\t\t\t\t\t\t\t\ttarget=\"_blank\"\n\t\t\t\t\t\t\t\t\t\trel=\"noopener noreferrer nofollow noindex\"\n\t\t\t\t\t\t\t\t\t>\n\t\t\t\t\t\t\t\t\t\tOutlook Live\t\t\t\t\t\t\t\t\t<\/a>\n\t\t\t\t\t\t\t\t<\/li>\n\t\t\t\t\t\t\t\t\t\t\t\t\t<\/ul>\n\t\t\t\t\t<\/div>\n\t\t\t\t<\/div>\n\t\t\t<\/div>\n\t\t<\/div>\n\t<\/div>\n\n<div  class=\"tribe-events-single-section tribe-events-event-meta primary tribe-clearfix\" >\n\t\n\t\n<div class=\"tribe-events-meta-group tribe-events-meta-group-details\">\n\t<h3 class=\"tribe-events-single-section-title\">\n\t\t\t\t\tDetalles\t\t\n\t<\/h3>\n\t<ul class=\"tribe-events-meta-list\">\n\n\t\t\n\t\t\t<li class=\"tribe-events-meta-item\">\n\t\t\t\t<span class=\"tribe-events-meta-label\">Fecha:<\/span>\n\t\t\t\t<span class=\"tribe-events-meta-value\">\n\t\t\t\t\t<abbr class=\"tribe-events-abbr tribe-events-start-date published dtstart\" title=\"2026-09-15\"> septiembre 15 <\/abbr>\n\t\t\t\t<\/span>\n\t\t\t<\/li>\n\n\t\t\t<li class=\"tribe-events-meta-item\">\n\t\t\t\t<span class=\"tribe-events-meta-label\">Hora:<\/span>\n\t\t\t\t<span class=\"tribe-events-meta-value\">\n\t\t\t\t\t<div class=\"tribe-events-abbr tribe-events-start-time published dtstart\" title=\"2026-09-15\">\n\t\t\t\t\t\t1:00 pm &#8211; 3:00 pm\t\t\t\t\t\t\t\t\t\t\t<\/div>\n\t\t\t\t<\/span>\n\t\t\t<\/li>\n\n\t\t\n\t\t\n\t\t\n\t\t<li class=\"tribe-events-meta-item\"><span class=\"tribe-events-event-categories-label tribe-events-meta-label\">Categor\u00eda del Evento:<\/span> <span class=\"tribe-events-event-categories tribe-events-meta-value\"><a href=\"https:\/\/childcareawarewa.org\/es-mx\/events\/category\/desarrollo-profesional\/\" rel=\"tag\">Desarrollo profesional<\/a><\/span><\/li>\n\t\t\n\t\t\n\t\t\t<li class=\"tribe-events-meta-item\">\n\t\t\t\t<span class=\"tribe-events-meta-label\">P\u00e1gina Web:<\/span>\n\t\t\t\t<span class=\"tribe-events-event-url tribe-events-meta-value\"> <a href=\"https:\/\/www.brightspark.org\/product-category\/summer-classes\/\" target=\"_self\" rel=\"external\">https:\/\/www.brightspark.org\/product-category\/summer-classes\/<\/a> <\/span>\n\t\t\t<\/li>\n\t\t\n\t\t\t<\/ul>\n<\/div>\n\t\n<div class=\"tribe-events-meta-group tribe-events-meta-group-organizer\">\n\t<h3 class=\"tribe-events-single-section-title\">\n\t\t\t\t\tOrganizador\t\t\t<\/h3>\n\t<ul class=\"tribe-events-meta-list tribe-events-meta-list-organizer\">\n\t\t\t\t\t<li class=\"tribe-events-meta-item\">\n\t\t\t\t<span class=\"tribe-organizer tribe-events-meta-value\">\n\t\t\t\t\t<a href=\"https:\/\/childcareawarewa.org\/es-mx\/organizador\/departamento-de-desarrollo-profesional\/\" title=\"Departamento de Desarrollo Profesional\" target=\"_self\" rel=\"\">Departamento de Desarrollo Profesional<\/a>\t\t\t\t<\/span>\n\t\t\t<\/li>\n\t\t\t\t\t\t\t<li class=\"tribe-events-meta-item\">\n\t\t\t\t\t<span class=\"tribe-organizer-email-label tribe-events-meta-label\">\n\t\t\t\t\t\tCorreo electr\u00f3nico\t\t\t\t\t<\/span>\n\t\t\t\t\t<span class=\"tribe-organizer-email tribe-events-meta-value\">\n\t\t\t\t\t\tp&#114;o&#118;&#105;der&#064;&#099;&#104;il&#100;ca&#114;&#101;&#046;o&#114;&#103;\t\t\t\t\t<\/span>\n\t\t\t\t<\/li>\n\t\t\t\t\t\t\t\t<li class=\"tribe-events-meta-item\">\n\t\t\t\t\t<span class=\"tribe-organizer-url-label tribe-events-meta-label\">\n\t\t\t\t\t\tWebsite\t\t\t\t\t<\/span>\n\t\t\t\t\t<span class=\"tribe-organizer-url tribe-events-meta-value\">\n\t\t\t\t\t\t<a href=\"https:\/\/www.childcare.org\/\" target=\"_blank\" rel=\"noopener noreferrer\">View Organizador Website<\/a>\t\t\t\t\t<\/span>\n\t\t\t\t<\/li>\n\t\t\t\t\t<\/ul>\n<\/div>\n\n\t<\/div>\n<div  class=\"tribe-block tribe-block__venue tribe-clearfix\" >\n\t\n\t\n<div class=\"tribe-block__venue__meta\">\n\t<div class=\"tribe-block__venue__name\">\n\t\t<h3><a href=\"https:\/\/childcareawarewa.org\/es-mx\/lugar\/virtual-a-traves-de-zoom\/\" title=\"Virtual a trav\u00e9s de ZOOM\">Virtual a trav\u00e9s de ZOOM<\/a><\/h3>\n\t<\/div>\n\n\t\n\t\t\t\n\t\t\n\t\t\t\t\t<span class=\"tribe-block__venue__website\"><a href=\"https:\/\/www.brightspark.org\/venue\/virtual-via-zoom\/\" target=\"_self\" rel=\"external\">View Lugar Website<\/a><\/span><br \/>\n\t\t\t\n\t<\/div>\n\t\n\t<\/div>\n<h2 class=\"tribe-block__related-events__title\">Related Events<\/h2>\n\n<ul  class=\"tribe-related-events tribe-clearfix\" >\n\t\t\t<li>\n\t\n<div class=\"tribe-related-events-thumbnail\">\n\t<a href=\"https:\/\/childcareawarewa.org\/es-mx\/event\/como-crear-una-comunidad-en-el-aula-pdi-2026\/\" class=\"url\" rel=\"bookmark\" tabindex=\"-1\" aria-hidden=\"true\"><img decoding=\"async\" src=\"http:\/\/childcareawarewa.org\/wp-content\/plugins\/events-calendar-pro\/src\/resources\/images\/tribe-related-events-placeholder.png\" alt=\"C\u00f3mo crear una comunidad en el aula (PDI 2026)\" \/><\/a>\n<\/div>\n\t<div class=\"tribe-related-event-info\">\n\t<h3 class=\"tribe-related-events-title\">\n\t\t<a href=\"https:\/\/childcareawarewa.org\/es-mx\/event\/como-crear-una-comunidad-en-el-aula-pdi-2026\/\" class=\"tribe-event-url\" rel=\"bookmark\">\n\t\t\tC\u00f3mo crear una comunidad en el aula (PDI 2026)\t\t<\/a>\n\t<\/h3>\n\t<span class=\"tribe-event-date-start\">septiembre 15 @ 5:30 pm<\/span> &#8211; <span class=\"tribe-event-time\">7:30 pm<\/span><\/div>\n<\/li>\n\t\t\t<li>\n\t\n<div class=\"tribe-related-events-thumbnail\">\n\t<a href=\"https:\/\/childcareawarewa.org\/es-mx\/event\/alumnos-multilingues-en-el-aula-en-somali-pdi-2026\/\" class=\"url\" rel=\"bookmark\" tabindex=\"-1\" aria-hidden=\"true\"><img decoding=\"async\" src=\"http:\/\/childcareawarewa.org\/wp-content\/plugins\/events-calendar-pro\/src\/resources\/images\/tribe-related-events-placeholder.png\" alt=\"Alumnos multiling\u00fces en el aula (en somal\u00ed) (PDI 2026)\" \/><\/a>\n<\/div>\n\t<div class=\"tribe-related-event-info\">\n\t<h3 class=\"tribe-related-events-title\">\n\t\t<a href=\"https:\/\/childcareawarewa.org\/es-mx\/event\/alumnos-multilingues-en-el-aula-en-somali-pdi-2026\/\" class=\"tribe-event-url\" rel=\"bookmark\">\n\t\t\tAlumnos multiling\u00fces en el aula (en somal\u00ed) (PDI 2026)\t\t<\/a>\n\t<\/h3>\n\t<span class=\"tribe-event-date-start\">septiembre 15 @ 6:00 pm<\/span> &#8211; <span class=\"tribe-event-time\">8:00 pm<\/span><\/div>\n<\/li>\n\t\t\t<li>\n\t\n<div class=\"tribe-related-events-thumbnail\">\n\t<a href=\"https:\/\/childcareawarewa.org\/es-mx\/event\/tranquilizando-las-relaciones-estrategias-de-desescalada-para-los-cuidadores-infantiles-pdi-2026\/\" class=\"url\" rel=\"bookmark\" tabindex=\"-1\" aria-hidden=\"true\"><img decoding=\"async\" src=\"http:\/\/childcareawarewa.org\/wp-content\/plugins\/events-calendar-pro\/src\/resources\/images\/tribe-related-events-placeholder.png\" alt=\"Tranquilizando las relaciones: estrategias de desescalada para los cuidadores infantiles (PDI 2026)\" \/><\/a>\n<\/div>\n\t<div class=\"tribe-related-event-info\">\n\t<h3 class=\"tribe-related-events-title\">\n\t\t<a href=\"https:\/\/childcareawarewa.org\/es-mx\/event\/tranquilizando-las-relaciones-estrategias-de-desescalada-para-los-cuidadores-infantiles-pdi-2026\/\" class=\"tribe-event-url\" rel=\"bookmark\">\n\t\t\tTranquilizando las relaciones: estrategias de desescalada para los cuidadores infantiles (PDI 2026)\t\t<\/a>\n\t<\/h3>\n\t<span class=\"tribe-event-date-start\">septiembre 15 @ 6:30 pm<\/span> &#8211; <span class=\"tribe-event-time\">9:00 pm<\/span><\/div>\n<\/li>\n\t<\/ul>\n","protected":false},"excerpt":{"rendered":"<p>Guiar el comportamiento y, al mismo tiempo, mantener un entorno de aprendizaje temprano receptivo puede ser todo un reto. Muchos profesionales de la educaci\u00f3n infantil quieren entender mejor c\u00f3mo es<\/p>\n","protected":false},"author":41,"featured_media":0,"template":"","meta":{"_acf_changed":false,"_tec_requires_first_save":false,"protect_children":false,"inline_featured_image":false,"_EventAllDay":false,"_EventTimezone":"America\/Los_Angeles","_EventStartDate":"2026-09-15 13:00:00","_EventEndDate":"2026-09-15 15:00:00","_EventStartDateUTC":"2026-09-15 20:00:00","_EventEndDateUTC":"2026-09-15 22:00:00","_EventShowMap":false,"_EventShowMapLink":false,"_EventURL":"https:\/\/www.brightspark.org\/product-category\/summer-classes\/","_EventCost":"","_EventCostDescription":"","_EventCurrencySymbol":"","_EventCurrencyCode":"","_EventCurrencyPosition":"","_EventDateTimeSeparator":"","_EventTimeRangeSeparator":"","_EventOrganizerID":[10909],"_EventVenueID":[10983],"_OrganizerEmail":"","_OrganizerPhone":"","_OrganizerWebsite":"","_VenueAddress":"","_VenueCity":"","_VenueCountry":"","_VenueProvince":"","_VenueState":"","_VenueZip":"","_VenuePhone":"","_VenueURL":"","_VenueStateProvince":"","_VenueLat":"","_VenueLng":"","_VenueShowMap":false,"_VenueShowMapLink":false,"_tribe_blocks_recurrence_rules":"","_tribe_blocks_recurrence_description":"","_tribe_blocks_recurrence_exclusions":"","_tribe_events_status":"","_tribe_events_status_reason":"","_tribe_events_is_hybrid":"","_tribe_events_is_virtual":"","_tribe_events_virtual_video_source":"","_tribe_events_virtual_embed_video":"","_tribe_events_virtual_linked_button_text":"","_tribe_events_virtual_linked_button":"","_tribe_events_virtual_show_embed_at":"","_tribe_events_virtual_show_embed_to":[],"_tribe_events_virtual_show_on_event":"","_tribe_events_virtual_show_on_views":"","_tribe_events_virtual_url":"","footnotes":""},"tags":[],"tribe_events_cat":[250],"class_list":["post-21976","tribe_events","type-tribe_events","status-publish","hentry","tribe_events_cat-desarrollo-profesional","cat_desarrollo-profesional"],"acf":[],"_links":{"self":[{"href":"https:\/\/childcareawarewa.org\/es-mx\/wp-json\/wp\/v2\/tribe_events\/21976","targetHints":{"allow":["GET"]}}],"collection":[{"href":"https:\/\/childcareawarewa.org\/es-mx\/wp-json\/wp\/v2\/tribe_events"}],"about":[{"href":"https:\/\/childcareawarewa.org\/es-mx\/wp-json\/wp\/v2\/types\/tribe_events"}],"author":[{"embeddable":true,"href":"https:\/\/childcareawarewa.org\/es-mx\/wp-json\/wp\/v2\/users\/41"}],"version-history":[{"count":2,"href":"https:\/\/childcareawarewa.org\/es-mx\/wp-json\/wp\/v2\/tribe_events\/21976\/revisions"}],"predecessor-version":[{"id":22559,"href":"https:\/\/childcareawarewa.org\/es-mx\/wp-json\/wp\/v2\/tribe_events\/21976\/revisions\/22559"}],"wp:attachment":[{"href":"https:\/\/childcareawarewa.org\/es-mx\/wp-json\/wp\/v2\/media?parent=21976"}],"wp:term":[{"taxonomy":"post_tag","embeddable":true,"href":"https:\/\/childcareawarewa.org\/es-mx\/wp-json\/wp\/v2\/tags?post=21976"},{"taxonomy":"tribe_events_cat","embeddable":true,"href":"https:\/\/childcareawarewa.org\/es-mx\/wp-json\/wp\/v2\/tribe_events_cat?post=21976"}],"curies":[{"name":"wp","href":"https:\/\/api.w.org\/{rel}","templated":true}]}},{"id":21956,"date":"2026-07-27T11:37:55","date_gmt":"2026-07-27T18:37:55","guid":{"rendered":"https:\/\/childcareawarewa.org\/event\/como-crear-una-comunidad-en-el-aula-pdi-2026\/"},"modified":"2026-08-31T13:40:18","modified_gmt":"2026-08-31T20:40:18","slug":"como-crear-una-comunidad-en-el-aula-pdi-2026","status":"publish","type":"tribe_events","link":"https:\/\/childcareawarewa.org\/es-mx\/event\/como-crear-una-comunidad-en-el-aula-pdi-2026\/","title":{"rendered":"C\u00f3mo crear una comunidad en el aula (PDI 2026)"},"content":{"rendered":"<div  class=\"tribe-events-schedule tribe-clearfix\" >\n\t<p class=\"tribe-events-schedule__datetime\">\n\t\t<span class=\"tribe-events-schedule__date tribe-events-schedule__date--start\">\n\t\t\tseptiembre 15\t\t<\/span>\n\n\t\t\t\t\t<span class=\"tribe-events-schedule__separator tribe-events-schedule__separator--date\">\n\t\t\t\t @ \t\t\t<\/span>\n\t\t\t<span class=\"tribe-events-schedule__time tribe-events-schedule__time--start\">\n\t\t\t\t5:30 pm\t\t\t<\/span>\n\t\t\n\t\t\t\t\t\t\t\t\t<span class=\"tribe-events-schedule__separator tribe-events-schedule__separator--time\">\n\t\t\t\t\t &#8211; \t\t\t\t<\/span>\n\t\t\t\n\t\t\t\t\t\t\t<span class=\"tribe-events-schedule__time tribe-events-schedule__time--end\">\n\t\t\t\t\t7:30 pm\t\t\t\t<\/span>\n\t\t\t\n\t\t\t\t\t\t<\/p>\n<\/div>\n<p>\u00danete a nosotros para profundizar en un interesante debate sobre qu\u00e9 es una comunidad de clase positiva, por qu\u00e9 es importante y c\u00f3mo crear y mantener una comunidad de clase s\u00f3lida y positiva.<\/p>\n<p>Fecha: 15 de septiembre de 2026<\/p>\n<p>Hora: de 17:30 a 19:30<\/p>\n<p>DURACI\u00d3N: 2 horas<\/p>\n<p>Precio: 10 d\u00f3lares<\/p>\n<p>&nbsp;<\/p>\n<p>@P\u00fablico<\/p>\n\t<div  class=\"tribe-block tribe-block__events-link\" >\n\t\t<div class=\"tribe-events tribe-common\">\n\t\t\t<div class=\"tribe-events-c-subscribe-dropdown__container\">\n\t\t\t\t<div class=\"tribe-events-c-subscribe-dropdown\">\n\t\t\t\t\t<div class=\"tribe-common-c-btn-border tribe-events-c-subscribe-dropdown__button\">\n\t\t\t\t\t\t<svg\n\t class=\"tribe-common-c-svgicon tribe-common-c-svgicon--cal-export tribe-events-c-subscribe-dropdown__export-icon\" \taria-hidden=\"true\"\n\tviewBox=\"0 0 23 17\"\n\txmlns=\"http:\/\/www.w3.org\/2000\/svg\"\n>\n\t<path fill-rule=\"evenodd\" clip-rule=\"evenodd\" d=\"M.128.896V16.13c0 .211.145.383.323.383h15.354c.179 0 .323-.172.323-.383V.896c0-.212-.144-.383-.323-.383H.451C.273.513.128.684.128.896Zm16 6.742h-.901V4.679H1.009v10.729h14.218v-3.336h.901V7.638ZM1.01 1.614h14.218v2.058H1.009V1.614Z\" \/>\n\t<path d=\"M20.5 9.846H8.312M18.524 6.953l2.89 2.909-2.855 2.855\" stroke-width=\"1.2\" stroke-linecap=\"round\" stroke-linejoin=\"round\"\/>\n<\/svg>\n\t\t\t\t\t\t<button\n\t\t\t\t\t\t\tclass=\"tribe-events-c-subscribe-dropdown__button-text\"\n\t\t\t\t\t\t\taria-expanded=\"false\"\n\t\t\t\t\t\t\taria-controls=\"tribe-events-subscribe-dropdown-content\"\n\t\t\t\t\t\t\taria-label=\"View links to add events to your calendar\"\n\t\t\t\t\t\t>\n\t\t\t\t\t\t\tAgregar al calendario\t\t\t\t\t\t<\/button>\n\t\t\t\t\t\t<svg\n\t class=\"tribe-common-c-svgicon tribe-common-c-svgicon--caret-down tribe-events-c-subscribe-dropdown__button-icon\" \taria-hidden=\"true\"\n\tviewBox=\"0 0 10 7\"\n\txmlns=\"http:\/\/www.w3.org\/2000\/svg\"\n>\n\t<path fill-rule=\"evenodd\" clip-rule=\"evenodd\" d=\"M1.008.609L5 4.6 8.992.61l.958.958L5 6.517.05 1.566l.958-.958z\" class=\"tribe-common-c-svgicon__svg-fill\"\/>\n<\/svg>\n\t\t\t\t\t<\/div>\n\t\t\t\t\t<div id=\"tribe-events-subscribe-dropdown-content\" class=\"tribe-events-c-subscribe-dropdown__content\">\n\t\t\t\t\t\t<ul class=\"tribe-events-c-subscribe-dropdown__list\">\n\t\t\t\t\t\t\t\t\t\t\t\t\t\t\t<li class=\"tribe-events-c-subscribe-dropdown__list-item tribe-events-c-subscribe-dropdown__list-item--gcal\">\n\t\t\t\t\t\t\t\t\t<a\n\t\t\t\t\t\t\t\t\t\thref=\"https:\/\/www.google.com\/calendar\/event?action=TEMPLATE&#038;dates=20260915T173000\/20260915T193000&#038;text=C%C3%B3mo%20crear%20una%20comunidad%20en%20el%20aula%20%28PDI%202026%29&#038;details=%3Cp%3E%C3%9Anete+a+nosotros+para+profundizar+en+un+interesante+debate+sobre+qu%C3%A9+es+una+comunidad+de+clase+positiva%2C+por+qu%C3%A9+es+importante+y+c%C3%B3mo+crear+y+mantener+una+comunidad+de+clase+s%C3%B3lida+y+positiva.%3C%2Fp%3E+%3Cp%3EFecha%3A+15+de+septiembre+de+2026%3C%2Fp%3E+%3Cp%3EHora%3A+de+17%3A30+a+19%3A30%3C%2Fp%3E+%3Cp%3EDURACI%C3%93N%3A+2+horas%3C%2Fp%3E+%3Cp%3EPrecio%3A+10+d%C3%B3lares%3C%2Fp%3E+%3Cp%3E%26nbsp%3B%3C%2Fp%3E+%3Cp%3E%40P%C3%BAblico%3C%2Fp%3E+&#038;location=Virtual%20a%20trav\u00e9s%20de%20ZOOM&#038;trp=false&#038;ctz=America\/Los_Angeles&#038;sprop=website:https:\/\/childcareawarewa.org\/es-mx\/\"\n\t\t\t\t\t\t\t\t\t\tclass=\"tribe-events-c-subscribe-dropdown__list-item-link\"\n\t\t\t\t\t\t\t\t\t\ttarget=\"_blank\"\n\t\t\t\t\t\t\t\t\t\trel=\"noopener noreferrer nofollow noindex\"\n\t\t\t\t\t\t\t\t\t>\n\t\t\t\t\t\t\t\t\t\tGoogle Calendar\t\t\t\t\t\t\t\t\t<\/a>\n\t\t\t\t\t\t\t\t<\/li>\n\t\t\t\t\t\t\t\t\t\t\t\t\t\t\t<li class=\"tribe-events-c-subscribe-dropdown__list-item tribe-events-c-subscribe-dropdown__list-item--ical\">\n\t\t\t\t\t\t\t\t\t<a\n\t\t\t\t\t\t\t\t\t\thref=\"\"\n\t\t\t\t\t\t\t\t\t\tclass=\"tribe-events-c-subscribe-dropdown__list-item-link\"\n\t\t\t\t\t\t\t\t\t\ttarget=\"_blank\"\n\t\t\t\t\t\t\t\t\t\trel=\"noopener noreferrer nofollow noindex\"\n\t\t\t\t\t\t\t\t\t>\n\t\t\t\t\t\t\t\t\t\tiCalendar\t\t\t\t\t\t\t\t\t<\/a>\n\t\t\t\t\t\t\t\t<\/li>\n\t\t\t\t\t\t\t\t\t\t\t\t\t\t\t<li class=\"tribe-events-c-subscribe-dropdown__list-item tribe-events-c-subscribe-dropdown__list-item--outlook-365\">\n\t\t\t\t\t\t\t\t\t<a\n\t\t\t\t\t\t\t\t\t\thref=\"\"\n\t\t\t\t\t\t\t\t\t\tclass=\"tribe-events-c-subscribe-dropdown__list-item-link\"\n\t\t\t\t\t\t\t\t\t\ttarget=\"_blank\"\n\t\t\t\t\t\t\t\t\t\trel=\"noopener noreferrer nofollow noindex\"\n\t\t\t\t\t\t\t\t\t>\n\t\t\t\t\t\t\t\t\t\tOutlook 365\t\t\t\t\t\t\t\t\t<\/a>\n\t\t\t\t\t\t\t\t<\/li>\n\t\t\t\t\t\t\t\t\t\t\t\t\t\t\t<li class=\"tribe-events-c-subscribe-dropdown__list-item tribe-events-c-subscribe-dropdown__list-item--outlook-live\">\n\t\t\t\t\t\t\t\t\t<a\n\t\t\t\t\t\t\t\t\t\thref=\"\"\n\t\t\t\t\t\t\t\t\t\tclass=\"tribe-events-c-subscribe-dropdown__list-item-link\"\n\t\t\t\t\t\t\t\t\t\ttarget=\"_blank\"\n\t\t\t\t\t\t\t\t\t\trel=\"noopener noreferrer nofollow noindex\"\n\t\t\t\t\t\t\t\t\t>\n\t\t\t\t\t\t\t\t\t\tOutlook Live\t\t\t\t\t\t\t\t\t<\/a>\n\t\t\t\t\t\t\t\t<\/li>\n\t\t\t\t\t\t\t\t\t\t\t\t\t<\/ul>\n\t\t\t\t\t<\/div>\n\t\t\t\t<\/div>\n\t\t\t<\/div>\n\t\t<\/div>\n\t<\/div>\n\n<div  class=\"tribe-events-single-section tribe-events-event-meta primary tribe-clearfix\" >\n\t\n\t\n<div class=\"tribe-events-meta-group tribe-events-meta-group-details\">\n\t<h3 class=\"tribe-events-single-section-title\">\n\t\t\t\t\tDetalles\t\t\n\t<\/h3>\n\t<ul class=\"tribe-events-meta-list\">\n\n\t\t\n\t\t\t<li class=\"tribe-events-meta-item\">\n\t\t\t\t<span class=\"tribe-events-meta-label\">Fecha:<\/span>\n\t\t\t\t<span class=\"tribe-events-meta-value\">\n\t\t\t\t\t<abbr class=\"tribe-events-abbr tribe-events-start-date published dtstart\" title=\"2026-09-15\"> septiembre 15 <\/abbr>\n\t\t\t\t<\/span>\n\t\t\t<\/li>\n\n\t\t\t<li class=\"tribe-events-meta-item\">\n\t\t\t\t<span class=\"tribe-events-meta-label\">Hora:<\/span>\n\t\t\t\t<span class=\"tribe-events-meta-value\">\n\t\t\t\t\t<div class=\"tribe-events-abbr tribe-events-start-time published dtstart\" title=\"2026-09-15\">\n\t\t\t\t\t\t5:30 pm &#8211; 7:30 pm\t\t\t\t\t\t\t\t\t\t\t<\/div>\n\t\t\t\t<\/span>\n\t\t\t<\/li>\n\n\t\t\n\t\t\n\t\t\n\t\t<li class=\"tribe-events-meta-item\"><span class=\"tribe-events-event-categories-label tribe-events-meta-label\">Categor\u00eda del Evento:<\/span> <span class=\"tribe-events-event-categories tribe-events-meta-value\"><a href=\"https:\/\/childcareawarewa.org\/es-mx\/events\/category\/desarrollo-profesional\/\" rel=\"tag\">Desarrollo profesional<\/a><\/span><\/li>\n\t\t\n\t\t\n\t\t\t<li class=\"tribe-events-meta-item\">\n\t\t\t\t<span class=\"tribe-events-meta-label\">P\u00e1gina Web:<\/span>\n\t\t\t\t<span class=\"tribe-events-event-url tribe-events-meta-value\"> <a href=\"https:\/\/www.brightspark.org\/product-category\/summer-classes\/\" target=\"_self\" rel=\"external\">https:\/\/www.brightspark.org\/product-category\/summer-classes\/<\/a> <\/span>\n\t\t\t<\/li>\n\t\t\n\t\t\t<\/ul>\n<\/div>\n\t\n<div class=\"tribe-events-meta-group tribe-events-meta-group-organizer\">\n\t<h3 class=\"tribe-events-single-section-title\">\n\t\t\t\t\tOrganizador\t\t\t<\/h3>\n\t<ul class=\"tribe-events-meta-list tribe-events-meta-list-organizer\">\n\t\t\t\t\t<li class=\"tribe-events-meta-item\">\n\t\t\t\t<span class=\"tribe-organizer tribe-events-meta-value\">\n\t\t\t\t\t<a href=\"https:\/\/childcareawarewa.org\/es-mx\/organizador\/departamento-de-desarrollo-profesional\/\" title=\"Departamento de Desarrollo Profesional\" target=\"_self\" rel=\"\">Departamento de Desarrollo Profesional<\/a>\t\t\t\t<\/span>\n\t\t\t<\/li>\n\t\t\t\t\t\t\t<li class=\"tribe-events-meta-item\">\n\t\t\t\t\t<span class=\"tribe-organizer-email-label tribe-events-meta-label\">\n\t\t\t\t\t\tCorreo electr\u00f3nico\t\t\t\t\t<\/span>\n\t\t\t\t\t<span class=\"tribe-organizer-email tribe-events-meta-value\">\n\t\t\t\t\t\t&#112;&#114;&#111;v&#105;&#100;er&#064;&#099;h&#105;&#108;&#100;&#099;&#097;r&#101;&#046;org\t\t\t\t\t<\/span>\n\t\t\t\t<\/li>\n\t\t\t\t\t\t\t\t<li class=\"tribe-events-meta-item\">\n\t\t\t\t\t<span class=\"tribe-organizer-url-label tribe-events-meta-label\">\n\t\t\t\t\t\tWebsite\t\t\t\t\t<\/span>\n\t\t\t\t\t<span class=\"tribe-organizer-url tribe-events-meta-value\">\n\t\t\t\t\t\t<a href=\"https:\/\/www.childcare.org\/\" target=\"_blank\" rel=\"noopener noreferrer\">View Organizador Website<\/a>\t\t\t\t\t<\/span>\n\t\t\t\t<\/li>\n\t\t\t\t\t<\/ul>\n<\/div>\n\n\t<\/div>\n<div  class=\"tribe-block tribe-block__venue tribe-clearfix\" >\n\t\n\t\n<div class=\"tribe-block__venue__meta\">\n\t<div class=\"tribe-block__venue__name\">\n\t\t<h3><a href=\"https:\/\/childcareawarewa.org\/es-mx\/lugar\/virtual-a-traves-de-zoom\/\" title=\"Virtual a trav\u00e9s de ZOOM\">Virtual a trav\u00e9s de ZOOM<\/a><\/h3>\n\t<\/div>\n\n\t\n\t\t\t\n\t\t\n\t\t\t\t\t<span class=\"tribe-block__venue__website\"><a href=\"https:\/\/www.brightspark.org\/venue\/virtual-via-zoom\/\" target=\"_self\" rel=\"external\">View Lugar Website<\/a><\/span><br \/>\n\t\t\t\n\t<\/div>\n\t\n\t<\/div>\n<h2 class=\"tribe-block__related-events__title\">Related Events<\/h2>\n\n<ul  class=\"tribe-related-events tribe-clearfix\" >\n\t\t\t<li>\n\t\n<div class=\"tribe-related-events-thumbnail\">\n\t<a href=\"https:\/\/childcareawarewa.org\/es-mx\/event\/orientacion-conductual-como-guiar-el-comportamiento-de-los-ninos-a-traves-de-un-entorno-de-aprendizaje-temprano-receptivo-pdi-2026\/\" class=\"url\" rel=\"bookmark\" tabindex=\"-1\" aria-hidden=\"true\"><img decoding=\"async\" src=\"http:\/\/childcareawarewa.org\/wp-content\/plugins\/events-calendar-pro\/src\/resources\/images\/tribe-related-events-placeholder.png\" alt=\"Orientaci\u00f3n conductual: C\u00f3mo guiar el comportamiento de los ni\u00f1os a trav\u00e9s de un entorno de aprendizaje temprano receptivo (PDI 2026)\" \/><\/a>\n<\/div>\n\t<div class=\"tribe-related-event-info\">\n\t<h3 class=\"tribe-related-events-title\">\n\t\t<a href=\"https:\/\/childcareawarewa.org\/es-mx\/event\/orientacion-conductual-como-guiar-el-comportamiento-de-los-ninos-a-traves-de-un-entorno-de-aprendizaje-temprano-receptivo-pdi-2026\/\" class=\"tribe-event-url\" rel=\"bookmark\">\n\t\t\tOrientaci\u00f3n conductual: C\u00f3mo guiar el comportamiento de los ni\u00f1os a trav\u00e9s de un entorno de aprendizaje temprano receptivo (PDI 2026)\t\t<\/a>\n\t<\/h3>\n\t<span class=\"tribe-event-date-start\">septiembre 15 @ 1:00 pm<\/span> &#8211; <span class=\"tribe-event-time\">3:00 pm<\/span><\/div>\n<\/li>\n\t\t\t<li>\n\t\n<div class=\"tribe-related-events-thumbnail\">\n\t<a href=\"https:\/\/childcareawarewa.org\/es-mx\/event\/alumnos-multilingues-en-el-aula-en-somali-pdi-2026\/\" class=\"url\" rel=\"bookmark\" tabindex=\"-1\" aria-hidden=\"true\"><img decoding=\"async\" src=\"http:\/\/childcareawarewa.org\/wp-content\/plugins\/events-calendar-pro\/src\/resources\/images\/tribe-related-events-placeholder.png\" alt=\"Alumnos multiling\u00fces en el aula (en somal\u00ed) (PDI 2026)\" \/><\/a>\n<\/div>\n\t<div class=\"tribe-related-event-info\">\n\t<h3 class=\"tribe-related-events-title\">\n\t\t<a href=\"https:\/\/childcareawarewa.org\/es-mx\/event\/alumnos-multilingues-en-el-aula-en-somali-pdi-2026\/\" class=\"tribe-event-url\" rel=\"bookmark\">\n\t\t\tAlumnos multiling\u00fces en el aula (en somal\u00ed) (PDI 2026)\t\t<\/a>\n\t<\/h3>\n\t<span class=\"tribe-event-date-start\">septiembre 15 @ 6:00 pm<\/span> &#8211; <span class=\"tribe-event-time\">8:00 pm<\/span><\/div>\n<\/li>\n\t\t\t<li>\n\t\n<div class=\"tribe-related-events-thumbnail\">\n\t<a href=\"https:\/\/childcareawarewa.org\/es-mx\/event\/tranquilizando-las-relaciones-estrategias-de-desescalada-para-los-cuidadores-infantiles-pdi-2026\/\" class=\"url\" rel=\"bookmark\" tabindex=\"-1\" aria-hidden=\"true\"><img decoding=\"async\" src=\"http:\/\/childcareawarewa.org\/wp-content\/plugins\/events-calendar-pro\/src\/resources\/images\/tribe-related-events-placeholder.png\" alt=\"Tranquilizando las relaciones: estrategias de desescalada para los cuidadores infantiles (PDI 2026)\" \/><\/a>\n<\/div>\n\t<div class=\"tribe-related-event-info\">\n\t<h3 class=\"tribe-related-events-title\">\n\t\t<a href=\"https:\/\/childcareawarewa.org\/es-mx\/event\/tranquilizando-las-relaciones-estrategias-de-desescalada-para-los-cuidadores-infantiles-pdi-2026\/\" class=\"tribe-event-url\" rel=\"bookmark\">\n\t\t\tTranquilizando las relaciones: estrategias de desescalada para los cuidadores infantiles (PDI 2026)\t\t<\/a>\n\t<\/h3>\n\t<span class=\"tribe-event-date-start\">septiembre 15 @ 6:30 pm<\/span> &#8211; <span class=\"tribe-event-time\">9:00 pm<\/span><\/div>\n<\/li>\n\t<\/ul>\n","protected":false},"excerpt":{"rendered":"<p>\u00danete a nosotros para profundizar en un interesante debate sobre qu\u00e9 es una comunidad de clase positiva, por qu\u00e9 es importante y c\u00f3mo crear y mantener una comunidad de clase<\/p>\n","protected":false},"author":41,"featured_media":0,"template":"","meta":{"_acf_changed":false,"_tec_requires_first_save":false,"protect_children":false,"inline_featured_image":false,"_EventAllDay":false,"_EventTimezone":"America\/Los_Angeles","_EventStartDate":"2026-09-15 17:30:00","_EventEndDate":"2026-09-15 19:30:00","_EventStartDateUTC":"2026-09-16 00:30:00","_EventEndDateUTC":"2026-09-16 02:30:00","_EventShowMap":false,"_EventShowMapLink":false,"_EventURL":"https:\/\/www.brightspark.org\/product-category\/summer-classes\/","_EventCost":"","_EventCostDescription":"","_EventCurrencySymbol":"","_EventCurrencyCode":"","_EventCurrencyPosition":"","_EventDateTimeSeparator":"","_EventTimeRangeSeparator":"","_EventOrganizerID":[10909],"_EventVenueID":[10983],"_OrganizerEmail":"","_OrganizerPhone":"","_OrganizerWebsite":"","_VenueAddress":"","_VenueCity":"","_VenueCountry":"","_VenueProvince":"","_VenueState":"","_VenueZip":"","_VenuePhone":"","_VenueURL":"","_VenueStateProvince":"","_VenueLat":"","_VenueLng":"","_VenueShowMap":false,"_VenueShowMapLink":false,"_tribe_blocks_recurrence_rules":"","_tribe_blocks_recurrence_description":"","_tribe_blocks_recurrence_exclusions":"","_tribe_events_status":"","_tribe_events_status_reason":"","_tribe_events_is_hybrid":"","_tribe_events_is_virtual":"","_tribe_events_virtual_video_source":"","_tribe_events_virtual_embed_video":"","_tribe_events_virtual_linked_button_text":"","_tribe_events_virtual_linked_button":"","_tribe_events_virtual_show_embed_at":"","_tribe_events_virtual_show_embed_to":[],"_tribe_events_virtual_show_on_event":"","_tribe_events_virtual_show_on_views":"","_tribe_events_virtual_url":"","footnotes":""},"tags":[],"tribe_events_cat":[250],"class_list":["post-21956","tribe_events","type-tribe_events","status-publish","hentry","tribe_events_cat-desarrollo-profesional","cat_desarrollo-profesional"],"acf":[],"_links":{"self":[{"href":"https:\/\/childcareawarewa.org\/es-mx\/wp-json\/wp\/v2\/tribe_events\/21956","targetHints":{"allow":["GET"]}}],"collection":[{"href":"https:\/\/childcareawarewa.org\/es-mx\/wp-json\/wp\/v2\/tribe_events"}],"about":[{"href":"https:\/\/childcareawarewa.org\/es-mx\/wp-json\/wp\/v2\/types\/tribe_events"}],"author":[{"embeddable":true,"href":"https:\/\/childcareawarewa.org\/es-mx\/wp-json\/wp\/v2\/users\/41"}],"version-history":[{"count":2,"href":"https:\/\/childcareawarewa.org\/es-mx\/wp-json\/wp\/v2\/tribe_events\/21956\/revisions"}],"predecessor-version":[{"id":22565,"href":"https:\/\/childcareawarewa.org\/es-mx\/wp-json\/wp\/v2\/tribe_events\/21956\/revisions\/22565"}],"wp:attachment":[{"href":"https:\/\/childcareawarewa.org\/es-mx\/wp-json\/wp\/v2\/media?parent=21956"}],"wp:term":[{"taxonomy":"post_tag","embeddable":true,"href":"https:\/\/childcareawarewa.org\/es-mx\/wp-json\/wp\/v2\/tags?post=21956"},{"taxonomy":"tribe_events_cat","embeddable":true,"href":"https:\/\/childcareawarewa.org\/es-mx\/wp-json\/wp\/v2\/tribe_events_cat?post=21956"}],"curies":[{"name":"wp","href":"https:\/\/api.w.org\/{rel}","templated":true}]}},{"id":21955,"date":"2026-07-27T11:37:15","date_gmt":"2026-07-27T18:37:15","guid":{"rendered":"https:\/\/childcareawarewa.org\/event\/tranquilizando-las-relaciones-estrategias-de-desescalada-para-los-cuidadores-infantiles-pdi-2026\/"},"modified":"2026-08-31T13:40:21","modified_gmt":"2026-08-31T20:40:21","slug":"tranquilizando-las-relaciones-estrategias-de-desescalada-para-los-cuidadores-infantiles-pdi-2026","status":"publish","type":"tribe_events","link":"https:\/\/childcareawarewa.org\/es-mx\/event\/tranquilizando-las-relaciones-estrategias-de-desescalada-para-los-cuidadores-infantiles-pdi-2026\/","title":{"rendered":"Tranquilizando las relaciones: estrategias de desescalada para los cuidadores infantiles (PDI 2026)"},"content":{"rendered":"<div  class=\"tribe-events-schedule tribe-clearfix\" >\n\t<p class=\"tribe-events-schedule__datetime\">\n\t\t<span class=\"tribe-events-schedule__date tribe-events-schedule__date--start\">\n\t\t\tseptiembre 15\t\t<\/span>\n\n\t\t\t\t\t<span class=\"tribe-events-schedule__separator tribe-events-schedule__separator--date\">\n\t\t\t\t @ \t\t\t<\/span>\n\t\t\t<span class=\"tribe-events-schedule__time tribe-events-schedule__time--start\">\n\t\t\t\t6:30 pm\t\t\t<\/span>\n\t\t\n\t\t\t\t\t\t\t\t\t<span class=\"tribe-events-schedule__separator tribe-events-schedule__separator--time\">\n\t\t\t\t\t &#8211; \t\t\t\t<\/span>\n\t\t\t\n\t\t\t\t\t\t\t<span class=\"tribe-events-schedule__time tribe-events-schedule__time--end\">\n\t\t\t\t\t9:00 pm\t\t\t\t<\/span>\n\t\t\t\n\t\t\t\t\t\t<\/p>\n<\/div>\n<p>En este taller interactivo y pr\u00e1ctico, los cuidadores de ni\u00f1os aprender\u00e1n estrategias eficaces para calmar los comportamientos problem\u00e1ticos y fomentar relaciones tranquilas y positivas con los m\u00e1s peque\u00f1os. Al entender las causas fundamentales de la frustraci\u00f3n y la angustia, los participantes adquirir\u00e1n herramientas para prevenir los conflictos antes de que surjan, as\u00ed como t\u00e9cnicas para gestionar y calmar de forma segura las situaciones cuando estas se produzcan.  Este curso abordar\u00e1 conceptos clave como la regulaci\u00f3n emocional, la escucha activa, la comunicaci\u00f3n no verbal y la importancia de establecer relaciones s\u00f3lidas y de confianza con los ni\u00f1os. Los cuidadores tambi\u00e9n aprender\u00e1n a reconocer los primeros signos de malestar, a crear un ambiente tranquilo y acogedor, y a emplear estrategias que ayuden a los ni\u00f1os a recuperar el equilibrio emocional. Al finalizar el curso, los participantes se sentir\u00e1n m\u00e1s seguros de su capacidad para manejar situaciones dif\u00edciles con empat\u00eda y serenidad, al tiempo que ayudan a los ni\u00f1os a desarrollar sus propias habilidades de regulaci\u00f3n emocional. Ideal para profesionales del cuidado infantil que trabajan con beb\u00e9s, ni\u00f1os peque\u00f1os y en edad preescolar, \u00abCalming Connections\u00bb te ayudar\u00e1 a sentar las bases para un comportamiento positivo y el bienestar emocional en entornos de la primera infancia.   <\/p>\n<p>Fecha: 15 de septiembre de 2026<\/p>\n<p>Hora: de 18:30 a 21:00<\/p>\n<p>DURACI\u00d3N: 2,5 horas<\/p>\n<p>Precio: 10 d\u00f3lares<\/p>\n<p>&nbsp;<\/p>\n<p>&nbsp;<\/p>\n<p>@P\u00fablico<\/p>\n\t<div  class=\"tribe-block tribe-block__events-link\" >\n\t\t<div class=\"tribe-events tribe-common\">\n\t\t\t<div class=\"tribe-events-c-subscribe-dropdown__container\">\n\t\t\t\t<div class=\"tribe-events-c-subscribe-dropdown\">\n\t\t\t\t\t<div class=\"tribe-common-c-btn-border tribe-events-c-subscribe-dropdown__button\">\n\t\t\t\t\t\t<svg\n\t class=\"tribe-common-c-svgicon tribe-common-c-svgicon--cal-export tribe-events-c-subscribe-dropdown__export-icon\" \taria-hidden=\"true\"\n\tviewBox=\"0 0 23 17\"\n\txmlns=\"http:\/\/www.w3.org\/2000\/svg\"\n>\n\t<path fill-rule=\"evenodd\" clip-rule=\"evenodd\" d=\"M.128.896V16.13c0 .211.145.383.323.383h15.354c.179 0 .323-.172.323-.383V.896c0-.212-.144-.383-.323-.383H.451C.273.513.128.684.128.896Zm16 6.742h-.901V4.679H1.009v10.729h14.218v-3.336h.901V7.638ZM1.01 1.614h14.218v2.058H1.009V1.614Z\" \/>\n\t<path d=\"M20.5 9.846H8.312M18.524 6.953l2.89 2.909-2.855 2.855\" stroke-width=\"1.2\" stroke-linecap=\"round\" stroke-linejoin=\"round\"\/>\n<\/svg>\n\t\t\t\t\t\t<button\n\t\t\t\t\t\t\tclass=\"tribe-events-c-subscribe-dropdown__button-text\"\n\t\t\t\t\t\t\taria-expanded=\"false\"\n\t\t\t\t\t\t\taria-controls=\"tribe-events-subscribe-dropdown-content\"\n\t\t\t\t\t\t\taria-label=\"View links to add events to your calendar\"\n\t\t\t\t\t\t>\n\t\t\t\t\t\t\tAgregar al calendario\t\t\t\t\t\t<\/button>\n\t\t\t\t\t\t<svg\n\t class=\"tribe-common-c-svgicon tribe-common-c-svgicon--caret-down tribe-events-c-subscribe-dropdown__button-icon\" \taria-hidden=\"true\"\n\tviewBox=\"0 0 10 7\"\n\txmlns=\"http:\/\/www.w3.org\/2000\/svg\"\n>\n\t<path fill-rule=\"evenodd\" clip-rule=\"evenodd\" d=\"M1.008.609L5 4.6 8.992.61l.958.958L5 6.517.05 1.566l.958-.958z\" class=\"tribe-common-c-svgicon__svg-fill\"\/>\n<\/svg>\n\t\t\t\t\t<\/div>\n\t\t\t\t\t<div id=\"tribe-events-subscribe-dropdown-content\" class=\"tribe-events-c-subscribe-dropdown__content\">\n\t\t\t\t\t\t<ul class=\"tribe-events-c-subscribe-dropdown__list\">\n\t\t\t\t\t\t\t\t\t\t\t\t\t\t\t<li class=\"tribe-events-c-subscribe-dropdown__list-item tribe-events-c-subscribe-dropdown__list-item--gcal\">\n\t\t\t\t\t\t\t\t\t<a\n\t\t\t\t\t\t\t\t\t\thref=\"https:\/\/www.google.com\/calendar\/event?action=TEMPLATE&#038;dates=20260915T183000\/20260915T210000&#038;text=Tranquilizando%20las%20relaciones%3A%20estrategias%20de%20desescalada%20para%20los%20cuidadores%20infantiles%20%28PDI%202026%29&#038;details=%3Cp%3EEn+este+taller+interactivo+y+pr%C3%A1ctico%2C+los+cuidadores+de+ni%C3%B1os+aprender%C3%A1n+estrategias+eficaces+para+calmar+los+comportamientos+problem%C3%A1ticos+y+fomentar+relaciones+tranquilas+y+positivas+con+los+m%C3%A1s+peque%C3%B1os.+Al+entender+las+causas+fundamentales+de+la+frustraci%C3%B3n+y+la+angustia%2C+los+participantes+adquirir%C3%A1n+herramientas+para+prevenir+los+conflictos+antes+de+que+surjan%2C+as%C3%AD+como+t%C3%A9cnicas+para+gestionar+y+calmar+de+forma+segura+las+situaciones+cuando+estas+se+produzcan.++Este+curso+abordar%C3%A1+conceptos+clave+como+la+regulaci%C3%B3n+emocional%2C+la+escucha+activa%2C+la+comunicaci%C3%B3n+no+verbal+y+la+importancia+de+establecer+relaciones+s%C3%B3lidas+y+de+confianza+con+los+ni%C3%B1os.+Los+cuidadores+tambi%C3%A9n+aprender%C3%A1n+a+reconocer+los+primeros+signos+de+malestar%2C+a+crear+un+ambiente+tranquilo+y+acogedor%2C+y+a+emplear+estrategias+que+ayuden+a+los+ni%C3%B1os+a+recuperar+el+equilibrio+emocional.+Al+finalizar+el+curso%2C+los+participantes+se+sentir%C3%A1n+m%C3%A1s+seguros+de+su+capacidad+para+manejar+situaciones%3C%2Fp%3E+%28View+Full+evento+Description+Here%3A+https%3A%2F%2Fchildcareawarewa.org%2Fes-mx%2Fevent%2Ftranquilizando-las-relaciones-estrategias-de-desescalada-para-los-cuidadores-infantiles-pdi-2026%2F%29&#038;location=Virtual%20a%20trav\u00e9s%20de%20ZOOM&#038;trp=false&#038;ctz=America\/Los_Angeles&#038;sprop=website:https:\/\/childcareawarewa.org\/es-mx\/\"\n\t\t\t\t\t\t\t\t\t\tclass=\"tribe-events-c-subscribe-dropdown__list-item-link\"\n\t\t\t\t\t\t\t\t\t\ttarget=\"_blank\"\n\t\t\t\t\t\t\t\t\t\trel=\"noopener noreferrer nofollow noindex\"\n\t\t\t\t\t\t\t\t\t>\n\t\t\t\t\t\t\t\t\t\tGoogle Calendar\t\t\t\t\t\t\t\t\t<\/a>\n\t\t\t\t\t\t\t\t<\/li>\n\t\t\t\t\t\t\t\t\t\t\t\t\t\t\t<li class=\"tribe-events-c-subscribe-dropdown__list-item tribe-events-c-subscribe-dropdown__list-item--ical\">\n\t\t\t\t\t\t\t\t\t<a\n\t\t\t\t\t\t\t\t\t\thref=\"\"\n\t\t\t\t\t\t\t\t\t\tclass=\"tribe-events-c-subscribe-dropdown__list-item-link\"\n\t\t\t\t\t\t\t\t\t\ttarget=\"_blank\"\n\t\t\t\t\t\t\t\t\t\trel=\"noopener noreferrer nofollow noindex\"\n\t\t\t\t\t\t\t\t\t>\n\t\t\t\t\t\t\t\t\t\tiCalendar\t\t\t\t\t\t\t\t\t<\/a>\n\t\t\t\t\t\t\t\t<\/li>\n\t\t\t\t\t\t\t\t\t\t\t\t\t\t\t<li class=\"tribe-events-c-subscribe-dropdown__list-item tribe-events-c-subscribe-dropdown__list-item--outlook-365\">\n\t\t\t\t\t\t\t\t\t<a\n\t\t\t\t\t\t\t\t\t\thref=\"\"\n\t\t\t\t\t\t\t\t\t\tclass=\"tribe-events-c-subscribe-dropdown__list-item-link\"\n\t\t\t\t\t\t\t\t\t\ttarget=\"_blank\"\n\t\t\t\t\t\t\t\t\t\trel=\"noopener noreferrer nofollow noindex\"\n\t\t\t\t\t\t\t\t\t>\n\t\t\t\t\t\t\t\t\t\tOutlook 365\t\t\t\t\t\t\t\t\t<\/a>\n\t\t\t\t\t\t\t\t<\/li>\n\t\t\t\t\t\t\t\t\t\t\t\t\t\t\t<li class=\"tribe-events-c-subscribe-dropdown__list-item tribe-events-c-subscribe-dropdown__list-item--outlook-live\">\n\t\t\t\t\t\t\t\t\t<a\n\t\t\t\t\t\t\t\t\t\thref=\"\"\n\t\t\t\t\t\t\t\t\t\tclass=\"tribe-events-c-subscribe-dropdown__list-item-link\"\n\t\t\t\t\t\t\t\t\t\ttarget=\"_blank\"\n\t\t\t\t\t\t\t\t\t\trel=\"noopener noreferrer nofollow noindex\"\n\t\t\t\t\t\t\t\t\t>\n\t\t\t\t\t\t\t\t\t\tOutlook Live\t\t\t\t\t\t\t\t\t<\/a>\n\t\t\t\t\t\t\t\t<\/li>\n\t\t\t\t\t\t\t\t\t\t\t\t\t<\/ul>\n\t\t\t\t\t<\/div>\n\t\t\t\t<\/div>\n\t\t\t<\/div>\n\t\t<\/div>\n\t<\/div>\n\n<div  class=\"tribe-events-single-section tribe-events-event-meta primary tribe-clearfix\" >\n\t\n\t\n<div class=\"tribe-events-meta-group tribe-events-meta-group-details\">\n\t<h3 class=\"tribe-events-single-section-title\">\n\t\t\t\t\tDetalles\t\t\n\t<\/h3>\n\t<ul class=\"tribe-events-meta-list\">\n\n\t\t\n\t\t\t<li class=\"tribe-events-meta-item\">\n\t\t\t\t<span class=\"tribe-events-meta-label\">Fecha:<\/span>\n\t\t\t\t<span class=\"tribe-events-meta-value\">\n\t\t\t\t\t<abbr class=\"tribe-events-abbr tribe-events-start-date published dtstart\" title=\"2026-09-15\"> septiembre 15 <\/abbr>\n\t\t\t\t<\/span>\n\t\t\t<\/li>\n\n\t\t\t<li class=\"tribe-events-meta-item\">\n\t\t\t\t<span class=\"tribe-events-meta-label\">Hora:<\/span>\n\t\t\t\t<span class=\"tribe-events-meta-value\">\n\t\t\t\t\t<div class=\"tribe-events-abbr tribe-events-start-time published dtstart\" title=\"2026-09-15\">\n\t\t\t\t\t\t6:30 pm &#8211; 9:00 pm\t\t\t\t\t\t\t\t\t\t\t<\/div>\n\t\t\t\t<\/span>\n\t\t\t<\/li>\n\n\t\t\n\t\t\n\t\t\n\t\t<li class=\"tribe-events-meta-item\"><span class=\"tribe-events-event-categories-label tribe-events-meta-label\">Categor\u00eda del Evento:<\/span> <span class=\"tribe-events-event-categories tribe-events-meta-value\"><a href=\"https:\/\/childcareawarewa.org\/es-mx\/events\/category\/desarrollo-profesional\/\" rel=\"tag\">Desarrollo profesional<\/a><\/span><\/li>\n\t\t\n\t\t\n\t\t\t<li class=\"tribe-events-meta-item\">\n\t\t\t\t<span class=\"tribe-events-meta-label\">P\u00e1gina Web:<\/span>\n\t\t\t\t<span class=\"tribe-events-event-url tribe-events-meta-value\"> <a href=\"https:\/\/www.brightspark.org\/product-category\/summer-classes\/\" target=\"_self\" rel=\"external\">https:\/\/www.brightspark.org\/product-category\/summer-classes\/<\/a> <\/span>\n\t\t\t<\/li>\n\t\t\n\t\t\t<\/ul>\n<\/div>\n\t\n<div class=\"tribe-events-meta-group tribe-events-meta-group-organizer\">\n\t<h3 class=\"tribe-events-single-section-title\">\n\t\t\t\t\tOrganizador\t\t\t<\/h3>\n\t<ul class=\"tribe-events-meta-list tribe-events-meta-list-organizer\">\n\t\t\t\t\t<li class=\"tribe-events-meta-item\">\n\t\t\t\t<span class=\"tribe-organizer tribe-events-meta-value\">\n\t\t\t\t\t<a href=\"https:\/\/childcareawarewa.org\/es-mx\/organizador\/departamento-de-desarrollo-profesional\/\" title=\"Departamento de Desarrollo Profesional\" target=\"_self\" rel=\"\">Departamento de Desarrollo Profesional<\/a>\t\t\t\t<\/span>\n\t\t\t<\/li>\n\t\t\t\t\t\t\t<li class=\"tribe-events-meta-item\">\n\t\t\t\t\t<span class=\"tribe-organizer-email-label tribe-events-meta-label\">\n\t\t\t\t\t\tCorreo electr\u00f3nico\t\t\t\t\t<\/span>\n\t\t\t\t\t<span class=\"tribe-organizer-email tribe-events-meta-value\">\n\t\t\t\t\t\tprovi&#100;e&#114;&#064;&#099;hil&#100;&#099;are&#046;&#111;rg\t\t\t\t\t<\/span>\n\t\t\t\t<\/li>\n\t\t\t\t\t\t\t\t<li class=\"tribe-events-meta-item\">\n\t\t\t\t\t<span class=\"tribe-organizer-url-label tribe-events-meta-label\">\n\t\t\t\t\t\tWebsite\t\t\t\t\t<\/span>\n\t\t\t\t\t<span class=\"tribe-organizer-url tribe-events-meta-value\">\n\t\t\t\t\t\t<a href=\"https:\/\/www.childcare.org\/\" target=\"_blank\" rel=\"noopener noreferrer\">View Organizador Website<\/a>\t\t\t\t\t<\/span>\n\t\t\t\t<\/li>\n\t\t\t\t\t<\/ul>\n<\/div>\n\n\t<\/div>\n<div  class=\"tribe-block tribe-block__venue tribe-clearfix\" >\n\t\n\t\n<div class=\"tribe-block__venue__meta\">\n\t<div class=\"tribe-block__venue__name\">\n\t\t<h3><a href=\"https:\/\/childcareawarewa.org\/es-mx\/lugar\/virtual-a-traves-de-zoom\/\" title=\"Virtual a trav\u00e9s de ZOOM\">Virtual a trav\u00e9s de ZOOM<\/a><\/h3>\n\t<\/div>\n\n\t\n\t\t\t\n\t\t\n\t\t\t\t\t<span class=\"tribe-block__venue__website\"><a href=\"https:\/\/www.brightspark.org\/venue\/virtual-via-zoom\/\" target=\"_self\" rel=\"external\">View Lugar Website<\/a><\/span><br \/>\n\t\t\t\n\t<\/div>\n\t\n\t<\/div>\n<h2 class=\"tribe-block__related-events__title\">Related Events<\/h2>\n\n<ul  class=\"tribe-related-events tribe-clearfix\" >\n\t\t\t<li>\n\t\n<div class=\"tribe-related-events-thumbnail\">\n\t<a href=\"https:\/\/childcareawarewa.org\/es-mx\/event\/orientacion-conductual-como-guiar-el-comportamiento-de-los-ninos-a-traves-de-un-entorno-de-aprendizaje-temprano-receptivo-pdi-2026\/\" class=\"url\" rel=\"bookmark\" tabindex=\"-1\" aria-hidden=\"true\"><img decoding=\"async\" src=\"http:\/\/childcareawarewa.org\/wp-content\/plugins\/events-calendar-pro\/src\/resources\/images\/tribe-related-events-placeholder.png\" alt=\"Orientaci\u00f3n conductual: C\u00f3mo guiar el comportamiento de los ni\u00f1os a trav\u00e9s de un entorno de aprendizaje temprano receptivo (PDI 2026)\" \/><\/a>\n<\/div>\n\t<div class=\"tribe-related-event-info\">\n\t<h3 class=\"tribe-related-events-title\">\n\t\t<a href=\"https:\/\/childcareawarewa.org\/es-mx\/event\/orientacion-conductual-como-guiar-el-comportamiento-de-los-ninos-a-traves-de-un-entorno-de-aprendizaje-temprano-receptivo-pdi-2026\/\" class=\"tribe-event-url\" rel=\"bookmark\">\n\t\t\tOrientaci\u00f3n conductual: C\u00f3mo guiar el comportamiento de los ni\u00f1os a trav\u00e9s de un entorno de aprendizaje temprano receptivo (PDI 2026)\t\t<\/a>\n\t<\/h3>\n\t<span class=\"tribe-event-date-start\">septiembre 15 @ 1:00 pm<\/span> &#8211; <span class=\"tribe-event-time\">3:00 pm<\/span><\/div>\n<\/li>\n\t\t\t<li>\n\t\n<div class=\"tribe-related-events-thumbnail\">\n\t<a href=\"https:\/\/childcareawarewa.org\/es-mx\/event\/como-crear-una-comunidad-en-el-aula-pdi-2026\/\" class=\"url\" rel=\"bookmark\" tabindex=\"-1\" aria-hidden=\"true\"><img decoding=\"async\" src=\"http:\/\/childcareawarewa.org\/wp-content\/plugins\/events-calendar-pro\/src\/resources\/images\/tribe-related-events-placeholder.png\" alt=\"C\u00f3mo crear una comunidad en el aula (PDI 2026)\" \/><\/a>\n<\/div>\n\t<div class=\"tribe-related-event-info\">\n\t<h3 class=\"tribe-related-events-title\">\n\t\t<a href=\"https:\/\/childcareawarewa.org\/es-mx\/event\/como-crear-una-comunidad-en-el-aula-pdi-2026\/\" class=\"tribe-event-url\" rel=\"bookmark\">\n\t\t\tC\u00f3mo crear una comunidad en el aula (PDI 2026)\t\t<\/a>\n\t<\/h3>\n\t<span class=\"tribe-event-date-start\">septiembre 15 @ 5:30 pm<\/span> &#8211; <span class=\"tribe-event-time\">7:30 pm<\/span><\/div>\n<\/li>\n\t\t\t<li>\n\t\n<div class=\"tribe-related-events-thumbnail\">\n\t<a href=\"https:\/\/childcareawarewa.org\/es-mx\/event\/alumnos-multilingues-en-el-aula-en-somali-pdi-2026\/\" class=\"url\" rel=\"bookmark\" tabindex=\"-1\" aria-hidden=\"true\"><img decoding=\"async\" src=\"http:\/\/childcareawarewa.org\/wp-content\/plugins\/events-calendar-pro\/src\/resources\/images\/tribe-related-events-placeholder.png\" alt=\"Alumnos multiling\u00fces en el aula (en somal\u00ed) (PDI 2026)\" \/><\/a>\n<\/div>\n\t<div class=\"tribe-related-event-info\">\n\t<h3 class=\"tribe-related-events-title\">\n\t\t<a href=\"https:\/\/childcareawarewa.org\/es-mx\/event\/alumnos-multilingues-en-el-aula-en-somali-pdi-2026\/\" class=\"tribe-event-url\" rel=\"bookmark\">\n\t\t\tAlumnos multiling\u00fces en el aula (en somal\u00ed) (PDI 2026)\t\t<\/a>\n\t<\/h3>\n\t<span class=\"tribe-event-date-start\">septiembre 15 @ 6:00 pm<\/span> &#8211; <span class=\"tribe-event-time\">8:00 pm<\/span><\/div>\n<\/li>\n\t<\/ul>\n","protected":false},"excerpt":{"rendered":"<p>En este taller interactivo y pr\u00e1ctico, los cuidadores de ni\u00f1os aprender\u00e1n estrategias eficaces para calmar los comportamientos problem\u00e1ticos y fomentar relaciones tranquilas y positivas con los m\u00e1s peque\u00f1os. Al entender<\/p>\n","protected":false},"author":41,"featured_media":0,"template":"","meta":{"_acf_changed":false,"_tec_requires_first_save":false,"protect_children":false,"inline_featured_image":false,"_EventAllDay":false,"_EventTimezone":"America\/Los_Angeles","_EventStartDate":"2026-09-15 18:30:00","_EventEndDate":"2026-09-15 21:00:00","_EventStartDateUTC":"2026-09-16 01:30:00","_EventEndDateUTC":"2026-09-16 04:00:00","_EventShowMap":false,"_EventShowMapLink":false,"_EventURL":"https:\/\/www.brightspark.org\/product-category\/summer-classes\/","_EventCost":"","_EventCostDescription":"","_EventCurrencySymbol":"","_EventCurrencyCode":"","_EventCurrencyPosition":"","_EventDateTimeSeparator":"","_EventTimeRangeSeparator":"","_EventOrganizerID":[10909],"_EventVenueID":[10983],"_OrganizerEmail":"","_OrganizerPhone":"","_OrganizerWebsite":"","_VenueAddress":"","_VenueCity":"","_VenueCountry":"","_VenueProvince":"","_VenueState":"","_VenueZip":"","_VenuePhone":"","_VenueURL":"","_VenueStateProvince":"","_VenueLat":"","_VenueLng":"","_VenueShowMap":false,"_VenueShowMapLink":false,"_tribe_blocks_recurrence_rules":"","_tribe_blocks_recurrence_description":"","_tribe_blocks_recurrence_exclusions":"","_tribe_events_status":"","_tribe_events_status_reason":"","_tribe_events_is_hybrid":"","_tribe_events_is_virtual":"","_tribe_events_virtual_video_source":"","_tribe_events_virtual_embed_video":"","_tribe_events_virtual_linked_button_text":"","_tribe_events_virtual_linked_button":"","_tribe_events_virtual_show_embed_at":"","_tribe_events_virtual_show_embed_to":[],"_tribe_events_virtual_show_on_event":"","_tribe_events_virtual_show_on_views":"","_tribe_events_virtual_url":"","footnotes":""},"tags":[],"tribe_events_cat":[250],"class_list":["post-21955","tribe_events","type-tribe_events","status-publish","hentry","tribe_events_cat-desarrollo-profesional","cat_desarrollo-profesional"],"acf":[],"_links":{"self":[{"href":"https:\/\/childcareawarewa.org\/es-mx\/wp-json\/wp\/v2\/tribe_events\/21955","targetHints":{"allow":["GET"]}}],"collection":[{"href":"https:\/\/childcareawarewa.org\/es-mx\/wp-json\/wp\/v2\/tribe_events"}],"about":[{"href":"https:\/\/childcareawarewa.org\/es-mx\/wp-json\/wp\/v2\/types\/tribe_events"}],"author":[{"embeddable":true,"href":"https:\/\/childcareawarewa.org\/es-mx\/wp-json\/wp\/v2\/users\/41"}],"version-history":[{"count":2,"href":"https:\/\/childcareawarewa.org\/es-mx\/wp-json\/wp\/v2\/tribe_events\/21955\/revisions"}],"predecessor-version":[{"id":22617,"href":"https:\/\/childcareawarewa.org\/es-mx\/wp-json\/wp\/v2\/tribe_events\/21955\/revisions\/22617"}],"wp:attachment":[{"href":"https:\/\/childcareawarewa.org\/es-mx\/wp-json\/wp\/v2\/media?parent=21955"}],"wp:term":[{"taxonomy":"post_tag","embeddable":true,"href":"https:\/\/childcareawarewa.org\/es-mx\/wp-json\/wp\/v2\/tags?post=21955"},{"taxonomy":"tribe_events_cat","embeddable":true,"href":"https:\/\/childcareawarewa.org\/es-mx\/wp-json\/wp\/v2\/tribe_events_cat?post=21955"}],"curies":[{"name":"wp","href":"https:\/\/api.w.org\/{rel}","templated":true}]}},{"id":21944,"date":"2026-07-27T11:36:36","date_gmt":"2026-07-27T18:36:36","guid":{"rendered":"https:\/\/childcareawarewa.org\/event\/alumnos-multilingues-en-el-aula-en-somali-pdi-2026\/"},"modified":"2026-08-31T13:40:20","modified_gmt":"2026-08-31T20:40:20","slug":"alumnos-multilingues-en-el-aula-en-somali-pdi-2026","status":"publish","type":"tribe_events","link":"https:\/\/childcareawarewa.org\/es-mx\/event\/alumnos-multilingues-en-el-aula-en-somali-pdi-2026\/","title":{"rendered":"Alumnos multiling\u00fces en el aula (en somal\u00ed) (PDI 2026)"},"content":{"rendered":"<div  class=\"tribe-events-schedule tribe-clearfix\" >\n\t<p class=\"tribe-events-schedule__datetime\">\n\t\t<span class=\"tribe-events-schedule__date tribe-events-schedule__date--start\">\n\t\t\tseptiembre 15\t\t<\/span>\n\n\t\t\t\t\t<span class=\"tribe-events-schedule__separator tribe-events-schedule__separator--date\">\n\t\t\t\t @ \t\t\t<\/span>\n\t\t\t<span class=\"tribe-events-schedule__time tribe-events-schedule__time--start\">\n\t\t\t\t6:00 pm\t\t\t<\/span>\n\t\t\n\t\t\t\t\t\t\t\t\t<span class=\"tribe-events-schedule__separator tribe-events-schedule__separator--time\">\n\t\t\t\t\t &#8211; \t\t\t\t<\/span>\n\t\t\t\n\t\t\t\t\t\t\t<span class=\"tribe-events-schedule__time tribe-events-schedule__time--end\">\n\t\t\t\t\t8:00 pm\t\t\t\t<\/span>\n\t\t\t\n\t\t\t\t\t\t<\/p>\n<\/div>\n<p>En esta formaci\u00f3n, los participantes descubrir\u00e1n estrategias para apoyar a los alumnos que aprenden dos idiomas en el aula, hablar\u00e1n sobre las preocupaciones y las ventajas de un enfoque biling\u00fce para los alumnos, y aprender\u00e1n formas de dar ejemplo y desarrollar el lenguaje. Si trabajas con alumnos que est\u00e1n aprendiendo m\u00e1s de un idioma y quieres ayudarles, esta formaci\u00f3n es para ti. La formaci\u00f3n se impartir\u00e1 en somal\u00ed.  <\/p>\n<p>Fecha: 15 de septiembre de 2026<\/p>\n<p>Hora: de 18:00 a 20:00<\/p>\n<p>DURACI\u00d3N: 2 horas<\/p>\n<p>Precio: 10 d\u00f3lares<\/p>\n<p>&nbsp;<\/p>\n<p>&nbsp;<\/p>\n<p>@P\u00fablico<\/p>\n\t<div  class=\"tribe-block tribe-block__events-link\" >\n\t\t<div class=\"tribe-events tribe-common\">\n\t\t\t<div class=\"tribe-events-c-subscribe-dropdown__container\">\n\t\t\t\t<div class=\"tribe-events-c-subscribe-dropdown\">\n\t\t\t\t\t<div class=\"tribe-common-c-btn-border tribe-events-c-subscribe-dropdown__button\">\n\t\t\t\t\t\t<svg\n\t class=\"tribe-common-c-svgicon tribe-common-c-svgicon--cal-export tribe-events-c-subscribe-dropdown__export-icon\" \taria-hidden=\"true\"\n\tviewBox=\"0 0 23 17\"\n\txmlns=\"http:\/\/www.w3.org\/2000\/svg\"\n>\n\t<path fill-rule=\"evenodd\" clip-rule=\"evenodd\" d=\"M.128.896V16.13c0 .211.145.383.323.383h15.354c.179 0 .323-.172.323-.383V.896c0-.212-.144-.383-.323-.383H.451C.273.513.128.684.128.896Zm16 6.742h-.901V4.679H1.009v10.729h14.218v-3.336h.901V7.638ZM1.01 1.614h14.218v2.058H1.009V1.614Z\" \/>\n\t<path d=\"M20.5 9.846H8.312M18.524 6.953l2.89 2.909-2.855 2.855\" stroke-width=\"1.2\" stroke-linecap=\"round\" stroke-linejoin=\"round\"\/>\n<\/svg>\n\t\t\t\t\t\t<button\n\t\t\t\t\t\t\tclass=\"tribe-events-c-subscribe-dropdown__button-text\"\n\t\t\t\t\t\t\taria-expanded=\"false\"\n\t\t\t\t\t\t\taria-controls=\"tribe-events-subscribe-dropdown-content\"\n\t\t\t\t\t\t\taria-label=\"View links to add events to your calendar\"\n\t\t\t\t\t\t>\n\t\t\t\t\t\t\tAgregar al calendario\t\t\t\t\t\t<\/button>\n\t\t\t\t\t\t<svg\n\t class=\"tribe-common-c-svgicon tribe-common-c-svgicon--caret-down tribe-events-c-subscribe-dropdown__button-icon\" \taria-hidden=\"true\"\n\tviewBox=\"0 0 10 7\"\n\txmlns=\"http:\/\/www.w3.org\/2000\/svg\"\n>\n\t<path fill-rule=\"evenodd\" clip-rule=\"evenodd\" d=\"M1.008.609L5 4.6 8.992.61l.958.958L5 6.517.05 1.566l.958-.958z\" class=\"tribe-common-c-svgicon__svg-fill\"\/>\n<\/svg>\n\t\t\t\t\t<\/div>\n\t\t\t\t\t<div id=\"tribe-events-subscribe-dropdown-content\" class=\"tribe-events-c-subscribe-dropdown__content\">\n\t\t\t\t\t\t<ul class=\"tribe-events-c-subscribe-dropdown__list\">\n\t\t\t\t\t\t\t\t\t\t\t\t\t\t\t<li class=\"tribe-events-c-subscribe-dropdown__list-item tribe-events-c-subscribe-dropdown__list-item--gcal\">\n\t\t\t\t\t\t\t\t\t<a\n\t\t\t\t\t\t\t\t\t\thref=\"https:\/\/www.google.com\/calendar\/event?action=TEMPLATE&#038;dates=20260915T180000\/20260915T200000&#038;text=Alumnos%20multiling%C3%BCes%20en%20el%20aula%20%28en%20somal%C3%AD%29%20%28PDI%202026%29&#038;details=%3Cp%3EEn+esta+formaci%C3%B3n%2C+los+participantes+descubrir%C3%A1n+estrategias+para+apoyar+a+los+alumnos+que+aprenden+dos+idiomas+en+el+aula%2C+hablar%C3%A1n+sobre+las+preocupaciones+y+las+ventajas+de+un+enfoque+biling%C3%BCe+para+los+alumnos%2C+y+aprender%C3%A1n+formas+de+dar+ejemplo+y+desarrollar+el+lenguaje.+Si+trabajas+con+alumnos+que+est%C3%A1n+aprendiendo+m%C3%A1s+de+un+idioma+y+quieres+ayudarles%2C+esta+formaci%C3%B3n+es+para+ti.+La+formaci%C3%B3n+se+impartir%C3%A1+en+somal%C3%AD.++%3C%2Fp%3E+%3Cp%3EFecha%3A+15+de+septiembre+de+2026%3C%2Fp%3E+%3Cp%3EHora%3A+de+18%3A00+a+20%3A00%3C%2Fp%3E+%3Cp%3EDURACI%C3%93N%3A+2+horas%3C%2Fp%3E+%3Cp%3EPrecio%3A+10+d%C3%B3lares%3C%2Fp%3E+%3Cp%3E%26nbsp%3B%3C%2Fp%3E+%3Cp%3E%26nbsp%3B%3C%2Fp%3E+%3Cp%3E%40P%C3%BAblico%3C%2Fp%3E+&#038;location=Virtual%20a%20trav\u00e9s%20de%20ZOOM&#038;trp=false&#038;ctz=America\/Los_Angeles&#038;sprop=website:https:\/\/childcareawarewa.org\/es-mx\/\"\n\t\t\t\t\t\t\t\t\t\tclass=\"tribe-events-c-subscribe-dropdown__list-item-link\"\n\t\t\t\t\t\t\t\t\t\ttarget=\"_blank\"\n\t\t\t\t\t\t\t\t\t\trel=\"noopener noreferrer nofollow noindex\"\n\t\t\t\t\t\t\t\t\t>\n\t\t\t\t\t\t\t\t\t\tGoogle Calendar\t\t\t\t\t\t\t\t\t<\/a>\n\t\t\t\t\t\t\t\t<\/li>\n\t\t\t\t\t\t\t\t\t\t\t\t\t\t\t<li class=\"tribe-events-c-subscribe-dropdown__list-item tribe-events-c-subscribe-dropdown__list-item--ical\">\n\t\t\t\t\t\t\t\t\t<a\n\t\t\t\t\t\t\t\t\t\thref=\"\"\n\t\t\t\t\t\t\t\t\t\tclass=\"tribe-events-c-subscribe-dropdown__list-item-link\"\n\t\t\t\t\t\t\t\t\t\ttarget=\"_blank\"\n\t\t\t\t\t\t\t\t\t\trel=\"noopener noreferrer nofollow noindex\"\n\t\t\t\t\t\t\t\t\t>\n\t\t\t\t\t\t\t\t\t\tiCalendar\t\t\t\t\t\t\t\t\t<\/a>\n\t\t\t\t\t\t\t\t<\/li>\n\t\t\t\t\t\t\t\t\t\t\t\t\t\t\t<li class=\"tribe-events-c-subscribe-dropdown__list-item tribe-events-c-subscribe-dropdown__list-item--outlook-365\">\n\t\t\t\t\t\t\t\t\t<a\n\t\t\t\t\t\t\t\t\t\thref=\"\"\n\t\t\t\t\t\t\t\t\t\tclass=\"tribe-events-c-subscribe-dropdown__list-item-link\"\n\t\t\t\t\t\t\t\t\t\ttarget=\"_blank\"\n\t\t\t\t\t\t\t\t\t\trel=\"noopener noreferrer nofollow noindex\"\n\t\t\t\t\t\t\t\t\t>\n\t\t\t\t\t\t\t\t\t\tOutlook 365\t\t\t\t\t\t\t\t\t<\/a>\n\t\t\t\t\t\t\t\t<\/li>\n\t\t\t\t\t\t\t\t\t\t\t\t\t\t\t<li class=\"tribe-events-c-subscribe-dropdown__list-item tribe-events-c-subscribe-dropdown__list-item--outlook-live\">\n\t\t\t\t\t\t\t\t\t<a\n\t\t\t\t\t\t\t\t\t\thref=\"\"\n\t\t\t\t\t\t\t\t\t\tclass=\"tribe-events-c-subscribe-dropdown__list-item-link\"\n\t\t\t\t\t\t\t\t\t\ttarget=\"_blank\"\n\t\t\t\t\t\t\t\t\t\trel=\"noopener noreferrer nofollow noindex\"\n\t\t\t\t\t\t\t\t\t>\n\t\t\t\t\t\t\t\t\t\tOutlook Live\t\t\t\t\t\t\t\t\t<\/a>\n\t\t\t\t\t\t\t\t<\/li>\n\t\t\t\t\t\t\t\t\t\t\t\t\t<\/ul>\n\t\t\t\t\t<\/div>\n\t\t\t\t<\/div>\n\t\t\t<\/div>\n\t\t<\/div>\n\t<\/div>\n\n<div  class=\"tribe-events-single-section tribe-events-event-meta primary tribe-clearfix\" >\n\t\n\t\n<div class=\"tribe-events-meta-group tribe-events-meta-group-details\">\n\t<h3 class=\"tribe-events-single-section-title\">\n\t\t\t\t\tDetalles\t\t\n\t<\/h3>\n\t<ul class=\"tribe-events-meta-list\">\n\n\t\t\n\t\t\t<li class=\"tribe-events-meta-item\">\n\t\t\t\t<span class=\"tribe-events-meta-label\">Fecha:<\/span>\n\t\t\t\t<span class=\"tribe-events-meta-value\">\n\t\t\t\t\t<abbr class=\"tribe-events-abbr tribe-events-start-date published dtstart\" title=\"2026-09-15\"> septiembre 15 <\/abbr>\n\t\t\t\t<\/span>\n\t\t\t<\/li>\n\n\t\t\t<li class=\"tribe-events-meta-item\">\n\t\t\t\t<span class=\"tribe-events-meta-label\">Hora:<\/span>\n\t\t\t\t<span class=\"tribe-events-meta-value\">\n\t\t\t\t\t<div class=\"tribe-events-abbr tribe-events-start-time published dtstart\" title=\"2026-09-15\">\n\t\t\t\t\t\t6:00 pm &#8211; 8:00 pm\t\t\t\t\t\t\t\t\t\t\t<\/div>\n\t\t\t\t<\/span>\n\t\t\t<\/li>\n\n\t\t\n\t\t\n\t\t\n\t\t<li class=\"tribe-events-meta-item\"><span class=\"tribe-events-event-categories-label tribe-events-meta-label\">Categor\u00eda del Evento:<\/span> <span class=\"tribe-events-event-categories tribe-events-meta-value\"><a href=\"https:\/\/childcareawarewa.org\/es-mx\/events\/category\/desarrollo-profesional\/\" rel=\"tag\">Desarrollo profesional<\/a><\/span><\/li>\n\t\t\n\t\t\n\t\t\t<li class=\"tribe-events-meta-item\">\n\t\t\t\t<span class=\"tribe-events-meta-label\">P\u00e1gina Web:<\/span>\n\t\t\t\t<span class=\"tribe-events-event-url tribe-events-meta-value\"> <a href=\"https:\/\/www.brightspark.org\/product-category\/summer-classes\/\" target=\"_self\" rel=\"external\">https:\/\/www.brightspark.org\/product-category\/summer-classes\/<\/a> <\/span>\n\t\t\t<\/li>\n\t\t\n\t\t\t<\/ul>\n<\/div>\n\t\n<div class=\"tribe-events-meta-group tribe-events-meta-group-organizer\">\n\t<h3 class=\"tribe-events-single-section-title\">\n\t\t\t\t\tOrganizador\t\t\t<\/h3>\n\t<ul class=\"tribe-events-meta-list tribe-events-meta-list-organizer\">\n\t\t\t\t\t<li class=\"tribe-events-meta-item\">\n\t\t\t\t<span class=\"tribe-organizer tribe-events-meta-value\">\n\t\t\t\t\t<a href=\"https:\/\/childcareawarewa.org\/es-mx\/organizador\/departamento-de-desarrollo-profesional\/\" title=\"Departamento de Desarrollo Profesional\" target=\"_self\" rel=\"\">Departamento de Desarrollo Profesional<\/a>\t\t\t\t<\/span>\n\t\t\t<\/li>\n\t\t\t\t\t\t\t<li class=\"tribe-events-meta-item\">\n\t\t\t\t\t<span class=\"tribe-organizer-email-label tribe-events-meta-label\">\n\t\t\t\t\t\tCorreo electr\u00f3nico\t\t\t\t\t<\/span>\n\t\t\t\t\t<span class=\"tribe-organizer-email tribe-events-meta-value\">\n\t\t\t\t\t\t&#112;&#114;o&#118;&#105;d&#101;r&#064;c&#104;&#105;ld&#099;&#097;&#114;e&#046;&#111;&#114;&#103;\t\t\t\t\t<\/span>\n\t\t\t\t<\/li>\n\t\t\t\t\t\t\t\t<li class=\"tribe-events-meta-item\">\n\t\t\t\t\t<span class=\"tribe-organizer-url-label tribe-events-meta-label\">\n\t\t\t\t\t\tWebsite\t\t\t\t\t<\/span>\n\t\t\t\t\t<span class=\"tribe-organizer-url tribe-events-meta-value\">\n\t\t\t\t\t\t<a href=\"https:\/\/www.childcare.org\/\" target=\"_blank\" rel=\"noopener noreferrer\">View Organizador Website<\/a>\t\t\t\t\t<\/span>\n\t\t\t\t<\/li>\n\t\t\t\t\t<\/ul>\n<\/div>\n\n\t<\/div>\n<div  class=\"tribe-block tribe-block__venue tribe-clearfix\" >\n\t\n\t\n<div class=\"tribe-block__venue__meta\">\n\t<div class=\"tribe-block__venue__name\">\n\t\t<h3><a href=\"https:\/\/childcareawarewa.org\/es-mx\/lugar\/virtual-a-traves-de-zoom\/\" title=\"Virtual a trav\u00e9s de ZOOM\">Virtual a trav\u00e9s de ZOOM<\/a><\/h3>\n\t<\/div>\n\n\t\n\t\t\t\n\t\t\n\t\t\t\t\t<span class=\"tribe-block__venue__website\"><a href=\"https:\/\/www.brightspark.org\/venue\/virtual-via-zoom\/\" target=\"_self\" rel=\"external\">View Lugar Website<\/a><\/span><br \/>\n\t\t\t\n\t<\/div>\n\t\n\t<\/div>\n<h2 class=\"tribe-block__related-events__title\">Related Events<\/h2>\n\n<ul  class=\"tribe-related-events tribe-clearfix\" >\n\t\t\t<li>\n\t\n<div class=\"tribe-related-events-thumbnail\">\n\t<a href=\"https:\/\/childcareawarewa.org\/es-mx\/event\/orientacion-conductual-como-guiar-el-comportamiento-de-los-ninos-a-traves-de-un-entorno-de-aprendizaje-temprano-receptivo-pdi-2026\/\" class=\"url\" rel=\"bookmark\" tabindex=\"-1\" aria-hidden=\"true\"><img decoding=\"async\" src=\"http:\/\/childcareawarewa.org\/wp-content\/plugins\/events-calendar-pro\/src\/resources\/images\/tribe-related-events-placeholder.png\" alt=\"Orientaci\u00f3n conductual: C\u00f3mo guiar el comportamiento de los ni\u00f1os a trav\u00e9s de un entorno de aprendizaje temprano receptivo (PDI 2026)\" \/><\/a>\n<\/div>\n\t<div class=\"tribe-related-event-info\">\n\t<h3 class=\"tribe-related-events-title\">\n\t\t<a href=\"https:\/\/childcareawarewa.org\/es-mx\/event\/orientacion-conductual-como-guiar-el-comportamiento-de-los-ninos-a-traves-de-un-entorno-de-aprendizaje-temprano-receptivo-pdi-2026\/\" class=\"tribe-event-url\" rel=\"bookmark\">\n\t\t\tOrientaci\u00f3n conductual: C\u00f3mo guiar el comportamiento de los ni\u00f1os a trav\u00e9s de un entorno de aprendizaje temprano receptivo (PDI 2026)\t\t<\/a>\n\t<\/h3>\n\t<span class=\"tribe-event-date-start\">septiembre 15 @ 1:00 pm<\/span> &#8211; <span class=\"tribe-event-time\">3:00 pm<\/span><\/div>\n<\/li>\n\t\t\t<li>\n\t\n<div class=\"tribe-related-events-thumbnail\">\n\t<a href=\"https:\/\/childcareawarewa.org\/es-mx\/event\/como-crear-una-comunidad-en-el-aula-pdi-2026\/\" class=\"url\" rel=\"bookmark\" tabindex=\"-1\" aria-hidden=\"true\"><img decoding=\"async\" src=\"http:\/\/childcareawarewa.org\/wp-content\/plugins\/events-calendar-pro\/src\/resources\/images\/tribe-related-events-placeholder.png\" alt=\"C\u00f3mo crear una comunidad en el aula (PDI 2026)\" \/><\/a>\n<\/div>\n\t<div class=\"tribe-related-event-info\">\n\t<h3 class=\"tribe-related-events-title\">\n\t\t<a href=\"https:\/\/childcareawarewa.org\/es-mx\/event\/como-crear-una-comunidad-en-el-aula-pdi-2026\/\" class=\"tribe-event-url\" rel=\"bookmark\">\n\t\t\tC\u00f3mo crear una comunidad en el aula (PDI 2026)\t\t<\/a>\n\t<\/h3>\n\t<span class=\"tribe-event-date-start\">septiembre 15 @ 5:30 pm<\/span> &#8211; <span class=\"tribe-event-time\">7:30 pm<\/span><\/div>\n<\/li>\n\t\t\t<li>\n\t\n<div class=\"tribe-related-events-thumbnail\">\n\t<a href=\"https:\/\/childcareawarewa.org\/es-mx\/event\/tranquilizando-las-relaciones-estrategias-de-desescalada-para-los-cuidadores-infantiles-pdi-2026\/\" class=\"url\" rel=\"bookmark\" tabindex=\"-1\" aria-hidden=\"true\"><img decoding=\"async\" src=\"http:\/\/childcareawarewa.org\/wp-content\/plugins\/events-calendar-pro\/src\/resources\/images\/tribe-related-events-placeholder.png\" alt=\"Tranquilizando las relaciones: estrategias de desescalada para los cuidadores infantiles (PDI 2026)\" \/><\/a>\n<\/div>\n\t<div class=\"tribe-related-event-info\">\n\t<h3 class=\"tribe-related-events-title\">\n\t\t<a href=\"https:\/\/childcareawarewa.org\/es-mx\/event\/tranquilizando-las-relaciones-estrategias-de-desescalada-para-los-cuidadores-infantiles-pdi-2026\/\" class=\"tribe-event-url\" rel=\"bookmark\">\n\t\t\tTranquilizando las relaciones: estrategias de desescalada para los cuidadores infantiles (PDI 2026)\t\t<\/a>\n\t<\/h3>\n\t<span class=\"tribe-event-date-start\">septiembre 15 @ 6:30 pm<\/span> &#8211; <span class=\"tribe-event-time\">9:00 pm<\/span><\/div>\n<\/li>\n\t<\/ul>\n","protected":false},"excerpt":{"rendered":"<p>En esta formaci\u00f3n, los participantes descubrir\u00e1n estrategias para apoyar a los alumnos que aprenden dos idiomas en el aula, hablar\u00e1n sobre las preocupaciones y las ventajas de un enfoque biling\u00fce<\/p>\n","protected":false},"author":41,"featured_media":0,"template":"","meta":{"_acf_changed":false,"_tec_requires_first_save":false,"protect_children":false,"inline_featured_image":false,"_EventAllDay":false,"_EventTimezone":"America\/Los_Angeles","_EventStartDate":"2026-09-15 18:00:00","_EventEndDate":"2026-09-15 20:00:00","_EventStartDateUTC":"2026-09-16 01:00:00","_EventEndDateUTC":"2026-09-16 03:00:00","_EventShowMap":false,"_EventShowMapLink":false,"_EventURL":"https:\/\/www.brightspark.org\/product-category\/summer-classes\/","_EventCost":"","_EventCostDescription":"","_EventCurrencySymbol":"","_EventCurrencyCode":"","_EventCurrencyPosition":"","_EventDateTimeSeparator":"","_EventTimeRangeSeparator":"","_EventOrganizerID":[10909],"_EventVenueID":[10983],"_OrganizerEmail":"","_OrganizerPhone":"","_OrganizerWebsite":"","_VenueAddress":"","_VenueCity":"","_VenueCountry":"","_VenueProvince":"","_VenueState":"","_VenueZip":"","_VenuePhone":"","_VenueURL":"","_VenueStateProvince":"","_VenueLat":"","_VenueLng":"","_VenueShowMap":false,"_VenueShowMapLink":false,"_tribe_blocks_recurrence_rules":"","_tribe_blocks_recurrence_description":"","_tribe_blocks_recurrence_exclusions":"","_tribe_events_status":"","_tribe_events_status_reason":"","_tribe_events_is_hybrid":"","_tribe_events_is_virtual":"","_tribe_events_virtual_video_source":"","_tribe_events_virtual_embed_video":"","_tribe_events_virtual_linked_button_text":"","_tribe_events_virtual_linked_button":"","_tribe_events_virtual_show_embed_at":"","_tribe_events_virtual_show_embed_to":[],"_tribe_events_virtual_show_on_event":"","_tribe_events_virtual_show_on_views":"","_tribe_events_virtual_url":"","footnotes":""},"tags":[],"tribe_events_cat":[250],"class_list":["post-21944","tribe_events","type-tribe_events","status-publish","hentry","tribe_events_cat-desarrollo-profesional","cat_desarrollo-profesional"],"acf":[],"_links":{"self":[{"href":"https:\/\/childcareawarewa.org\/es-mx\/wp-json\/wp\/v2\/tribe_events\/21944","targetHints":{"allow":["GET"]}}],"collection":[{"href":"https:\/\/childcareawarewa.org\/es-mx\/wp-json\/wp\/v2\/tribe_events"}],"about":[{"href":"https:\/\/childcareawarewa.org\/es-mx\/wp-json\/wp\/v2\/types\/tribe_events"}],"author":[{"embeddable":true,"href":"https:\/\/childcareawarewa.org\/es-mx\/wp-json\/wp\/v2\/users\/41"}],"version-history":[{"count":2,"href":"https:\/\/childcareawarewa.org\/es-mx\/wp-json\/wp\/v2\/tribe_events\/21944\/revisions"}],"predecessor-version":[{"id":22611,"href":"https:\/\/childcareawarewa.org\/es-mx\/wp-json\/wp\/v2\/tribe_events\/21944\/revisions\/22611"}],"wp:attachment":[{"href":"https:\/\/childcareawarewa.org\/es-mx\/wp-json\/wp\/v2\/media?parent=21944"}],"wp:term":[{"taxonomy":"post_tag","embeddable":true,"href":"https:\/\/childcareawarewa.org\/es-mx\/wp-json\/wp\/v2\/tags?post=21944"},{"taxonomy":"tribe_events_cat","embeddable":true,"href":"https:\/\/childcareawarewa.org\/es-mx\/wp-json\/wp\/v2\/tribe_events_cat?post=21944"}],"curies":[{"name":"wp","href":"https:\/\/api.w.org\/{rel}","templated":true}]}},{"id":21922,"date":"2026-07-27T11:33:26","date_gmt":"2026-07-27T18:33:26","guid":{"rendered":"https:\/\/childcareawarewa.org\/event\/conceptos-basicos-sobre-la-defensa-de-causas-participa-pdi-2026\/"},"modified":"2026-08-31T13:40:23","modified_gmt":"2026-08-31T20:40:23","slug":"conceptos-basicos-sobre-la-defensa-de-causas-participa-pdi-2026","status":"publish","type":"tribe_events","link":"https:\/\/childcareawarewa.org\/es-mx\/event\/conceptos-basicos-sobre-la-defensa-de-causas-participa-pdi-2026\/","title":{"rendered":"Conceptos b\u00e1sicos sobre la defensa de causas: \u00a1participa! (PDI 2026)"},"content":{"rendered":"<div  class=\"tribe-events-schedule tribe-clearfix\" >\n\t<p class=\"tribe-events-schedule__datetime\">\n\t\t<span class=\"tribe-events-schedule__date tribe-events-schedule__date--start\">\n\t\t\tseptiembre 16\t\t<\/span>\n\n\t\t\t\t\t<span class=\"tribe-events-schedule__separator tribe-events-schedule__separator--date\">\n\t\t\t\t @ \t\t\t<\/span>\n\t\t\t<span class=\"tribe-events-schedule__time tribe-events-schedule__time--start\">\n\t\t\t\t1:30 pm\t\t\t<\/span>\n\t\t\n\t\t\t\t\t\t\t\t\t<span class=\"tribe-events-schedule__separator tribe-events-schedule__separator--time\">\n\t\t\t\t\t &#8211; \t\t\t\t<\/span>\n\t\t\t\n\t\t\t\t\t\t\t<span class=\"tribe-events-schedule__time tribe-events-schedule__time--end\">\n\t\t\t\t\t3:00 pm\t\t\t\t<\/span>\n\t\t\t\n\t\t\t\t\t\t<\/p>\n<\/div>\n<p>Involucrar a los defensores en las iniciativas de defensa locales y estatales, definir los t\u00e9rminos relacionados con la defensa, compartir oportunidades para participar y responder a tus preguntas<\/p>\n<p>Fecha: 16 de septiembre de 2026<\/p>\n<p>Hora: de 1:30 a 3 de la tarde<\/p>\n<p>DURACI\u00d3N: 1,5 horas<\/p>\n<p>Precio: 10 d\u00f3lares<\/p>\n<p>&nbsp;<\/p>\n<p>@P\u00fablico<\/p>\n\t<div  class=\"tribe-block tribe-block__events-link\" >\n\t\t<div class=\"tribe-events tribe-common\">\n\t\t\t<div class=\"tribe-events-c-subscribe-dropdown__container\">\n\t\t\t\t<div class=\"tribe-events-c-subscribe-dropdown\">\n\t\t\t\t\t<div class=\"tribe-common-c-btn-border tribe-events-c-subscribe-dropdown__button\">\n\t\t\t\t\t\t<svg\n\t class=\"tribe-common-c-svgicon tribe-common-c-svgicon--cal-export tribe-events-c-subscribe-dropdown__export-icon\" \taria-hidden=\"true\"\n\tviewBox=\"0 0 23 17\"\n\txmlns=\"http:\/\/www.w3.org\/2000\/svg\"\n>\n\t<path fill-rule=\"evenodd\" clip-rule=\"evenodd\" d=\"M.128.896V16.13c0 .211.145.383.323.383h15.354c.179 0 .323-.172.323-.383V.896c0-.212-.144-.383-.323-.383H.451C.273.513.128.684.128.896Zm16 6.742h-.901V4.679H1.009v10.729h14.218v-3.336h.901V7.638ZM1.01 1.614h14.218v2.058H1.009V1.614Z\" \/>\n\t<path d=\"M20.5 9.846H8.312M18.524 6.953l2.89 2.909-2.855 2.855\" stroke-width=\"1.2\" stroke-linecap=\"round\" stroke-linejoin=\"round\"\/>\n<\/svg>\n\t\t\t\t\t\t<button\n\t\t\t\t\t\t\tclass=\"tribe-events-c-subscribe-dropdown__button-text\"\n\t\t\t\t\t\t\taria-expanded=\"false\"\n\t\t\t\t\t\t\taria-controls=\"tribe-events-subscribe-dropdown-content\"\n\t\t\t\t\t\t\taria-label=\"View links to add events to your calendar\"\n\t\t\t\t\t\t>\n\t\t\t\t\t\t\tAgregar al calendario\t\t\t\t\t\t<\/button>\n\t\t\t\t\t\t<svg\n\t class=\"tribe-common-c-svgicon tribe-common-c-svgicon--caret-down tribe-events-c-subscribe-dropdown__button-icon\" \taria-hidden=\"true\"\n\tviewBox=\"0 0 10 7\"\n\txmlns=\"http:\/\/www.w3.org\/2000\/svg\"\n>\n\t<path fill-rule=\"evenodd\" clip-rule=\"evenodd\" d=\"M1.008.609L5 4.6 8.992.61l.958.958L5 6.517.05 1.566l.958-.958z\" class=\"tribe-common-c-svgicon__svg-fill\"\/>\n<\/svg>\n\t\t\t\t\t<\/div>\n\t\t\t\t\t<div id=\"tribe-events-subscribe-dropdown-content\" class=\"tribe-events-c-subscribe-dropdown__content\">\n\t\t\t\t\t\t<ul class=\"tribe-events-c-subscribe-dropdown__list\">\n\t\t\t\t\t\t\t\t\t\t\t\t\t\t\t<li class=\"tribe-events-c-subscribe-dropdown__list-item tribe-events-c-subscribe-dropdown__list-item--gcal\">\n\t\t\t\t\t\t\t\t\t<a\n\t\t\t\t\t\t\t\t\t\thref=\"https:\/\/www.google.com\/calendar\/event?action=TEMPLATE&#038;dates=20260916T133000\/20260916T150000&#038;text=Conceptos%20b%C3%A1sicos%20sobre%20la%20defensa%20de%20causas%3A%20%C2%A1participa%21%20%28PDI%202026%29&#038;details=%3Cp%3EInvolucrar+a+los+defensores+en+las+iniciativas+de+defensa+locales+y+estatales%2C+definir+los+t%C3%A9rminos+relacionados+con+la+defensa%2C+compartir+oportunidades+para+participar+y+responder+a+tus+preguntas%3C%2Fp%3E+%3Cp%3EFecha%3A+16+de+septiembre+de+2026%3C%2Fp%3E+%3Cp%3EHora%3A+de+1%3A30+a+3+de+la+tarde%3C%2Fp%3E+%3Cp%3EDURACI%C3%93N%3A+1%2C5+horas%3C%2Fp%3E+%3Cp%3EPrecio%3A+10+d%C3%B3lares%3C%2Fp%3E+%3Cp%3E%26nbsp%3B%3C%2Fp%3E+%3Cp%3E%40P%C3%BAblico%3C%2Fp%3E+&#038;location=Virtual%20a%20trav\u00e9s%20de%20ZOOM&#038;trp=false&#038;ctz=America\/Los_Angeles&#038;sprop=website:https:\/\/childcareawarewa.org\/es-mx\/\"\n\t\t\t\t\t\t\t\t\t\tclass=\"tribe-events-c-subscribe-dropdown__list-item-link\"\n\t\t\t\t\t\t\t\t\t\ttarget=\"_blank\"\n\t\t\t\t\t\t\t\t\t\trel=\"noopener noreferrer nofollow noindex\"\n\t\t\t\t\t\t\t\t\t>\n\t\t\t\t\t\t\t\t\t\tGoogle Calendar\t\t\t\t\t\t\t\t\t<\/a>\n\t\t\t\t\t\t\t\t<\/li>\n\t\t\t\t\t\t\t\t\t\t\t\t\t\t\t<li class=\"tribe-events-c-subscribe-dropdown__list-item tribe-events-c-subscribe-dropdown__list-item--ical\">\n\t\t\t\t\t\t\t\t\t<a\n\t\t\t\t\t\t\t\t\t\thref=\"\"\n\t\t\t\t\t\t\t\t\t\tclass=\"tribe-events-c-subscribe-dropdown__list-item-link\"\n\t\t\t\t\t\t\t\t\t\ttarget=\"_blank\"\n\t\t\t\t\t\t\t\t\t\trel=\"noopener noreferrer nofollow noindex\"\n\t\t\t\t\t\t\t\t\t>\n\t\t\t\t\t\t\t\t\t\tiCalendar\t\t\t\t\t\t\t\t\t<\/a>\n\t\t\t\t\t\t\t\t<\/li>\n\t\t\t\t\t\t\t\t\t\t\t\t\t\t\t<li class=\"tribe-events-c-subscribe-dropdown__list-item tribe-events-c-subscribe-dropdown__list-item--outlook-365\">\n\t\t\t\t\t\t\t\t\t<a\n\t\t\t\t\t\t\t\t\t\thref=\"\"\n\t\t\t\t\t\t\t\t\t\tclass=\"tribe-events-c-subscribe-dropdown__list-item-link\"\n\t\t\t\t\t\t\t\t\t\ttarget=\"_blank\"\n\t\t\t\t\t\t\t\t\t\trel=\"noopener noreferrer nofollow noindex\"\n\t\t\t\t\t\t\t\t\t>\n\t\t\t\t\t\t\t\t\t\tOutlook 365\t\t\t\t\t\t\t\t\t<\/a>\n\t\t\t\t\t\t\t\t<\/li>\n\t\t\t\t\t\t\t\t\t\t\t\t\t\t\t<li class=\"tribe-events-c-subscribe-dropdown__list-item tribe-events-c-subscribe-dropdown__list-item--outlook-live\">\n\t\t\t\t\t\t\t\t\t<a\n\t\t\t\t\t\t\t\t\t\thref=\"\"\n\t\t\t\t\t\t\t\t\t\tclass=\"tribe-events-c-subscribe-dropdown__list-item-link\"\n\t\t\t\t\t\t\t\t\t\ttarget=\"_blank\"\n\t\t\t\t\t\t\t\t\t\trel=\"noopener noreferrer nofollow noindex\"\n\t\t\t\t\t\t\t\t\t>\n\t\t\t\t\t\t\t\t\t\tOutlook Live\t\t\t\t\t\t\t\t\t<\/a>\n\t\t\t\t\t\t\t\t<\/li>\n\t\t\t\t\t\t\t\t\t\t\t\t\t<\/ul>\n\t\t\t\t\t<\/div>\n\t\t\t\t<\/div>\n\t\t\t<\/div>\n\t\t<\/div>\n\t<\/div>\n\n<div  class=\"tribe-events-single-section tribe-events-event-meta primary tribe-clearfix\" >\n\t\n\t\n<div class=\"tribe-events-meta-group tribe-events-meta-group-details\">\n\t<h3 class=\"tribe-events-single-section-title\">\n\t\t\t\t\tDetalles\t\t\n\t<\/h3>\n\t<ul class=\"tribe-events-meta-list\">\n\n\t\t\n\t\t\t<li class=\"tribe-events-meta-item\">\n\t\t\t\t<span class=\"tribe-events-meta-label\">Fecha:<\/span>\n\t\t\t\t<span class=\"tribe-events-meta-value\">\n\t\t\t\t\t<abbr class=\"tribe-events-abbr tribe-events-start-date published dtstart\" title=\"2026-09-16\"> septiembre 16 <\/abbr>\n\t\t\t\t<\/span>\n\t\t\t<\/li>\n\n\t\t\t<li class=\"tribe-events-meta-item\">\n\t\t\t\t<span class=\"tribe-events-meta-label\">Hora:<\/span>\n\t\t\t\t<span class=\"tribe-events-meta-value\">\n\t\t\t\t\t<div class=\"tribe-events-abbr tribe-events-start-time published dtstart\" title=\"2026-09-16\">\n\t\t\t\t\t\t1:30 pm &#8211; 3:00 pm\t\t\t\t\t\t\t\t\t\t\t<\/div>\n\t\t\t\t<\/span>\n\t\t\t<\/li>\n\n\t\t\n\t\t\n\t\t\n\t\t<li class=\"tribe-events-meta-item\"><span class=\"tribe-events-event-categories-label tribe-events-meta-label\">Categor\u00eda del Evento:<\/span> <span class=\"tribe-events-event-categories tribe-events-meta-value\"><a href=\"https:\/\/childcareawarewa.org\/es-mx\/events\/category\/desarrollo-profesional\/\" rel=\"tag\">Desarrollo profesional<\/a><\/span><\/li>\n\t\t\n\t\t\n\t\t\t<li class=\"tribe-events-meta-item\">\n\t\t\t\t<span class=\"tribe-events-meta-label\">P\u00e1gina Web:<\/span>\n\t\t\t\t<span class=\"tribe-events-event-url tribe-events-meta-value\"> <a href=\"https:\/\/www.brightspark.org\/product-category\/summer-classes\/\" target=\"_self\" rel=\"external\">https:\/\/www.brightspark.org\/product-category\/summer-classes\/<\/a> <\/span>\n\t\t\t<\/li>\n\t\t\n\t\t\t<\/ul>\n<\/div>\n\t\n<div class=\"tribe-events-meta-group tribe-events-meta-group-organizer\">\n\t<h3 class=\"tribe-events-single-section-title\">\n\t\t\t\t\tOrganizador\t\t\t<\/h3>\n\t<ul class=\"tribe-events-meta-list tribe-events-meta-list-organizer\">\n\t\t\t\t\t<li class=\"tribe-events-meta-item\">\n\t\t\t\t<span class=\"tribe-organizer tribe-events-meta-value\">\n\t\t\t\t\t<a href=\"https:\/\/childcareawarewa.org\/es-mx\/organizador\/departamento-de-desarrollo-profesional\/\" title=\"Departamento de Desarrollo Profesional\" target=\"_self\" rel=\"\">Departamento de Desarrollo Profesional<\/a>\t\t\t\t<\/span>\n\t\t\t<\/li>\n\t\t\t\t\t\t\t<li class=\"tribe-events-meta-item\">\n\t\t\t\t\t<span class=\"tribe-organizer-email-label tribe-events-meta-label\">\n\t\t\t\t\t\tCorreo electr\u00f3nico\t\t\t\t\t<\/span>\n\t\t\t\t\t<span class=\"tribe-organizer-email tribe-events-meta-value\">\n\t\t\t\t\t\tp&#114;&#111;vi&#100;er&#064;c&#104;i&#108;d&#099;&#097;r&#101;.o&#114;g\t\t\t\t\t<\/span>\n\t\t\t\t<\/li>\n\t\t\t\t\t\t\t\t<li class=\"tribe-events-meta-item\">\n\t\t\t\t\t<span class=\"tribe-organizer-url-label tribe-events-meta-label\">\n\t\t\t\t\t\tWebsite\t\t\t\t\t<\/span>\n\t\t\t\t\t<span class=\"tribe-organizer-url tribe-events-meta-value\">\n\t\t\t\t\t\t<a href=\"https:\/\/www.childcare.org\/\" target=\"_blank\" rel=\"noopener noreferrer\">View Organizador Website<\/a>\t\t\t\t\t<\/span>\n\t\t\t\t<\/li>\n\t\t\t\t\t<\/ul>\n<\/div>\n\n\t<\/div>\n<div  class=\"tribe-block tribe-block__venue tribe-clearfix\" >\n\t\n\t\n<div class=\"tribe-block__venue__meta\">\n\t<div class=\"tribe-block__venue__name\">\n\t\t<h3><a href=\"https:\/\/childcareawarewa.org\/es-mx\/lugar\/virtual-a-traves-de-zoom\/\" title=\"Virtual a trav\u00e9s de ZOOM\">Virtual a trav\u00e9s de ZOOM<\/a><\/h3>\n\t<\/div>\n\n\t\n\t\t\t\n\t\t\n\t\t\t\t\t<span class=\"tribe-block__venue__website\"><a href=\"https:\/\/www.brightspark.org\/venue\/virtual-via-zoom\/\" target=\"_self\" rel=\"external\">View Lugar Website<\/a><\/span><br \/>\n\t\t\t\n\t<\/div>\n\t\n\t<\/div>\n<h2 class=\"tribe-block__related-events__title\">Related Events<\/h2>\n\n<ul  class=\"tribe-related-events tribe-clearfix\" >\n\t\t\t<li>\n\t\n<div class=\"tribe-related-events-thumbnail\">\n\t<a href=\"https:\/\/childcareawarewa.org\/es-mx\/event\/orientacion-conductual-como-guiar-el-comportamiento-de-los-ninos-a-traves-de-un-entorno-de-aprendizaje-temprano-receptivo-pdi-2026\/\" class=\"url\" rel=\"bookmark\" tabindex=\"-1\" aria-hidden=\"true\"><img decoding=\"async\" src=\"http:\/\/childcareawarewa.org\/wp-content\/plugins\/events-calendar-pro\/src\/resources\/images\/tribe-related-events-placeholder.png\" alt=\"Orientaci\u00f3n conductual: C\u00f3mo guiar el comportamiento de los ni\u00f1os a trav\u00e9s de un entorno de aprendizaje temprano receptivo (PDI 2026)\" \/><\/a>\n<\/div>\n\t<div class=\"tribe-related-event-info\">\n\t<h3 class=\"tribe-related-events-title\">\n\t\t<a href=\"https:\/\/childcareawarewa.org\/es-mx\/event\/orientacion-conductual-como-guiar-el-comportamiento-de-los-ninos-a-traves-de-un-entorno-de-aprendizaje-temprano-receptivo-pdi-2026\/\" class=\"tribe-event-url\" rel=\"bookmark\">\n\t\t\tOrientaci\u00f3n conductual: C\u00f3mo guiar el comportamiento de los ni\u00f1os a trav\u00e9s de un entorno de aprendizaje temprano receptivo (PDI 2026)\t\t<\/a>\n\t<\/h3>\n\t<span class=\"tribe-event-date-start\">septiembre 15 @ 1:00 pm<\/span> &#8211; <span class=\"tribe-event-time\">3:00 pm<\/span><\/div>\n<\/li>\n\t\t\t<li>\n\t\n<div class=\"tribe-related-events-thumbnail\">\n\t<a href=\"https:\/\/childcareawarewa.org\/es-mx\/event\/como-crear-una-comunidad-en-el-aula-pdi-2026\/\" class=\"url\" rel=\"bookmark\" tabindex=\"-1\" aria-hidden=\"true\"><img decoding=\"async\" src=\"http:\/\/childcareawarewa.org\/wp-content\/plugins\/events-calendar-pro\/src\/resources\/images\/tribe-related-events-placeholder.png\" alt=\"C\u00f3mo crear una comunidad en el aula (PDI 2026)\" \/><\/a>\n<\/div>\n\t<div class=\"tribe-related-event-info\">\n\t<h3 class=\"tribe-related-events-title\">\n\t\t<a href=\"https:\/\/childcareawarewa.org\/es-mx\/event\/como-crear-una-comunidad-en-el-aula-pdi-2026\/\" class=\"tribe-event-url\" rel=\"bookmark\">\n\t\t\tC\u00f3mo crear una comunidad en el aula (PDI 2026)\t\t<\/a>\n\t<\/h3>\n\t<span class=\"tribe-event-date-start\">septiembre 15 @ 5:30 pm<\/span> &#8211; <span class=\"tribe-event-time\">7:30 pm<\/span><\/div>\n<\/li>\n\t\t\t<li>\n\t\n<div class=\"tribe-related-events-thumbnail\">\n\t<a href=\"https:\/\/childcareawarewa.org\/es-mx\/event\/alumnos-multilingues-en-el-aula-en-somali-pdi-2026\/\" class=\"url\" rel=\"bookmark\" tabindex=\"-1\" aria-hidden=\"true\"><img decoding=\"async\" src=\"http:\/\/childcareawarewa.org\/wp-content\/plugins\/events-calendar-pro\/src\/resources\/images\/tribe-related-events-placeholder.png\" alt=\"Alumnos multiling\u00fces en el aula (en somal\u00ed) (PDI 2026)\" \/><\/a>\n<\/div>\n\t<div class=\"tribe-related-event-info\">\n\t<h3 class=\"tribe-related-events-title\">\n\t\t<a href=\"https:\/\/childcareawarewa.org\/es-mx\/event\/alumnos-multilingues-en-el-aula-en-somali-pdi-2026\/\" class=\"tribe-event-url\" rel=\"bookmark\">\n\t\t\tAlumnos multiling\u00fces en el aula (en somal\u00ed) (PDI 2026)\t\t<\/a>\n\t<\/h3>\n\t<span class=\"tribe-event-date-start\">septiembre 15 @ 6:00 pm<\/span> &#8211; <span class=\"tribe-event-time\">8:00 pm<\/span><\/div>\n<\/li>\n\t<\/ul>\n","protected":false},"excerpt":{"rendered":"<p>Involucrar a los defensores en las iniciativas de defensa locales y estatales, definir los t\u00e9rminos relacionados con la defensa, compartir oportunidades para participar y responder a tus preguntas Fecha: 16<\/p>\n","protected":false},"author":41,"featured_media":0,"template":"","meta":{"_acf_changed":false,"_tec_requires_first_save":false,"protect_children":false,"inline_featured_image":false,"_EventAllDay":false,"_EventTimezone":"America\/Los_Angeles","_EventStartDate":"2026-09-16 13:30:00","_EventEndDate":"2026-09-16 15:00:00","_EventStartDateUTC":"2026-09-16 20:30:00","_EventEndDateUTC":"2026-09-16 22:00:00","_EventShowMap":false,"_EventShowMapLink":false,"_EventURL":"https:\/\/www.brightspark.org\/product-category\/summer-classes\/","_EventCost":"","_EventCostDescription":"","_EventCurrencySymbol":"","_EventCurrencyCode":"","_EventCurrencyPosition":"","_EventDateTimeSeparator":"","_EventTimeRangeSeparator":"","_EventOrganizerID":[10909],"_EventVenueID":[10983],"_OrganizerEmail":"","_OrganizerPhone":"","_OrganizerWebsite":"","_VenueAddress":"","_VenueCity":"","_VenueCountry":"","_VenueProvince":"","_VenueState":"","_VenueZip":"","_VenuePhone":"","_VenueURL":"","_VenueStateProvince":"","_VenueLat":"","_VenueLng":"","_VenueShowMap":false,"_VenueShowMapLink":false,"_tribe_blocks_recurrence_rules":"","_tribe_blocks_recurrence_description":"","_tribe_blocks_recurrence_exclusions":"","_tribe_events_status":"","_tribe_events_status_reason":"","_tribe_events_is_hybrid":"","_tribe_events_is_virtual":"","_tribe_events_virtual_video_source":"","_tribe_events_virtual_embed_video":"","_tribe_events_virtual_linked_button_text":"","_tribe_events_virtual_linked_button":"","_tribe_events_virtual_show_embed_at":"","_tribe_events_virtual_show_embed_to":[],"_tribe_events_virtual_show_on_event":"","_tribe_events_virtual_show_on_views":"","_tribe_events_virtual_url":"","footnotes":""},"tags":[],"tribe_events_cat":[250],"class_list":["post-21922","tribe_events","type-tribe_events","status-publish","hentry","tribe_events_cat-desarrollo-profesional","cat_desarrollo-profesional"],"acf":[],"_links":{"self":[{"href":"https:\/\/childcareawarewa.org\/es-mx\/wp-json\/wp\/v2\/tribe_events\/21922","targetHints":{"allow":["GET"]}}],"collection":[{"href":"https:\/\/childcareawarewa.org\/es-mx\/wp-json\/wp\/v2\/tribe_events"}],"about":[{"href":"https:\/\/childcareawarewa.org\/es-mx\/wp-json\/wp\/v2\/types\/tribe_events"}],"author":[{"embeddable":true,"href":"https:\/\/childcareawarewa.org\/es-mx\/wp-json\/wp\/v2\/users\/41"}],"version-history":[{"count":2,"href":"https:\/\/childcareawarewa.org\/es-mx\/wp-json\/wp\/v2\/tribe_events\/21922\/revisions"}],"predecessor-version":[{"id":22459,"href":"https:\/\/childcareawarewa.org\/es-mx\/wp-json\/wp\/v2\/tribe_events\/21922\/revisions\/22459"}],"wp:attachment":[{"href":"https:\/\/childcareawarewa.org\/es-mx\/wp-json\/wp\/v2\/media?parent=21922"}],"wp:term":[{"taxonomy":"post_tag","embeddable":true,"href":"https:\/\/childcareawarewa.org\/es-mx\/wp-json\/wp\/v2\/tags?post=21922"},{"taxonomy":"tribe_events_cat","embeddable":true,"href":"https:\/\/childcareawarewa.org\/es-mx\/wp-json\/wp\/v2\/tribe_events_cat?post=21922"}],"curies":[{"name":"wp","href":"https:\/\/api.w.org\/{rel}","templated":true}]}},{"id":21923,"date":"2026-07-27T11:32:45","date_gmt":"2026-07-27T18:32:45","guid":{"rendered":"https:\/\/childcareawarewa.org\/event\/aire-sano-para-un-comienzo-saludable-aire-mas-limpio-para-los-ninos-en-las-guarderias-pdi-2026\/"},"modified":"2026-08-31T13:40:26","modified_gmt":"2026-08-31T20:40:26","slug":"aire-sano-para-un-comienzo-saludable-aire-mas-limpio-para-los-ninos-en-las-guarderias-pdi-2026","status":"publish","type":"tribe_events","link":"https:\/\/childcareawarewa.org\/es-mx\/event\/aire-sano-para-un-comienzo-saludable-aire-mas-limpio-para-los-ninos-en-las-guarderias-pdi-2026\/","title":{"rendered":"Aire sano para un comienzo saludable: aire m\u00e1s limpio para los ni\u00f1os en las guarder\u00edas (PDI 2026)"},"content":{"rendered":"<div  class=\"tribe-events-schedule tribe-clearfix\" >\n\t<p class=\"tribe-events-schedule__datetime\">\n\t\t<span class=\"tribe-events-schedule__date tribe-events-schedule__date--start\">\n\t\t\tseptiembre 16\t\t<\/span>\n\n\t\t\t\t\t<span class=\"tribe-events-schedule__separator tribe-events-schedule__separator--date\">\n\t\t\t\t @ \t\t\t<\/span>\n\t\t\t<span class=\"tribe-events-schedule__time tribe-events-schedule__time--start\">\n\t\t\t\t6:30 pm\t\t\t<\/span>\n\t\t\n\t\t\t\t\t\t\t\t\t<span class=\"tribe-events-schedule__separator tribe-events-schedule__separator--time\">\n\t\t\t\t\t &#8211; \t\t\t\t<\/span>\n\t\t\t\n\t\t\t\t\t\t\t<span class=\"tribe-events-schedule__time tribe-events-schedule__time--end\">\n\t\t\t\t\t8:00 pm\t\t\t\t<\/span>\n\t\t\t\n\t\t\t\t\t\t<\/p>\n<\/div>\n<p>Los ni\u00f1os de 0 a 5 a\u00f1os son especialmente vulnerables a la contaminaci\u00f3n atmosf\u00e9rica porque sus pulmones, su cerebro y su sistema inmunol\u00f3gico a\u00fan se est\u00e1n desarrollando. En esta sesi\u00f3n interactiva veremos c\u00f3mo la calidad del aire, tanto en el exterior como en el interior, influye en la salud, el aprendizaje y el bienestar diario de los ni\u00f1os. Los participantes aprender\u00e1n cu\u00e1les son las fuentes habituales de contaminaci\u00f3n atmosf\u00e9rica que afectan al condado de Pierce \u2014como las v\u00edas de tr\u00e1fico, las emisiones industriales, el humo de los incendios forestales, el ozono, el humo de la le\u00f1a y los contaminantes de interior\u2014 y descubrir\u00e1n estrategias pr\u00e1cticas y asequibles para reducir la exposici\u00f3n de los ni\u00f1os. La sesi\u00f3n hace hincapi\u00e9 en mejorar la calidad del aire interior, reducir la entrada de contaminantes del exterior, el mantenimiento de los edificios y las pr\u00e1cticas cotidianas que crean entornos m\u00e1s saludables para los ni\u00f1os, las familias y el personal.   <\/p>\n<p>Fecha: 16 de septiembre de 2026<\/p>\n<p>Hora: de 18:30 a 20:00<\/p>\n<p>DURACI\u00d3N: 1,5 horas<\/p>\n<p>Precio: 10 d\u00f3lares<\/p>\n<p>&nbsp;<\/p>\n<p>@P\u00fablico<\/p>\n\t<div  class=\"tribe-block tribe-block__events-link\" >\n\t\t<div class=\"tribe-events tribe-common\">\n\t\t\t<div class=\"tribe-events-c-subscribe-dropdown__container\">\n\t\t\t\t<div class=\"tribe-events-c-subscribe-dropdown\">\n\t\t\t\t\t<div class=\"tribe-common-c-btn-border tribe-events-c-subscribe-dropdown__button\">\n\t\t\t\t\t\t<svg\n\t class=\"tribe-common-c-svgicon tribe-common-c-svgicon--cal-export tribe-events-c-subscribe-dropdown__export-icon\" \taria-hidden=\"true\"\n\tviewBox=\"0 0 23 17\"\n\txmlns=\"http:\/\/www.w3.org\/2000\/svg\"\n>\n\t<path fill-rule=\"evenodd\" clip-rule=\"evenodd\" d=\"M.128.896V16.13c0 .211.145.383.323.383h15.354c.179 0 .323-.172.323-.383V.896c0-.212-.144-.383-.323-.383H.451C.273.513.128.684.128.896Zm16 6.742h-.901V4.679H1.009v10.729h14.218v-3.336h.901V7.638ZM1.01 1.614h14.218v2.058H1.009V1.614Z\" \/>\n\t<path d=\"M20.5 9.846H8.312M18.524 6.953l2.89 2.909-2.855 2.855\" stroke-width=\"1.2\" stroke-linecap=\"round\" stroke-linejoin=\"round\"\/>\n<\/svg>\n\t\t\t\t\t\t<button\n\t\t\t\t\t\t\tclass=\"tribe-events-c-subscribe-dropdown__button-text\"\n\t\t\t\t\t\t\taria-expanded=\"false\"\n\t\t\t\t\t\t\taria-controls=\"tribe-events-subscribe-dropdown-content\"\n\t\t\t\t\t\t\taria-label=\"View links to add events to your calendar\"\n\t\t\t\t\t\t>\n\t\t\t\t\t\t\tAgregar al calendario\t\t\t\t\t\t<\/button>\n\t\t\t\t\t\t<svg\n\t class=\"tribe-common-c-svgicon tribe-common-c-svgicon--caret-down tribe-events-c-subscribe-dropdown__button-icon\" \taria-hidden=\"true\"\n\tviewBox=\"0 0 10 7\"\n\txmlns=\"http:\/\/www.w3.org\/2000\/svg\"\n>\n\t<path fill-rule=\"evenodd\" clip-rule=\"evenodd\" d=\"M1.008.609L5 4.6 8.992.61l.958.958L5 6.517.05 1.566l.958-.958z\" class=\"tribe-common-c-svgicon__svg-fill\"\/>\n<\/svg>\n\t\t\t\t\t<\/div>\n\t\t\t\t\t<div id=\"tribe-events-subscribe-dropdown-content\" class=\"tribe-events-c-subscribe-dropdown__content\">\n\t\t\t\t\t\t<ul class=\"tribe-events-c-subscribe-dropdown__list\">\n\t\t\t\t\t\t\t\t\t\t\t\t\t\t\t<li class=\"tribe-events-c-subscribe-dropdown__list-item tribe-events-c-subscribe-dropdown__list-item--gcal\">\n\t\t\t\t\t\t\t\t\t<a\n\t\t\t\t\t\t\t\t\t\thref=\"https:\/\/www.google.com\/calendar\/event?action=TEMPLATE&#038;dates=20260916T183000\/20260916T200000&#038;text=Aire%20sano%20para%20un%20comienzo%20saludable%3A%20aire%20m%C3%A1s%20limpio%20para%20los%20ni%C3%B1os%20en%20las%20guarder%C3%ADas%20%28PDI%202026%29&#038;details=%3Cp%3ELos+ni%C3%B1os+de+0+a+5+a%C3%B1os+son+especialmente+vulnerables+a+la+contaminaci%C3%B3n+atmosf%C3%A9rica+porque+sus+pulmones%2C+su+cerebro+y+su+sistema+inmunol%C3%B3gico+a%C3%BAn+se+est%C3%A1n+desarrollando.+En+esta+sesi%C3%B3n+interactiva+veremos+c%C3%B3mo+la+calidad+del+aire%2C+tanto+en+el+exterior+como+en+el+interior%2C+influye+en+la+salud%2C+el+aprendizaje+y+el+bienestar+diario+de+los+ni%C3%B1os.+Los+participantes+aprender%C3%A1n+cu%C3%A1les+son+las+fuentes+habituales+de+contaminaci%C3%B3n+atmosf%C3%A9rica+que+afectan+al+condado+de+Pierce+%E2%80%94como+las+v%C3%ADas+de+tr%C3%A1fico%2C+las+emisiones+industriales%2C+el+humo+de+los+incendios+forestales%2C+el+ozono%2C+el+humo+de+la+le%C3%B1a+y+los+contaminantes+de+interior%E2%80%94+y+descubrir%C3%A1n+estrategias+pr%C3%A1cticas+y+asequibles+para+reducir+la+exposici%C3%B3n+de+los+ni%C3%B1os.+La+sesi%C3%B3n+hace+hincapi%C3%A9+en+mejorar+la+calidad+del+aire+interior%2C+reducir+la+entrada+de+contaminantes+del+exterior%2C+el+mantenimiento+de+los+edificios+y+las+pr%C3%A1cticas+cotidianas+que+crean+entornos+m%C3%A1s+saludables+para+los+ni%C3%B1os%2C+las+familias+y+el+pers%3C%2Fp%3E+%28View+Full+evento+Description+Here%3A+https%3A%2F%2Fchildcareawarewa.org%2Fes-mx%2Fevent%2Faire-sano-para-un-comienzo-saludable-aire-mas-limpio-para-los-ninos-en-las-guarderias-pdi-2026%2F%29&#038;location=Virtual%20a%20trav\u00e9s%20de%20ZOOM&#038;trp=false&#038;ctz=America\/Los_Angeles&#038;sprop=website:https:\/\/childcareawarewa.org\/es-mx\/\"\n\t\t\t\t\t\t\t\t\t\tclass=\"tribe-events-c-subscribe-dropdown__list-item-link\"\n\t\t\t\t\t\t\t\t\t\ttarget=\"_blank\"\n\t\t\t\t\t\t\t\t\t\trel=\"noopener noreferrer nofollow noindex\"\n\t\t\t\t\t\t\t\t\t>\n\t\t\t\t\t\t\t\t\t\tGoogle Calendar\t\t\t\t\t\t\t\t\t<\/a>\n\t\t\t\t\t\t\t\t<\/li>\n\t\t\t\t\t\t\t\t\t\t\t\t\t\t\t<li class=\"tribe-events-c-subscribe-dropdown__list-item tribe-events-c-subscribe-dropdown__list-item--ical\">\n\t\t\t\t\t\t\t\t\t<a\n\t\t\t\t\t\t\t\t\t\thref=\"\"\n\t\t\t\t\t\t\t\t\t\tclass=\"tribe-events-c-subscribe-dropdown__list-item-link\"\n\t\t\t\t\t\t\t\t\t\ttarget=\"_blank\"\n\t\t\t\t\t\t\t\t\t\trel=\"noopener noreferrer nofollow noindex\"\n\t\t\t\t\t\t\t\t\t>\n\t\t\t\t\t\t\t\t\t\tiCalendar\t\t\t\t\t\t\t\t\t<\/a>\n\t\t\t\t\t\t\t\t<\/li>\n\t\t\t\t\t\t\t\t\t\t\t\t\t\t\t<li class=\"tribe-events-c-subscribe-dropdown__list-item tribe-events-c-subscribe-dropdown__list-item--outlook-365\">\n\t\t\t\t\t\t\t\t\t<a\n\t\t\t\t\t\t\t\t\t\thref=\"\"\n\t\t\t\t\t\t\t\t\t\tclass=\"tribe-events-c-subscribe-dropdown__list-item-link\"\n\t\t\t\t\t\t\t\t\t\ttarget=\"_blank\"\n\t\t\t\t\t\t\t\t\t\trel=\"noopener noreferrer nofollow noindex\"\n\t\t\t\t\t\t\t\t\t>\n\t\t\t\t\t\t\t\t\t\tOutlook 365\t\t\t\t\t\t\t\t\t<\/a>\n\t\t\t\t\t\t\t\t<\/li>\n\t\t\t\t\t\t\t\t\t\t\t\t\t\t\t<li class=\"tribe-events-c-subscribe-dropdown__list-item tribe-events-c-subscribe-dropdown__list-item--outlook-live\">\n\t\t\t\t\t\t\t\t\t<a\n\t\t\t\t\t\t\t\t\t\thref=\"\"\n\t\t\t\t\t\t\t\t\t\tclass=\"tribe-events-c-subscribe-dropdown__list-item-link\"\n\t\t\t\t\t\t\t\t\t\ttarget=\"_blank\"\n\t\t\t\t\t\t\t\t\t\trel=\"noopener noreferrer nofollow noindex\"\n\t\t\t\t\t\t\t\t\t>\n\t\t\t\t\t\t\t\t\t\tOutlook Live\t\t\t\t\t\t\t\t\t<\/a>\n\t\t\t\t\t\t\t\t<\/li>\n\t\t\t\t\t\t\t\t\t\t\t\t\t<\/ul>\n\t\t\t\t\t<\/div>\n\t\t\t\t<\/div>\n\t\t\t<\/div>\n\t\t<\/div>\n\t<\/div>\n\n<div  class=\"tribe-events-single-section tribe-events-event-meta primary tribe-clearfix\" >\n\t\n\t\n<div class=\"tribe-events-meta-group tribe-events-meta-group-details\">\n\t<h3 class=\"tribe-events-single-section-title\">\n\t\t\t\t\tDetalles\t\t\n\t<\/h3>\n\t<ul class=\"tribe-events-meta-list\">\n\n\t\t\n\t\t\t<li class=\"tribe-events-meta-item\">\n\t\t\t\t<span class=\"tribe-events-meta-label\">Fecha:<\/span>\n\t\t\t\t<span class=\"tribe-events-meta-value\">\n\t\t\t\t\t<abbr class=\"tribe-events-abbr tribe-events-start-date published dtstart\" title=\"2026-09-16\"> septiembre 16 <\/abbr>\n\t\t\t\t<\/span>\n\t\t\t<\/li>\n\n\t\t\t<li class=\"tribe-events-meta-item\">\n\t\t\t\t<span class=\"tribe-events-meta-label\">Hora:<\/span>\n\t\t\t\t<span class=\"tribe-events-meta-value\">\n\t\t\t\t\t<div class=\"tribe-events-abbr tribe-events-start-time published dtstart\" title=\"2026-09-16\">\n\t\t\t\t\t\t6:30 pm &#8211; 8:00 pm\t\t\t\t\t\t\t\t\t\t\t<\/div>\n\t\t\t\t<\/span>\n\t\t\t<\/li>\n\n\t\t\n\t\t\n\t\t\n\t\t<li class=\"tribe-events-meta-item\"><span class=\"tribe-events-event-categories-label tribe-events-meta-label\">Categor\u00eda del Evento:<\/span> <span class=\"tribe-events-event-categories tribe-events-meta-value\"><a href=\"https:\/\/childcareawarewa.org\/es-mx\/events\/category\/desarrollo-profesional\/\" rel=\"tag\">Desarrollo profesional<\/a><\/span><\/li>\n\t\t\n\t\t\n\t\t\t<li class=\"tribe-events-meta-item\">\n\t\t\t\t<span class=\"tribe-events-meta-label\">P\u00e1gina Web:<\/span>\n\t\t\t\t<span class=\"tribe-events-event-url tribe-events-meta-value\"> <a href=\"https:\/\/www.brightspark.org\/product-category\/summer-classes\/\" target=\"_self\" rel=\"external\">https:\/\/www.brightspark.org\/product-category\/summer-classes\/<\/a> <\/span>\n\t\t\t<\/li>\n\t\t\n\t\t\t<\/ul>\n<\/div>\n\t\n<div class=\"tribe-events-meta-group tribe-events-meta-group-organizer\">\n\t<h3 class=\"tribe-events-single-section-title\">\n\t\t\t\t\tOrganizador\t\t\t<\/h3>\n\t<ul class=\"tribe-events-meta-list tribe-events-meta-list-organizer\">\n\t\t\t\t\t<li class=\"tribe-events-meta-item\">\n\t\t\t\t<span class=\"tribe-organizer tribe-events-meta-value\">\n\t\t\t\t\t<a href=\"https:\/\/childcareawarewa.org\/es-mx\/organizador\/departamento-de-desarrollo-profesional\/\" title=\"Departamento de Desarrollo Profesional\" target=\"_self\" rel=\"\">Departamento de Desarrollo Profesional<\/a>\t\t\t\t<\/span>\n\t\t\t<\/li>\n\t\t\t\t\t\t\t<li class=\"tribe-events-meta-item\">\n\t\t\t\t\t<span class=\"tribe-organizer-email-label tribe-events-meta-label\">\n\t\t\t\t\t\tCorreo electr\u00f3nico\t\t\t\t\t<\/span>\n\t\t\t\t\t<span class=\"tribe-organizer-email tribe-events-meta-value\">\n\t\t\t\t\t\tp&#114;ov&#105;d&#101;&#114;&#064;c&#104;ildc&#097;&#114;e&#046;&#111;&#114;&#103;\t\t\t\t\t<\/span>\n\t\t\t\t<\/li>\n\t\t\t\t\t\t\t\t<li class=\"tribe-events-meta-item\">\n\t\t\t\t\t<span class=\"tribe-organizer-url-label tribe-events-meta-label\">\n\t\t\t\t\t\tWebsite\t\t\t\t\t<\/span>\n\t\t\t\t\t<span class=\"tribe-organizer-url tribe-events-meta-value\">\n\t\t\t\t\t\t<a href=\"https:\/\/www.childcare.org\/\" target=\"_blank\" rel=\"noopener noreferrer\">View Organizador Website<\/a>\t\t\t\t\t<\/span>\n\t\t\t\t<\/li>\n\t\t\t\t\t<\/ul>\n<\/div>\n\n\t<\/div>\n<div  class=\"tribe-block tribe-block__venue tribe-clearfix\" >\n\t\n\t\n<div class=\"tribe-block__venue__meta\">\n\t<div class=\"tribe-block__venue__name\">\n\t\t<h3><a href=\"https:\/\/childcareawarewa.org\/es-mx\/lugar\/virtual-a-traves-de-zoom\/\" title=\"Virtual a trav\u00e9s de ZOOM\">Virtual a trav\u00e9s de ZOOM<\/a><\/h3>\n\t<\/div>\n\n\t\n\t\t\t\n\t\t\n\t\t\t\t\t<span class=\"tribe-block__venue__website\"><a href=\"https:\/\/www.brightspark.org\/venue\/virtual-via-zoom\/\" target=\"_self\" rel=\"external\">View Lugar Website<\/a><\/span><br \/>\n\t\t\t\n\t<\/div>\n\t\n\t<\/div>\n<h2 class=\"tribe-block__related-events__title\">Related Events<\/h2>\n\n<ul  class=\"tribe-related-events tribe-clearfix\" >\n\t\t\t<li>\n\t\n<div class=\"tribe-related-events-thumbnail\">\n\t<a href=\"https:\/\/childcareawarewa.org\/es-mx\/event\/orientacion-conductual-como-guiar-el-comportamiento-de-los-ninos-a-traves-de-un-entorno-de-aprendizaje-temprano-receptivo-pdi-2026\/\" class=\"url\" rel=\"bookmark\" tabindex=\"-1\" aria-hidden=\"true\"><img decoding=\"async\" src=\"http:\/\/childcareawarewa.org\/wp-content\/plugins\/events-calendar-pro\/src\/resources\/images\/tribe-related-events-placeholder.png\" alt=\"Orientaci\u00f3n conductual: C\u00f3mo guiar el comportamiento de los ni\u00f1os a trav\u00e9s de un entorno de aprendizaje temprano receptivo (PDI 2026)\" \/><\/a>\n<\/div>\n\t<div class=\"tribe-related-event-info\">\n\t<h3 class=\"tribe-related-events-title\">\n\t\t<a href=\"https:\/\/childcareawarewa.org\/es-mx\/event\/orientacion-conductual-como-guiar-el-comportamiento-de-los-ninos-a-traves-de-un-entorno-de-aprendizaje-temprano-receptivo-pdi-2026\/\" class=\"tribe-event-url\" rel=\"bookmark\">\n\t\t\tOrientaci\u00f3n conductual: C\u00f3mo guiar el comportamiento de los ni\u00f1os a trav\u00e9s de un entorno de aprendizaje temprano receptivo (PDI 2026)\t\t<\/a>\n\t<\/h3>\n\t<span class=\"tribe-event-date-start\">septiembre 15 @ 1:00 pm<\/span> &#8211; <span class=\"tribe-event-time\">3:00 pm<\/span><\/div>\n<\/li>\n\t\t\t<li>\n\t\n<div class=\"tribe-related-events-thumbnail\">\n\t<a href=\"https:\/\/childcareawarewa.org\/es-mx\/event\/como-crear-una-comunidad-en-el-aula-pdi-2026\/\" class=\"url\" rel=\"bookmark\" tabindex=\"-1\" aria-hidden=\"true\"><img decoding=\"async\" src=\"http:\/\/childcareawarewa.org\/wp-content\/plugins\/events-calendar-pro\/src\/resources\/images\/tribe-related-events-placeholder.png\" alt=\"C\u00f3mo crear una comunidad en el aula (PDI 2026)\" \/><\/a>\n<\/div>\n\t<div class=\"tribe-related-event-info\">\n\t<h3 class=\"tribe-related-events-title\">\n\t\t<a href=\"https:\/\/childcareawarewa.org\/es-mx\/event\/como-crear-una-comunidad-en-el-aula-pdi-2026\/\" class=\"tribe-event-url\" rel=\"bookmark\">\n\t\t\tC\u00f3mo crear una comunidad en el aula (PDI 2026)\t\t<\/a>\n\t<\/h3>\n\t<span class=\"tribe-event-date-start\">septiembre 15 @ 5:30 pm<\/span> &#8211; <span class=\"tribe-event-time\">7:30 pm<\/span><\/div>\n<\/li>\n\t\t\t<li>\n\t\n<div class=\"tribe-related-events-thumbnail\">\n\t<a href=\"https:\/\/childcareawarewa.org\/es-mx\/event\/alumnos-multilingues-en-el-aula-en-somali-pdi-2026\/\" class=\"url\" rel=\"bookmark\" tabindex=\"-1\" aria-hidden=\"true\"><img decoding=\"async\" src=\"http:\/\/childcareawarewa.org\/wp-content\/plugins\/events-calendar-pro\/src\/resources\/images\/tribe-related-events-placeholder.png\" alt=\"Alumnos multiling\u00fces en el aula (en somal\u00ed) (PDI 2026)\" \/><\/a>\n<\/div>\n\t<div class=\"tribe-related-event-info\">\n\t<h3 class=\"tribe-related-events-title\">\n\t\t<a href=\"https:\/\/childcareawarewa.org\/es-mx\/event\/alumnos-multilingues-en-el-aula-en-somali-pdi-2026\/\" class=\"tribe-event-url\" rel=\"bookmark\">\n\t\t\tAlumnos multiling\u00fces en el aula (en somal\u00ed) (PDI 2026)\t\t<\/a>\n\t<\/h3>\n\t<span class=\"tribe-event-date-start\">septiembre 15 @ 6:00 pm<\/span> &#8211; <span class=\"tribe-event-time\">8:00 pm<\/span><\/div>\n<\/li>\n\t<\/ul>\n","protected":false},"excerpt":{"rendered":"<p>Los ni\u00f1os de 0 a 5 a\u00f1os son especialmente vulnerables a la contaminaci\u00f3n atmosf\u00e9rica porque sus pulmones, su cerebro y su sistema inmunol\u00f3gico a\u00fan se est\u00e1n desarrollando. En esta sesi\u00f3n<\/p>\n","protected":false},"author":41,"featured_media":0,"template":"","meta":{"_acf_changed":false,"_tec_requires_first_save":false,"protect_children":false,"inline_featured_image":false,"_EventAllDay":false,"_EventTimezone":"America\/Los_Angeles","_EventStartDate":"2026-09-16 18:30:00","_EventEndDate":"2026-09-16 20:00:00","_EventStartDateUTC":"2026-09-17 01:30:00","_EventEndDateUTC":"2026-09-17 03:00:00","_EventShowMap":false,"_EventShowMapLink":false,"_EventURL":"https:\/\/www.brightspark.org\/product-category\/summer-classes\/","_EventCost":"","_EventCostDescription":"","_EventCurrencySymbol":"","_EventCurrencyCode":"","_EventCurrencyPosition":"","_EventDateTimeSeparator":"","_EventTimeRangeSeparator":"","_EventOrganizerID":[10909],"_EventVenueID":[10983],"_OrganizerEmail":"","_OrganizerPhone":"","_OrganizerWebsite":"","_VenueAddress":"","_VenueCity":"","_VenueCountry":"","_VenueProvince":"","_VenueState":"","_VenueZip":"","_VenuePhone":"","_VenueURL":"","_VenueStateProvince":"","_VenueLat":"","_VenueLng":"","_VenueShowMap":false,"_VenueShowMapLink":false,"_tribe_blocks_recurrence_rules":"","_tribe_blocks_recurrence_description":"","_tribe_blocks_recurrence_exclusions":"","_tribe_events_status":"","_tribe_events_status_reason":"","_tribe_events_is_hybrid":"","_tribe_events_is_virtual":"","_tribe_events_virtual_video_source":"","_tribe_events_virtual_embed_video":"","_tribe_events_virtual_linked_button_text":"","_tribe_events_virtual_linked_button":"","_tribe_events_virtual_show_embed_at":"","_tribe_events_virtual_show_embed_to":[],"_tribe_events_virtual_show_on_event":"","_tribe_events_virtual_show_on_views":"","_tribe_events_virtual_url":"","footnotes":""},"tags":[],"tribe_events_cat":[250],"class_list":["post-21923","tribe_events","type-tribe_events","status-publish","hentry","tribe_events_cat-desarrollo-profesional","cat_desarrollo-profesional"],"acf":[],"_links":{"self":[{"href":"https:\/\/childcareawarewa.org\/es-mx\/wp-json\/wp\/v2\/tribe_events\/21923","targetHints":{"allow":["GET"]}}],"collection":[{"href":"https:\/\/childcareawarewa.org\/es-mx\/wp-json\/wp\/v2\/tribe_events"}],"about":[{"href":"https:\/\/childcareawarewa.org\/es-mx\/wp-json\/wp\/v2\/types\/tribe_events"}],"author":[{"embeddable":true,"href":"https:\/\/childcareawarewa.org\/es-mx\/wp-json\/wp\/v2\/users\/41"}],"version-history":[{"count":2,"href":"https:\/\/childcareawarewa.org\/es-mx\/wp-json\/wp\/v2\/tribe_events\/21923\/revisions"}],"predecessor-version":[{"id":22623,"href":"https:\/\/childcareawarewa.org\/es-mx\/wp-json\/wp\/v2\/tribe_events\/21923\/revisions\/22623"}],"wp:attachment":[{"href":"https:\/\/childcareawarewa.org\/es-mx\/wp-json\/wp\/v2\/media?parent=21923"}],"wp:term":[{"taxonomy":"post_tag","embeddable":true,"href":"https:\/\/childcareawarewa.org\/es-mx\/wp-json\/wp\/v2\/tags?post=21923"},{"taxonomy":"tribe_events_cat","embeddable":true,"href":"https:\/\/childcareawarewa.org\/es-mx\/wp-json\/wp\/v2\/tribe_events_cat?post=21923"}],"curies":[{"name":"wp","href":"https:\/\/api.w.org\/{rel}","templated":true}]}}]